{"id":1086,"date":"2026-04-05T07:27:29","date_gmt":"2026-04-05T07:27:29","guid":{"rendered":"https:\/\/41439815.servicio-online.net\/?post_type=project&#038;p=1086"},"modified":"2026-04-27T13:38:58","modified_gmt":"2026-04-27T13:38:58","slug":"mallorca","status":"publish","type":"project","link":"https:\/\/theroamingstones.com\/?project=mallorca","title":{"rendered":"MALLORCA"},"content":{"rendered":"<p>[et_pb_section fb_built=\u00bb1&#8243; fullwidth=\u00bbon\u00bb _builder_version=\u00bb4.27.5&#8243; _module_preset=\u00bbdefault\u00bb global_colors_info=\u00bb{}\u00bb][et_pb_fullwidth_image title_text=\u00bbdj-nick-otronic-jJT1cnE4SZ8-unsplash-scaled\u00bb _builder_version=\u00bb4.27.5&#8243; _module_preset=\u00bbdefault\u00bb background_image=\u00bbhttps:\/\/theroamingstones.com\/wp-content\/uploads\/2026\/04\/dj-nick-otronic-jJT1cnE4SZ8-unsplash-scaled-1.jpg\u00bb min_height=\u00bb400px\u00bb max_height=\u00bb600px\u00bb global_colors_info=\u00bb{}\u00bb][\/et_pb_fullwidth_image][\/et_pb_section][et_pb_section fb_built=\u00bb1&#8243; _builder_version=\u00bb4.27.5&#8243; _module_preset=\u00bbdefault\u00bb background_color=\u00bbgcid-d8ca1ce7-c6ba-4f27-bc49-6a75c32f2b20&#8243; background_enable_image=\u00bboff\u00bb parallax=\u00bbon\u00bb custom_margin=\u00bb0px||||false|false\u00bb custom_padding=\u00bb10px||10px||true|false\u00bb bottom_divider_height=\u00bb30px\u00bb locked=\u00bboff\u00bb global_colors_info=\u00bb{%22gcid-d8ca1ce7-c6ba-4f27-bc49-6a75c32f2b20%22:%91%22background_color%22%93}\u00bb][et_pb_row column_structure=\u00bb1_2,1_2&#8243; use_custom_gutter=\u00bbon\u00bb gutter_width=\u00bb2&#8243; make_equal=\u00bbon\u00bb _builder_version=\u00bb4.27.5&#8243; _module_preset=\u00bbdefault\u00bb width=\u00bb100%\u00bb max_width=\u00bb100%\u00bb custom_padding=\u00bb1.5%|4%|1.5%|4%|true|true\u00bb global_colors_info=\u00bb{}\u00bb][et_pb_column type=\u00bb1_2&#8243; _builder_version=\u00bb4.27.5&#8243; _module_preset=\u00bbdefault\u00bb global_colors_info=\u00bb{}\u00bb][et_pb_post_title meta=\u00bboff\u00bb featured_image=\u00bboff\u00bb _builder_version=\u00bb4.27.5&#8243; _module_preset=\u00bbdefault\u00bb title_font=\u00bb||||||||\u00bb title_text_align=\u00bbcenter\u00bb title_text_color=\u00bbgcid-primary-color\u00bb title_font_size=\u00bb100px\u00bb text_orientation=\u00bbcenter\u00bb locked=\u00bboff\u00bb global_colors_info=\u00bb{%22gcid-primary-color%22:%91%22title_text_color%22,%22title_text_color%22,%22title_text_color%22%93}\u00bb title_font_size_tablet=\u00bb70px\u00bb title_font_size_phone=\u00bb50px\u00bb title_font_size_last_edited=\u00bbon|phone\u00bb][\/et_pb_post_title][\/et_pb_column][et_pb_column type=\u00bb1_2&#8243; _builder_version=\u00bb4.27.5&#8243; _module_preset=\u00bbdefault\u00bb global_colors_info=\u00bb{}\u00bb][et_pb_text _builder_version=\u00bb4.27.5&#8243; _module_preset=\u00bbdefault\u00bb text_font=\u00bbppwoodland|600|||||||\u00bb text_text_color=\u00bbgcid-primary-color\u00bb text_font_size=\u00bb20px\u00bb global_colors_info=\u00bb{%22gcid-primary-color%22:%91%22text_text_color%22%93}\u00bb]<\/p>\n<p><span>The Roaming Stones have been summering in Mallorca for 20 years. From the majestic Tramuntana mountain range, to the stunning coves and olive groves, not to mention the latest design hotspot of Palma, this island is truly special and has so much to offer. Mallorca takes a little time and focus to figure out and enjoy, but once you understand the workings of this island of contrasts, you will discover the magic of Mallorca.<\/span><\/p>\n<p>[\/et_pb_text][et_pb_button button_url=\u00bbhttps:\/\/www.google.com\/maps\/@\/data=!3m1!4b1!4m3!11m2!2s5YpifdKuccGqXNUFwq30tgLelDVOsg!3e3?entry=tts&#038;g_ep=EgoyMDI1MDQyNy4xKgBIAVAD&#038;skid=345a1adf-4651-4682-a3a7-43affe62bee7&#8243; url_new_window=\u00bbon\u00bb button_text=\u00bbView Roaming Stones Map\u00bb button_alignment=\u00bbleft\u00bb _builder_version=\u00bb4.27.5&#8243; _module_preset=\u00bbdefault\u00bb custom_button=\u00bbon\u00bb button_text_size=\u00bb16px\u00bb button_font=\u00bb|700|||||||\u00bb button_use_icon=\u00bboff\u00bb locked=\u00bboff\u00bb global_colors_info=\u00bb{%22gcid-primary-color%22:%91%22button_bg_color__hover%22,%22button_bg_color__hover%22%93}\u00bb button_bg_color__hover_enabled=\u00bbon|hover\u00bb button_bg_color__hover=\u00bb#1c2d59&#8243; button_bg_enable_color__hover=\u00bbon\u00bb button_text_color__hover_enabled=\u00bbon|hover\u00bb button_text_color__hover=\u00bb#FFFFFF\u00bb][\/et_pb_button][\/et_pb_column][\/et_pb_row][\/et_pb_section][et_pb_section fb_built=\u00bb1&#8243; disabled_on=\u00bbon|off|off\u00bb _builder_version=\u00bb4.27.5&#8243; _module_preset=\u00bbdefault\u00bb background_enable_color=\u00bboff\u00bb custom_padding=\u00bb||0px|||\u00bb locked=\u00bboff\u00bb global_colors_info=\u00bb{}\u00bb][et_pb_row use_custom_gutter=\u00bbon\u00bb gutter_width=\u00bb1&#8243; make_equal=\u00bbon\u00bb disabled_on=\u00bbon|on|off\u00bb _builder_version=\u00bb4.27.5&#8243; _module_preset=\u00bbdefault\u00bb background_color=\u00bbrgba(255,255,255,0.9)\u00bb width=\u00bb100%\u00bb max_width=\u00bb100%\u00bb custom_padding=\u00bb0px|10%|0px|10%|true|true\u00bb global_colors_info=\u00bb{}\u00bb][et_pb_column type=\u00bb4_4&#8243; _builder_version=\u00bb4.27.5&#8243; _module_preset=\u00bbdefault\u00bb custom_css_main_element=\u00bbdisplay: grid;||grid-template-columns: repeat(7, 1fr);||gap: 20px;||\u00bb custom_css_free_form=\u00bb@media (max-width: 980px) {|| grid-template-columns: repeat(4, 1fr);||}||@media (max-width: 767px) {|| grid-template-columns: repeat(2, 1fr);||}\u00bb global_colors_info=\u00bb{}\u00bb][et_pb_image src=\u00bbhttps:\/\/theroamingstones.com\/wp-content\/uploads\/2026\/02\/logo_stay.png\u00bb title_text=\u00bblogo_stay\u00bb url=\u00bb#stay\u00bb align=\u00bbcenter\u00bb _builder_version=\u00bb4.27.5&#8243; _module_preset=\u00bbdefault\u00bb height=\u00bb100px\u00bb global_colors_info=\u00bb{}\u00bb filter_saturate__hover_enabled=\u00bbon|desktop\u00bb filter_saturate__hover=\u00bb100%\u00bb filter_brightness__hover_enabled=\u00bbon|desktop\u00bb filter_opacity__hover_enabled=\u00bbon|hover\u00bb filter_opacity__hover=\u00bb70%\u00bb][\/et_pb_image][et_pb_image src=\u00bbhttps:\/\/theroamingstones.com\/wp-content\/uploads\/2026\/02\/logo_eat.png\u00bb title_text=\u00bblogo_eat\u00bb url=\u00bb#eat\u00bb align=\u00bbcenter\u00bb _builder_version=\u00bb4.27.5&#8243; _module_preset=\u00bbdefault\u00bb height=\u00bb100px\u00bb global_colors_info=\u00bb{}\u00bb filter_opacity__hover=\u00bb70%\u00bb filter_opacity__hover_enabled=\u00bbon|hover\u00bb][\/et_pb_image][et_pb_image src=\u00bbhttps:\/\/theroamingstones.com\/wp-content\/uploads\/2026\/02\/logo_adventure.png\u00bb title_text=\u00bblogo_adventure\u00bb url=\u00bb#outdoor\u00bb align=\u00bbcenter\u00bb _builder_version=\u00bb4.27.5&#8243; _module_preset=\u00bbdefault\u00bb height=\u00bb100px\u00bb global_colors_info=\u00bb{}\u00bb filter_opacity__hover=\u00bb70%\u00bb filter_opacity__hover_enabled=\u00bbon|hover\u00bb][\/et_pb_image][et_pb_image src=\u00bbhttps:\/\/theroamingstones.com\/wp-content\/uploads\/2026\/02\/logo_sip.png\u00bb title_text=\u00bblogo_sip\u00bb url=\u00bb#sip\u00bb align=\u00bbcenter\u00bb _builder_version=\u00bb4.27.5&#8243; _module_preset=\u00bbdefault\u00bb height=\u00bb100px\u00bb global_colors_info=\u00bb{}\u00bb filter_opacity__hover=\u00bb70%\u00bb filter_opacity__hover_enabled=\u00bbon|hover\u00bb][\/et_pb_image][et_pb_image src=\u00bbhttps:\/\/theroamingstones.com\/wp-content\/uploads\/2026\/02\/logo_cultural.png\u00bb title_text=\u00bblogo_cultural\u00bb url=\u00bb#cultural\u00bb align=\u00bbcenter\u00bb _builder_version=\u00bb4.27.5&#8243; _module_preset=\u00bbdefault\u00bb height=\u00bb100px\u00bb global_colors_info=\u00bb{}\u00bb filter_opacity__hover=\u00bb70%\u00bb filter_opacity__hover_enabled=\u00bbon|hover\u00bb][\/et_pb_image][et_pb_image src=\u00bbhttps:\/\/theroamingstones.com\/wp-content\/uploads\/2026\/02\/logo_urban.png\u00bb title_text=\u00bblogo_urban\u00bb url=\u00bb#urban\u00bb align=\u00bbcenter\u00bb _builder_version=\u00bb4.27.5&#8243; _module_preset=\u00bbdefault\u00bb height=\u00bb100px\u00bb global_colors_info=\u00bb{}\u00bb filter_opacity__hover=\u00bb70%\u00bb filter_opacity__hover_enabled=\u00bbon|hover\u00bb][\/et_pb_image][et_pb_image src=\u00bbhttps:\/\/theroamingstones.com\/wp-content\/uploads\/2026\/02\/logo_impact.png\u00bb title_text=\u00bblogo_impact\u00bb url=\u00bb#impact\u00bb align=\u00bbcenter\u00bb _builder_version=\u00bb4.27.5&#8243; _module_preset=\u00bbdefault\u00bb height=\u00bb100px\u00bb global_colors_info=\u00bb{}\u00bb filter_opacity__hover=\u00bb70%\u00bb filter_opacity__hover_enabled=\u00bbon|hover\u00bb][\/et_pb_image][\/et_pb_column][\/et_pb_row][et_pb_row use_custom_gutter=\u00bbon\u00bb gutter_width=\u00bb1&#8243; make_equal=\u00bbon\u00bb disabled_on=\u00bbon|on|off\u00bb _builder_version=\u00bb4.27.5&#8243; _module_preset=\u00bbdefault\u00bb background_color=\u00bbrgba(255,255,255,0.95)\u00bb z_index=\u00bb500&#8243; width=\u00bb100%\u00bb max_width=\u00bb100%\u00bb custom_padding=\u00bb20px|10%|20px|10%|true|true\u00bb sticky_position=\u00bbtop\u00bb global_colors_info=\u00bb{}\u00bb][et_pb_column type=\u00bb4_4&#8243; _builder_version=\u00bb4.27.5&#8243; _module_preset=\u00bbdefault\u00bb custom_css_main_element=\u00bbdisplay: grid;||grid-template-columns: repeat(7, 1fr);||gap: 20px;||\u00bb custom_css_free_form=\u00bb@media (max-width: 980px) {|| grid-template-columns: repeat(4, 1fr);||}||@media (max-width: 767px) {|| grid-template-columns: repeat(2, 1fr);||}\u00bb global_colors_info=\u00bb{}\u00bb][et_pb_text _builder_version=\u00bb4.27.5&#8243; _module_preset=\u00bbdefault\u00bb header_font=\u00bbppwoodland||||||||\u00bb header_3_font=\u00bbppwoodland|800|||||||\u00bb header_3_text_color=\u00bbgcid-primary-color\u00bb header_3_font_size=\u00bb20px\u00bb link_option_url=\u00bb#stay\u00bb global_colors_info=\u00bb{%22gcid-primary-color%22:%91%22header_3_text_color%22%93}\u00bb header_3_text_color__hover_enabled=\u00bbon|hover\u00bb header_3_text_color__hover=\u00bbrgba(28,45,89,0.68)\u00bb]<\/p>\n<h3 style=\"text-align: center;\">Stay<\/h3>\n<p>[\/et_pb_text][et_pb_text _builder_version=\u00bb4.27.5&#8243; _module_preset=\u00bbdefault\u00bb header_font=\u00bbppwoodland||||||||\u00bb header_3_font=\u00bbppwoodland|800|||||||\u00bb header_3_text_color=\u00bbgcid-primary-color\u00bb header_3_font_size=\u00bb20px\u00bb link_option_url=\u00bb#eat\u00bb global_colors_info=\u00bb{%22gcid-primary-color%22:%91%22header_3_text_color%22,%22header_3_text_color%22,%22header_3_text_color%22%93}\u00bb header_3_text_color__hover=\u00bbrgba(28,45,89,0.68)\u00bb header_3_text_color__hover_enabled=\u00bbon|hover\u00bb]<\/p>\n<h3 style=\"text-align: center;\">Eat<\/h3>\n<p>[\/et_pb_text][et_pb_text _builder_version=\u00bb4.27.5&#8243; _module_preset=\u00bbdefault\u00bb header_font=\u00bbppwoodland||||||||\u00bb header_3_font=\u00bbppwoodland|800|||||||\u00bb header_3_text_color=\u00bbgcid-primary-color\u00bb header_3_font_size=\u00bb20px\u00bb link_option_url=\u00bb#outdoor\u00bb global_colors_info=\u00bb{%22gcid-primary-color%22:%91%22header_3_text_color%22,%22header_3_text_color%22%93}\u00bb header_3_text_color__hover=\u00bbrgba(28,45,89,0.68)\u00bb header_3_text_color__hover_enabled=\u00bbon|hover\u00bb]<\/p>\n<h3 style=\"text-align: center;\">Outdoor Venture<\/h3>\n<p>[\/et_pb_text][et_pb_text _builder_version=\u00bb4.27.5&#8243; _module_preset=\u00bbdefault\u00bb header_font=\u00bbppwoodland||||||||\u00bb header_3_font=\u00bbppwoodland|800|||||||\u00bb header_3_text_color=\u00bbgcid-primary-color\u00bb header_3_font_size=\u00bb20px\u00bb link_option_url=\u00bb#sip\u00bb global_colors_info=\u00bb{%22gcid-primary-color%22:%91%22header_3_text_color%22,%22header_3_text_color%22%93}\u00bb header_3_text_color__hover=\u00bbrgba(28,45,89,0.68)\u00bb header_3_text_color__hover_enabled=\u00bbon|hover\u00bb]<\/p>\n<h3 style=\"text-align: center;\">Sip &amp; Groove<\/h3>\n<p>[\/et_pb_text][et_pb_text _builder_version=\u00bb4.27.5&#8243; _module_preset=\u00bbdefault\u00bb header_font=\u00bbppwoodland||||||||\u00bb header_3_font=\u00bbppwoodland|800|||||||\u00bb header_3_text_color=\u00bbgcid-primary-color\u00bb header_3_font_size=\u00bb20px\u00bb link_option_url=\u00bb#cultural\u00bb global_colors_info=\u00bb{%22gcid-primary-color%22:%91%22header_3_text_color%22,%22header_3_text_color%22%93}\u00bb header_3_text_color__hover=\u00bbrgba(28,45,89,0.68)\u00bb header_3_text_color__hover_enabled=\u00bbon|hover\u00bb]<\/p>\n<h3 style=\"text-align: center;\">Cultural Wander<\/h3>\n<p>[\/et_pb_text][et_pb_text _builder_version=\u00bb4.27.5&#8243; _module_preset=\u00bbdefault\u00bb header_font=\u00bbppwoodland||||||||\u00bb header_3_font=\u00bbppwoodland|800|||||||\u00bb header_3_text_color=\u00bb#eaeaea\u00bb header_3_font_size=\u00bb20px\u00bb link_option_url=\u00bb#urban\u00bb global_colors_info=\u00bb{}\u00bb header_3_text_color__hover=\u00bbrgba(28,45,89,0.68)\u00bb header_3_text_color__hover_enabled=\u00bbon|hover\u00bb]<\/p>\n<h3 style=\"text-align: center;\">Urban Experience<\/h3>\n<p>[\/et_pb_text][et_pb_text _builder_version=\u00bb4.27.5&#8243; _module_preset=\u00bbdefault\u00bb header_font=\u00bbppwoodland||||||||\u00bb header_text_color=\u00bb#eaeaea\u00bb header_3_font=\u00bbppwoodland|800|||||||\u00bb header_3_text_color=\u00bbgcid-efa4e25f-a4ad-4a1c-ad76-3208039d3a32&#8243; header_3_font_size=\u00bb20px\u00bb link_option_url=\u00bb#impact\u00bb global_colors_info=\u00bb{%22gcid-efa4e25f-a4ad-4a1c-ad76-3208039d3a32%22:%91%22header_3_text_color%22%93}\u00bb header_3_text_color__hover=\u00bbrgba(28,45,89,0.68)\u00bb header_3_text_color__hover_enabled=\u00bbon|hover\u00bb]<\/p>\n<h3 style=\"text-align: center;\">Impact<\/h3>\n<p>[\/et_pb_text][\/et_pb_column][\/et_pb_row][\/et_pb_section][et_pb_section fb_built=\u00bb1&#8243; disabled_on=\u00bboff|on|on\u00bb _builder_version=\u00bb4.27.5&#8243; _module_preset=\u00bbdefault\u00bb background_enable_color=\u00bboff\u00bb custom_padding=\u00bb||0px|||\u00bb locked=\u00bboff\u00bb global_colors_info=\u00bb{}\u00bb][et_pb_row use_custom_gutter=\u00bbon\u00bb gutter_width=\u00bb1&#8243; make_equal=\u00bbon\u00bb disabled_on=\u00bboff|off|on\u00bb _builder_version=\u00bb4.27.5&#8243; _module_preset=\u00bbdefault\u00bb background_color=\u00bbrgba(255,255,255,0.8)\u00bb z_index=\u00bb9999&#8243; width=\u00bb100%\u00bb max_width=\u00bb100%\u00bb sticky_position=\u00bbtop\u00bb global_colors_info=\u00bb{}\u00bb][et_pb_column type=\u00bb4_4&#8243; _builder_version=\u00bb4.27.5&#8243; _module_preset=\u00bbdefault\u00bb custom_padding=\u00bb|3%||3%|false|true\u00bb global_colors_info=\u00bb{}\u00bb][et_pb_menu menu_id=\u00bb49&#8243; menu_style=\u00bbcentered\u00bb _builder_version=\u00bb4.27.5&#8243; _module_preset=\u00bbdefault\u00bb menu_font=\u00bbppwoodland|800|||||||\u00bb menu_text_color=\u00bbgcid-primary-color\u00bb menu_font_size=\u00bb22px\u00bb background_enable_color=\u00bboff\u00bb menu_font_size_tablet=\u00bb22px\u00bb menu_font_size_phone=\u00bb22px\u00bb menu_font_size_last_edited=\u00bbon|phone\u00bb global_colors_info=\u00bb{%22gcid-primary-color%22:%91%22menu_text_color%22%93}\u00bb][\/et_pb_menu][\/et_pb_column][\/et_pb_row][\/et_pb_section][et_pb_section fb_built=\u00bb1&#8243; module_id=\u00bbstay\u00bb _builder_version=\u00bb4.27.5&#8243; _module_preset=\u00bbdefault\u00bb background_color=\u00bbgcid-8854a55c-83cf-40c4-87a4-6eaddb37a687&#8243; custom_padding=\u00bb0px||0px|||\u00bb locked=\u00bboff\u00bb global_colors_info=\u00bb{%22gcid-8854a55c-83cf-40c4-87a4-6eaddb37a687%22:%91%22background_color%22%93}\u00bb][et_pb_row column_structure=\u00bb1_4,3_4&#8243; use_custom_gutter=\u00bbon\u00bb make_equal=\u00bbon\u00bb _builder_version=\u00bb4.27.5&#8243; _module_preset=\u00bbdefault\u00bb custom_css_main_element=\u00bbalign-items: center;\u00bb global_colors_info=\u00bb{}\u00bb][et_pb_column type=\u00bb1_4&#8243; _builder_version=\u00bb4.27.5&#8243; _module_preset=\u00bbdefault\u00bb global_colors_info=\u00bb{}\u00bb][et_pb_image src=\u00bbhttps:\/\/theroamingstones.com\/wp-content\/uploads\/2026\/02\/logo_stay.png\u00bb title_text=\u00bblogo_stay\u00bb align=\u00bbcenter\u00bb _builder_version=\u00bb4.27.5&#8243; _module_preset=\u00bbdefault\u00bb global_colors_info=\u00bb{}\u00bb][\/et_pb_image][\/et_pb_column][et_pb_column type=\u00bb3_4&#8243; _builder_version=\u00bb4.27.5&#8243; _module_preset=\u00bbdefault\u00bb global_colors_info=\u00bb{}\u00bb][et_pb_text _builder_version=\u00bb4.27.5&#8243; _module_preset=\u00bbdefault\u00bb text_font_size=\u00bb18px\u00bb header_font=\u00bbppwoodland|700|||||||\u00bb header_text_align=\u00bbleft\u00bb header_text_color=\u00bb#FFFFFF\u00bb header_font_size=\u00bb60px\u00bb header_3_font=\u00bbppwoodland||||||||\u00bb header_3_text_align=\u00bbleft\u00bb header_3_text_color=\u00bb#FFFFFF\u00bb header_3_font_size=\u00bb40px\u00bb text_orientation=\u00bbright\u00bb custom_padding=\u00bb20px||||false|false\u00bb hover_enabled=\u00bb0&#8243; global_colors_info=\u00bb{}\u00bb header_text_align_last_edited=\u00bbon|tablet\u00bb sticky_enabled=\u00bb0&#8243; header_text_align_tablet=\u00bbcenter\u00bb header_text_align_phone=\u00bbcenter\u00bb]<\/p>\n<h1>Stay<\/h1>\n<p>[\/et_pb_text][\/et_pb_column][\/et_pb_row][\/et_pb_section][et_pb_section fb_built=\u00bb1&#8243; _builder_version=\u00bb4.27.5&#8243; _module_preset=\u00bbdefault\u00bb global_colors_info=\u00bb{}\u00bb][et_pb_row column_structure=\u00bb1_2,1_2&#8243; _builder_version=\u00bb4.27.5&#8243; _module_preset=\u00bbdefault\u00bb border_width_bottom=\u00bb1px\u00bb border_color_bottom=\u00bbgcid-8854a55c-83cf-40c4-87a4-6eaddb37a687&#8243; global_colors_info=\u00bb{%22gcid-8854a55c-83cf-40c4-87a4-6eaddb37a687%22:%91%22border_color_bottom%22%93}\u00bb][et_pb_column type=\u00bb1_2&#8243; _builder_version=\u00bb4.27.5&#8243; _module_preset=\u00bbdefault\u00bb global_colors_info=\u00bb{}\u00bb][et_pb_text _builder_version=\u00bb4.27.5&#8243; _module_preset=\u00bbdefault\u00bb text_font=\u00bb&#8211;et_global_body_font|700|||||||\u00bb text_text_color=\u00bbgcid-primary-color\u00bb text_font_size=\u00bb22px\u00bb header_font=\u00bb|700|||||||\u00bb header_text_align=\u00bbright\u00bb header_text_color=\u00bbgcid-primary-color\u00bb header_font_size=\u00bb40px\u00bb header_3_font=\u00bb&#8211;et_global_body_font|700|||||||\u00bb header_3_text_align=\u00bbright\u00bb header_3_text_color=\u00bbgcid-primary-color\u00bb text_orientation=\u00bbright\u00bb custom_padding=\u00bb||0px|||\u00bb custom_css_main_element=\u00bbtext-transform: uppercase\u00bb global_colors_info=\u00bb{%22gcid-primary-color%22:%91%22header_text_color%22,%22header_3_text_color%22,%22text_text_color%22,%22header_text_color%22,%22header_3_text_color%22%93}\u00bb]<\/p>\n<h1>Belmond La Residencia<\/h1>\n<h3><span>Located in the charming coastal town of dei\u00e0<\/span><\/h3>\n<p>[\/et_pb_text][et_pb_text _builder_version=\u00bb4.27.5&#8243; _module_preset=\u00bbdefault\u00bb text_font=\u00bb|700|||||||\u00bb text_text_color=\u00bbgcid-primary-color\u00bb text_font_size=\u00bb16px\u00bb header_font=\u00bb&#8211;et_global_heading_font|700|||||||\u00bb header_text_align=\u00bbright\u00bb header_text_color=\u00bbgcid-primary-color\u00bb header_font_size=\u00bb60px\u00bb header_3_font=\u00bbppwoodland||||||||\u00bb header_3_text_align=\u00bbright\u00bb header_3_text_color=\u00bbgcid-primary-color\u00bb header_3_font_size=\u00bb40px\u00bb text_orientation=\u00bbright\u00bb custom_padding=\u00bb20px||20px||true|false\u00bb global_colors_info=\u00bb{%22gcid-primary-color%22:%91%22header_text_color%22,%22header_3_text_color%22,%22text_text_color%22,%22header_text_color%22,%22header_3_text_color%22,%22header_text_color%22,%22header_text_color%22,%22header_text_color%22,%22header_3_text_color%22,%22text_text_color%22,%22header_text_color%22,%22header_3_text_color%22,%22header_text_color%22,%22header_text_color%22%93}\u00bb]<\/p>\n<p><span>Belmond\u2019s La Residencia is a beautiful and refined hotel, nestled in the scenic hills of the North Coast. One of the top three luxury hotels in Mallorca.<\/span><\/p>\n<p>[\/et_pb_text][et_pb_button button_url=\u00bbhttps:\/\/www.belmond.com\/hotels\/europe\/mallorca\/deia\/belmond-la-residencia\/\u00bb url_new_window=\u00bbon\u00bb button_text=\u00bbView website\u00bb button_alignment=\u00bbright\u00bb _builder_version=\u00bb4.27.5&#8243; _module_preset=\u00bbdefault\u00bb custom_button=\u00bbon\u00bb button_text_size=\u00bb16px\u00bb button_font=\u00bb|700|||||||\u00bb button_use_icon=\u00bboff\u00bb custom_margin=\u00bb||||false|false\u00bb custom_margin_tablet=\u00bb||2%||false|false\u00bb custom_margin_phone=\u00bb||4%||false|false\u00bb custom_margin_last_edited=\u00bbon|desktop\u00bb global_colors_info=\u00bb{%22gcid-primary-color%22:%91%22button_bg_color__hover%22,%22button_bg_color__hover%22,%22button_bg_color__hover%22,%22button_bg_color__hover%22,%22button_bg_color__hover%22,%22button_bg_color__hover%22%93}\u00bb button_bg_color__hover_enabled=\u00bbon|hover\u00bb button_bg_color__hover=\u00bb#1c2d59&#8243; button_bg_enable_color__hover=\u00bbon\u00bb button_text_color__hover_enabled=\u00bbon|hover\u00bb button_text_color__hover=\u00bb#FFFFFF\u00bb][\/et_pb_button][\/et_pb_column][et_pb_column type=\u00bb1_2&#8243; _builder_version=\u00bb4.27.5&#8243; _module_preset=\u00bbdefault\u00bb global_colors_info=\u00bb{}\u00bb][et_pb_text _builder_version=\u00bb4.27.5&#8243; _module_preset=\u00bbdefault\u00bb background_image=\u00bbhttps:\/\/theroamingstones.com\/wp-content\/uploads\/2026\/04\/Screen-Shot-2022-05-02-at-5.53.03-PM.png\u00bb height=\u00bb400px\u00bb locked=\u00bboff\u00bb global_colors_info=\u00bb{}\u00bb][\/et_pb_text][et_pb_text _builder_version=\u00bb4.27.5&#8243; _module_preset=\u00bbdefault\u00bb text_font_size=\u00bb12px\u00bb custom_margin=\u00bb-11px|||||\u00bb locked=\u00bboff\u00bb global_colors_info=\u00bb{}\u00bb]<\/p>\n<p><em>Image from Belmond\u2019s La Residencia\u2019s Official Website<\/em><\/p>\n<p>[\/et_pb_text][\/et_pb_column][\/et_pb_row][et_pb_row column_structure=\u00bb1_2,1_2&#8243; _builder_version=\u00bb4.27.5&#8243; _module_preset=\u00bbdefault\u00bb border_width_bottom=\u00bb1px\u00bb border_color_bottom=\u00bbgcid-8854a55c-83cf-40c4-87a4-6eaddb37a687&#8243; global_colors_info=\u00bb{%22gcid-8854a55c-83cf-40c4-87a4-6eaddb37a687%22:%91%22border_color_bottom%22%93}\u00bb][et_pb_column type=\u00bb1_2&#8243; _builder_version=\u00bb4.27.5&#8243; _module_preset=\u00bbdefault\u00bb global_colors_info=\u00bb{}\u00bb][et_pb_text _builder_version=\u00bb4.27.5&#8243; _module_preset=\u00bbdefault\u00bb text_font=\u00bb&#8211;et_global_body_font|700|||||||\u00bb text_text_color=\u00bbgcid-primary-color\u00bb text_font_size=\u00bb22px\u00bb header_font=\u00bb|700|||||||\u00bb header_text_align=\u00bbright\u00bb header_text_color=\u00bbgcid-primary-color\u00bb header_font_size=\u00bb40px\u00bb header_3_font=\u00bb&#8211;et_global_body_font|700|||||||\u00bb header_3_text_align=\u00bbright\u00bb header_3_text_color=\u00bbgcid-primary-color\u00bb text_orientation=\u00bbright\u00bb custom_padding=\u00bb||0px|||\u00bb custom_css_main_element=\u00bbtext-transform: uppercase\u00bb global_colors_info=\u00bb{%22gcid-primary-color%22:%91%22header_text_color%22,%22header_3_text_color%22,%22text_text_color%22,%22header_text_color%22,%22header_3_text_color%22%93}\u00bb]<\/p>\n<h1>Can Cera<\/h1>\n<h3><span>For those seeking a more urban experience in the heart of the Old Town of Palma<\/span><\/h3>\n<p>[\/et_pb_text][et_pb_text _builder_version=\u00bb4.27.5&#8243; _module_preset=\u00bbdefault\u00bb text_font=\u00bb|700|||||||\u00bb text_text_color=\u00bbgcid-primary-color\u00bb text_font_size=\u00bb16px\u00bb header_font=\u00bb&#8211;et_global_heading_font|700|||||||\u00bb header_text_align=\u00bbright\u00bb header_text_color=\u00bbgcid-primary-color\u00bb header_font_size=\u00bb60px\u00bb header_3_font=\u00bbppwoodland||||||||\u00bb header_3_text_align=\u00bbright\u00bb header_3_text_color=\u00bbgcid-primary-color\u00bb header_3_font_size=\u00bb40px\u00bb text_orientation=\u00bbright\u00bb custom_padding=\u00bb20px||20px||true|false\u00bb global_colors_info=\u00bb{%22gcid-primary-color%22:%91%22header_text_color%22,%22header_3_text_color%22,%22text_text_color%22,%22header_text_color%22,%22header_3_text_color%22,%22header_text_color%22,%22header_text_color%22,%22header_text_color%22,%22header_3_text_color%22,%22text_text_color%22,%22header_text_color%22,%22header_3_text_color%22,%22header_text_color%22,%22header_text_color%22%93}\u00bb]<\/p>\n<p><span>A \u00a017th-century palace with antique-style furniture, a terrace and traditional courtyard.\u00a0<\/span><\/p>\n<p>From \u20ac300\/night<\/p>\n<p>[\/et_pb_text][et_pb_button button_url=\u00bbhttps:\/\/www.cancerahotel.com\/\u00bb url_new_window=\u00bbon\u00bb button_text=\u00bbView website\u00bb button_alignment=\u00bbright\u00bb _builder_version=\u00bb4.27.5&#8243; _module_preset=\u00bbdefault\u00bb custom_button=\u00bbon\u00bb button_text_size=\u00bb16px\u00bb button_font=\u00bb|700|||||||\u00bb button_use_icon=\u00bboff\u00bb custom_margin=\u00bb||||false|false\u00bb custom_margin_tablet=\u00bb||2%||false|false\u00bb custom_margin_phone=\u00bb||4%||false|false\u00bb custom_margin_last_edited=\u00bbon|desktop\u00bb global_colors_info=\u00bb{%22gcid-primary-color%22:%91%22button_bg_color__hover%22,%22button_bg_color__hover%22,%22button_bg_color__hover%22,%22button_bg_color__hover%22,%22button_bg_color__hover%22,%22button_bg_color__hover%22%93}\u00bb button_bg_color__hover_enabled=\u00bbon|hover\u00bb button_bg_color__hover=\u00bb#1c2d59&#8243; button_bg_enable_color__hover=\u00bbon\u00bb button_text_color__hover_enabled=\u00bbon|hover\u00bb button_text_color__hover=\u00bb#FFFFFF\u00bb][\/et_pb_button][\/et_pb_column][et_pb_column type=\u00bb1_2&#8243; _builder_version=\u00bb4.27.5&#8243; _module_preset=\u00bbdefault\u00bb global_colors_info=\u00bb{}\u00bb][et_pb_text _builder_version=\u00bb4.27.5&#8243; _module_preset=\u00bbdefault\u00bb background_image=\u00bbhttps:\/\/theroamingstones.com\/wp-content\/uploads\/2026\/04\/Can-Cera-Official-Site.jpg\u00bb height=\u00bb400px\u00bb locked=\u00bboff\u00bb global_colors_info=\u00bb{}\u00bb][\/et_pb_text][et_pb_text _builder_version=\u00bb4.27.5&#8243; _module_preset=\u00bbdefault\u00bb text_font_size=\u00bb12px\u00bb custom_margin=\u00bb-11px|||||\u00bb locked=\u00bboff\u00bb global_colors_info=\u00bb{}\u00bb]<\/p>\n<p><em>Image from Can Cera\u2019s Official Website<\/em><\/p>\n<p>[\/et_pb_text][\/et_pb_column][\/et_pb_row][et_pb_row column_structure=\u00bb1_2,1_2&#8243; _builder_version=\u00bb4.27.5&#8243; _module_preset=\u00bbdefault\u00bb border_width_bottom=\u00bb1px\u00bb border_color_bottom=\u00bbgcid-8854a55c-83cf-40c4-87a4-6eaddb37a687&#8243; global_colors_info=\u00bb{%22gcid-8854a55c-83cf-40c4-87a4-6eaddb37a687%22:%91%22border_color_bottom%22%93}\u00bb][et_pb_column type=\u00bb1_2&#8243; _builder_version=\u00bb4.27.5&#8243; _module_preset=\u00bbdefault\u00bb global_colors_info=\u00bb{}\u00bb][et_pb_text _builder_version=\u00bb4.27.5&#8243; _module_preset=\u00bbdefault\u00bb text_font=\u00bb&#8211;et_global_body_font|700|||||||\u00bb text_text_color=\u00bbgcid-primary-color\u00bb text_font_size=\u00bb22px\u00bb header_font=\u00bb|700|||||||\u00bb header_text_align=\u00bbright\u00bb header_text_color=\u00bbgcid-primary-color\u00bb header_font_size=\u00bb40px\u00bb header_3_font=\u00bb&#8211;et_global_body_font|700|||||||\u00bb header_3_text_align=\u00bbright\u00bb header_3_text_color=\u00bbgcid-primary-color\u00bb text_orientation=\u00bbright\u00bb custom_padding=\u00bb||0px|||\u00bb custom_css_main_element=\u00bbtext-transform: uppercase\u00bb global_colors_info=\u00bb{%22gcid-primary-color%22:%91%22header_text_color%22,%22header_3_text_color%22,%22text_text_color%22,%22header_text_color%22,%22header_3_text_color%22%93}\u00bb]<\/p>\n<h1>Can ferrereta<\/h1>\n<h3><span>Located in santanyi, on the south-east coast of mallorca<\/span><\/h3>\n<p>[\/et_pb_text][et_pb_text _builder_version=\u00bb4.27.5&#8243; _module_preset=\u00bbdefault\u00bb text_font=\u00bb|700|||||||\u00bb text_text_color=\u00bbgcid-primary-color\u00bb text_font_size=\u00bb16px\u00bb header_font=\u00bb&#8211;et_global_heading_font|700|||||||\u00bb header_text_align=\u00bbright\u00bb header_text_color=\u00bbgcid-primary-color\u00bb header_font_size=\u00bb60px\u00bb header_3_font=\u00bbppwoodland||||||||\u00bb header_3_text_align=\u00bbright\u00bb header_3_text_color=\u00bbgcid-primary-color\u00bb header_3_font_size=\u00bb40px\u00bb text_orientation=\u00bbright\u00bb custom_padding=\u00bb20px||20px||true|false\u00bb global_colors_info=\u00bb{%22gcid-primary-color%22:%91%22header_text_color%22,%22header_3_text_color%22,%22text_text_color%22,%22header_text_color%22,%22header_3_text_color%22,%22header_text_color%22,%22header_text_color%22,%22header_text_color%22,%22header_3_text_color%22,%22text_text_color%22,%22header_text_color%22,%22header_3_text_color%22,%22header_text_color%22,%22header_text_color%22%93}\u00bb]<\/p>\n<p>Can Ferrereta, a beautiful retreat in one of Mallorca\u2019s least-discovered areas, is located in the charming small town of Santanyi.<\/p>\n<p>A 17th-century house turned into a boutique hotel, with stone walls and staircases, beautiful decor with a rustic feel. A place where art and nature come together.<\/p>\n<p>32 rooms and an adults-only policy.<\/p>\n<p>[\/et_pb_text][et_pb_button button_url=\u00bbhttps:\/\/www.hotelcanferrereta.com\/es\/\u00bb url_new_window=\u00bbon\u00bb button_text=\u00bbView website\u00bb button_alignment=\u00bbright\u00bb _builder_version=\u00bb4.27.5&#8243; _module_preset=\u00bbdefault\u00bb custom_button=\u00bbon\u00bb button_text_size=\u00bb16px\u00bb button_font=\u00bb|700|||||||\u00bb button_use_icon=\u00bboff\u00bb custom_margin=\u00bb||||false|false\u00bb custom_margin_tablet=\u00bb||2%||false|false\u00bb custom_margin_phone=\u00bb||4%||false|false\u00bb custom_margin_last_edited=\u00bbon|desktop\u00bb global_colors_info=\u00bb{%22gcid-primary-color%22:%91%22button_bg_color__hover%22,%22button_bg_color__hover%22,%22button_bg_color__hover%22,%22button_bg_color__hover%22,%22button_bg_color__hover%22,%22button_bg_color__hover%22%93}\u00bb button_bg_color__hover_enabled=\u00bbon|hover\u00bb button_bg_color__hover=\u00bb#1c2d59&#8243; button_bg_enable_color__hover=\u00bbon\u00bb button_text_color__hover_enabled=\u00bbon|hover\u00bb button_text_color__hover=\u00bb#FFFFFF\u00bb][\/et_pb_button][\/et_pb_column][et_pb_column type=\u00bb1_2&#8243; _builder_version=\u00bb4.27.5&#8243; _module_preset=\u00bbdefault\u00bb global_colors_info=\u00bb{}\u00bb][et_pb_text _builder_version=\u00bb4.27.5&#8243; _module_preset=\u00bbdefault\u00bb background_image=\u00bbhttps:\/\/theroamingstones.com\/wp-content\/uploads\/2026\/04\/CanFerrereta2.jpg\u00bb height=\u00bb400px\u00bb locked=\u00bboff\u00bb global_colors_info=\u00bb{}\u00bb][\/et_pb_text][et_pb_text _builder_version=\u00bb4.27.5&#8243; _module_preset=\u00bbdefault\u00bb text_font_size=\u00bb12px\u00bb custom_margin=\u00bb-11px|||||\u00bb locked=\u00bboff\u00bb global_colors_info=\u00bb{}\u00bb]<\/p>\n<p><em>Image from Can Ferrereta\u2019s official website<\/em><\/p>\n<p>[\/et_pb_text][\/et_pb_column][\/et_pb_row][et_pb_row column_structure=\u00bb1_2,1_2&#8243; _builder_version=\u00bb4.27.5&#8243; _module_preset=\u00bbdefault\u00bb border_width_bottom=\u00bb1px\u00bb border_color_bottom=\u00bbgcid-8854a55c-83cf-40c4-87a4-6eaddb37a687&#8243; global_colors_info=\u00bb{%22gcid-8854a55c-83cf-40c4-87a4-6eaddb37a687%22:%91%22border_color_bottom%22%93}\u00bb][et_pb_column type=\u00bb1_2&#8243; _builder_version=\u00bb4.27.5&#8243; _module_preset=\u00bbdefault\u00bb global_colors_info=\u00bb{}\u00bb][et_pb_text _builder_version=\u00bb4.27.5&#8243; _module_preset=\u00bbdefault\u00bb text_font=\u00bb&#8211;et_global_body_font|700|||||||\u00bb text_text_color=\u00bbgcid-primary-color\u00bb text_font_size=\u00bb22px\u00bb header_font=\u00bb|700|||||||\u00bb header_text_align=\u00bbright\u00bb header_text_color=\u00bbgcid-primary-color\u00bb header_font_size=\u00bb40px\u00bb header_3_font=\u00bb&#8211;et_global_body_font|700|||||||\u00bb header_3_text_align=\u00bbright\u00bb header_3_text_color=\u00bbgcid-primary-color\u00bb text_orientation=\u00bbright\u00bb custom_padding=\u00bb||0px|||\u00bb custom_css_main_element=\u00bbtext-transform: uppercase\u00bb global_colors_info=\u00bb{%22gcid-primary-color%22:%91%22header_text_color%22,%22header_3_text_color%22,%22text_text_color%22,%22header_text_color%22,%22header_3_text_color%22%93}\u00bb]<\/p>\n<h1>CAp Rocat<\/h1>\n<h3><span>An old fortress tucked away In the bay of palma<\/span><\/h3>\n<p>[\/et_pb_text][et_pb_text _builder_version=\u00bb4.27.5&#8243; _module_preset=\u00bbdefault\u00bb text_font=\u00bb|700|||||||\u00bb text_text_color=\u00bbgcid-primary-color\u00bb text_font_size=\u00bb16px\u00bb header_font=\u00bb&#8211;et_global_heading_font|700|||||||\u00bb header_text_align=\u00bbright\u00bb header_text_color=\u00bbgcid-primary-color\u00bb header_font_size=\u00bb60px\u00bb header_3_font=\u00bbppwoodland||||||||\u00bb header_3_text_align=\u00bbright\u00bb header_3_text_color=\u00bbgcid-primary-color\u00bb header_3_font_size=\u00bb40px\u00bb text_orientation=\u00bbright\u00bb custom_padding=\u00bb20px||20px||true|false\u00bb global_colors_info=\u00bb{%22gcid-primary-color%22:%91%22header_text_color%22,%22header_3_text_color%22,%22text_text_color%22,%22header_text_color%22,%22header_3_text_color%22,%22header_text_color%22,%22header_text_color%22,%22header_text_color%22,%22header_3_text_color%22,%22text_text_color%22,%22header_text_color%22,%22header_3_text_color%22,%22header_text_color%22,%22header_text_color%22%93}\u00bb]<\/p>\n<p><span>A truly unique hotel in the bay of Palma. Talented local architect Toni Obrador is the mastermind behind the incredible transformation of this property from military fortress to luxury hotel. For those who want to be directly on the sea, this is the most stunning hotel Mallorca has to offer. The restaurant with spectacular sea views is beautiful and delish (see details in EAT &amp; SIP).<\/span><\/p>\n<p>[\/et_pb_text][et_pb_button button_url=\u00bbhttps:\/\/caprocat.com\/cap-rocat\/\u00bb url_new_window=\u00bbon\u00bb button_text=\u00bbView website\u00bb button_alignment=\u00bbright\u00bb _builder_version=\u00bb4.27.5&#8243; _module_preset=\u00bbdefault\u00bb custom_button=\u00bbon\u00bb button_text_size=\u00bb16px\u00bb button_font=\u00bb|700|||||||\u00bb button_use_icon=\u00bboff\u00bb custom_margin=\u00bb||||false|false\u00bb custom_margin_tablet=\u00bb||2%||false|false\u00bb custom_margin_phone=\u00bb||4%||false|false\u00bb custom_margin_last_edited=\u00bbon|desktop\u00bb global_colors_info=\u00bb{%22gcid-primary-color%22:%91%22button_bg_color__hover%22,%22button_bg_color__hover%22,%22button_bg_color__hover%22,%22button_bg_color__hover%22,%22button_bg_color__hover%22,%22button_bg_color__hover%22%93}\u00bb button_bg_color__hover_enabled=\u00bbon|hover\u00bb button_bg_color__hover=\u00bb#1c2d59&#8243; button_bg_enable_color__hover=\u00bbon\u00bb button_text_color__hover_enabled=\u00bbon|hover\u00bb button_text_color__hover=\u00bb#FFFFFF\u00bb][\/et_pb_button][\/et_pb_column][et_pb_column type=\u00bb1_2&#8243; _builder_version=\u00bb4.27.5&#8243; _module_preset=\u00bbdefault\u00bb global_colors_info=\u00bb{}\u00bb][et_pb_text _builder_version=\u00bb4.27.5&#8243; _module_preset=\u00bbdefault\u00bb background_image=\u00bbhttps:\/\/theroamingstones.com\/wp-content\/uploads\/2026\/04\/Cap-Rocat-1.jpg\u00bb height=\u00bb400px\u00bb locked=\u00bboff\u00bb global_colors_info=\u00bb{}\u00bb][\/et_pb_text][et_pb_text _builder_version=\u00bb4.27.5&#8243; _module_preset=\u00bbdefault\u00bb text_font_size=\u00bb12px\u00bb custom_margin=\u00bb-11px|||||\u00bb locked=\u00bboff\u00bb global_colors_info=\u00bb{}\u00bb]<\/p>\n<p><em>Image from Cap Rocat\u2019s Official Website<\/em><\/p>\n<p>[\/et_pb_text][\/et_pb_column][\/et_pb_row][et_pb_row column_structure=\u00bb1_2,1_2&#8243; _builder_version=\u00bb4.27.5&#8243; _module_preset=\u00bbdefault\u00bb border_width_bottom=\u00bb1px\u00bb border_color_bottom=\u00bbgcid-8854a55c-83cf-40c4-87a4-6eaddb37a687&#8243; global_colors_info=\u00bb{%22gcid-8854a55c-83cf-40c4-87a4-6eaddb37a687%22:%91%22border_color_bottom%22%93}\u00bb][et_pb_column type=\u00bb1_2&#8243; _builder_version=\u00bb4.27.5&#8243; _module_preset=\u00bbdefault\u00bb global_colors_info=\u00bb{}\u00bb][et_pb_text _builder_version=\u00bb4.27.5&#8243; _module_preset=\u00bbdefault\u00bb text_font=\u00bb&#8211;et_global_body_font|700|||||||\u00bb text_text_color=\u00bbgcid-primary-color\u00bb text_font_size=\u00bb22px\u00bb header_font=\u00bb|700|||||||\u00bb header_text_align=\u00bbright\u00bb header_text_color=\u00bbgcid-primary-color\u00bb header_font_size=\u00bb40px\u00bb header_3_font=\u00bb&#8211;et_global_body_font|700|||||||\u00bb header_3_text_align=\u00bbright\u00bb header_3_text_color=\u00bbgcid-primary-color\u00bb text_orientation=\u00bbright\u00bb custom_padding=\u00bb||0px|||\u00bb custom_css_main_element=\u00bbtext-transform: uppercase\u00bb global_colors_info=\u00bb{%22gcid-primary-color%22:%91%22header_text_color%22,%22header_3_text_color%22,%22text_text_color%22,%22header_text_color%22,%22header_3_text_color%22%93}\u00bb]<\/p>\n<h1>Hotel Cappuccino<\/h1>\n<h3><span>Located in the HEART OF the old Town of palma<\/span><\/h3>\n<p>[\/et_pb_text][et_pb_text _builder_version=\u00bb4.27.5&#8243; _module_preset=\u00bbdefault\u00bb text_font=\u00bb|700|||||||\u00bb text_text_color=\u00bbgcid-primary-color\u00bb text_font_size=\u00bb16px\u00bb header_font=\u00bb&#8211;et_global_heading_font|700|||||||\u00bb header_text_align=\u00bbright\u00bb header_text_color=\u00bbgcid-primary-color\u00bb header_font_size=\u00bb60px\u00bb header_3_font=\u00bbppwoodland||||||||\u00bb header_3_text_align=\u00bbright\u00bb header_3_text_color=\u00bbgcid-primary-color\u00bb header_3_font_size=\u00bb40px\u00bb text_orientation=\u00bbright\u00bb custom_padding=\u00bb20px||20px||true|false\u00bb global_colors_info=\u00bb{%22gcid-primary-color%22:%91%22header_text_color%22,%22header_3_text_color%22,%22text_text_color%22,%22header_text_color%22,%22header_3_text_color%22,%22header_text_color%22,%22header_text_color%22,%22header_text_color%22,%22header_3_text_color%22,%22text_text_color%22,%22header_text_color%22,%22header_3_text_color%22,%22header_text_color%22,%22header_text_color%22%93}\u00bb]<\/p>\n<p>Charming and cool. A boutique hotel in the heart of the Old Town of Palma. Decorated by French design star Jacques Granges, Hotel Cappuccino (previously known as Hotel Mam\u00e0) features colorful sumptuous decor and boasts a wonderful rooftop, pool, and terrace with sensational views over the \u201cCasco Antiguo\u201d.<\/p>\n<p>For those seeking a more urban experience, this is a great choice.<\/p>\n<p>[\/et_pb_text][et_pb_button button_url=\u00bbhttps:\/\/www.hotelcappuccino.com\/en\u00bb url_new_window=\u00bbon\u00bb button_text=\u00bbView website\u00bb button_alignment=\u00bbright\u00bb _builder_version=\u00bb4.27.5&#8243; _module_preset=\u00bbdefault\u00bb custom_button=\u00bbon\u00bb button_text_size=\u00bb16px\u00bb button_font=\u00bb|700|||||||\u00bb button_use_icon=\u00bboff\u00bb custom_margin=\u00bb||||false|false\u00bb custom_margin_tablet=\u00bb||2%||false|false\u00bb custom_margin_phone=\u00bb||4%||false|false\u00bb custom_margin_last_edited=\u00bbon|desktop\u00bb global_colors_info=\u00bb{%22gcid-primary-color%22:%91%22button_bg_color__hover%22,%22button_bg_color__hover%22,%22button_bg_color__hover%22,%22button_bg_color__hover%22,%22button_bg_color__hover%22,%22button_bg_color__hover%22%93}\u00bb button_bg_color__hover_enabled=\u00bbon|hover\u00bb button_bg_color__hover=\u00bb#1c2d59&#8243; button_bg_enable_color__hover=\u00bbon\u00bb button_text_color__hover_enabled=\u00bbon|hover\u00bb button_text_color__hover=\u00bb#FFFFFF\u00bb][\/et_pb_button][\/et_pb_column][et_pb_column type=\u00bb1_2&#8243; _builder_version=\u00bb4.27.5&#8243; _module_preset=\u00bbdefault\u00bb global_colors_info=\u00bb{}\u00bb][et_pb_text _builder_version=\u00bb4.27.5&#8243; _module_preset=\u00bbdefault\u00bb background_image=\u00bbhttps:\/\/theroamingstones.com\/wp-content\/uploads\/2026\/04\/hotel-cappuccino.jpg\u00bb height=\u00bb400px\u00bb locked=\u00bboff\u00bb global_colors_info=\u00bb{}\u00bb][\/et_pb_text][et_pb_text _builder_version=\u00bb4.27.5&#8243; _module_preset=\u00bbdefault\u00bb text_font_size=\u00bb12px\u00bb custom_margin=\u00bb-11px|||||\u00bb locked=\u00bboff\u00bb global_colors_info=\u00bb{}\u00bb]<\/p>\n<p><em>Image from Hotel Cappuccino\u2019s Official Website<\/em><\/p>\n<p>[\/et_pb_text][\/et_pb_column][\/et_pb_row][et_pb_row column_structure=\u00bb1_2,1_2&#8243; _builder_version=\u00bb4.27.5&#8243; _module_preset=\u00bbdefault\u00bb border_width_bottom=\u00bb1px\u00bb border_color_bottom=\u00bbgcid-8854a55c-83cf-40c4-87a4-6eaddb37a687&#8243; global_colors_info=\u00bb{%22gcid-8854a55c-83cf-40c4-87a4-6eaddb37a687%22:%91%22border_color_bottom%22%93}\u00bb][et_pb_column type=\u00bb1_2&#8243; _builder_version=\u00bb4.27.5&#8243; _module_preset=\u00bbdefault\u00bb global_colors_info=\u00bb{}\u00bb][et_pb_text _builder_version=\u00bb4.27.5&#8243; _module_preset=\u00bbdefault\u00bb text_font=\u00bb&#8211;et_global_body_font|700|||||||\u00bb text_text_color=\u00bbgcid-primary-color\u00bb text_font_size=\u00bb22px\u00bb header_font=\u00bb|700|||||||\u00bb header_text_align=\u00bbright\u00bb header_text_color=\u00bbgcid-primary-color\u00bb header_font_size=\u00bb40px\u00bb header_3_font=\u00bb&#8211;et_global_body_font|700|||||||\u00bb header_3_text_align=\u00bbright\u00bb header_3_text_color=\u00bbgcid-primary-color\u00bb text_orientation=\u00bbright\u00bb custom_padding=\u00bb||0px|||\u00bb custom_css_main_element=\u00bbtext-transform: uppercase\u00bb global_colors_info=\u00bb{%22gcid-primary-color%22:%91%22header_text_color%22,%22header_3_text_color%22,%22text_text_color%22,%22header_text_color%22,%22header_3_text_color%22%93}\u00bb]<\/p>\n<h1>Hotel Cort<\/h1>\n<h3><span>For those seeking a more urban experience in the heart of the Old Town of Palma<\/span><\/h3>\n<p>[\/et_pb_text][et_pb_text _builder_version=\u00bb4.27.5&#8243; _module_preset=\u00bbdefault\u00bb text_font=\u00bb|700|||||||\u00bb text_text_color=\u00bbgcid-primary-color\u00bb text_font_size=\u00bb16px\u00bb header_font=\u00bb&#8211;et_global_heading_font|700|||||||\u00bb header_text_align=\u00bbright\u00bb header_text_color=\u00bbgcid-primary-color\u00bb header_font_size=\u00bb60px\u00bb header_3_font=\u00bbppwoodland||||||||\u00bb header_3_text_align=\u00bbright\u00bb header_3_text_color=\u00bbgcid-primary-color\u00bb header_3_font_size=\u00bb40px\u00bb text_orientation=\u00bbright\u00bb custom_padding=\u00bb20px||20px||true|false\u00bb global_colors_info=\u00bb{%22gcid-primary-color%22:%91%22header_text_color%22,%22header_3_text_color%22,%22text_text_color%22,%22header_text_color%22,%22header_3_text_color%22,%22header_text_color%22,%22header_text_color%22,%22header_text_color%22,%22header_3_text_color%22,%22text_text_color%22,%22header_text_color%22,%22header_3_text_color%22,%22header_text_color%22,%22header_text_color%22%93}\u00bb]<\/p>\n<p><span>Part of the Design Hotels collection, Hotel Cort has contemporary maritime design and offers a rooftop with a pool, bar and restaurant. \u00a0<\/span><\/p>\n<p>From \u20ac300\/night<\/p>\n<p>[\/et_pb_text][et_pb_button button_url=\u00bbhttps:\/\/www.hotelcort.es\/\u00bb url_new_window=\u00bbon\u00bb button_text=\u00bbView website\u00bb button_alignment=\u00bbright\u00bb _builder_version=\u00bb4.27.5&#8243; _module_preset=\u00bbdefault\u00bb custom_button=\u00bbon\u00bb button_text_size=\u00bb16px\u00bb button_font=\u00bb|700|||||||\u00bb button_use_icon=\u00bboff\u00bb custom_margin=\u00bb||||false|false\u00bb custom_margin_tablet=\u00bb||2%||false|false\u00bb custom_margin_phone=\u00bb||4%||false|false\u00bb custom_margin_last_edited=\u00bbon|desktop\u00bb global_colors_info=\u00bb{%22gcid-primary-color%22:%91%22button_bg_color__hover%22,%22button_bg_color__hover%22,%22button_bg_color__hover%22,%22button_bg_color__hover%22,%22button_bg_color__hover%22,%22button_bg_color__hover%22%93}\u00bb button_bg_color__hover_enabled=\u00bbon|hover\u00bb button_bg_color__hover=\u00bb#1c2d59&#8243; button_bg_enable_color__hover=\u00bbon\u00bb button_text_color__hover_enabled=\u00bbon|hover\u00bb button_text_color__hover=\u00bb#FFFFFF\u00bb][\/et_pb_button][\/et_pb_column][et_pb_column type=\u00bb1_2&#8243; _builder_version=\u00bb4.27.5&#8243; _module_preset=\u00bbdefault\u00bb global_colors_info=\u00bb{}\u00bb][et_pb_text _builder_version=\u00bb4.27.5&#8243; _module_preset=\u00bbdefault\u00bb background_image=\u00bbhttps:\/\/theroamingstones.com\/wp-content\/uploads\/2026\/04\/Hotel-Cort-official-Site.jpg\u00bb height=\u00bb400px\u00bb locked=\u00bboff\u00bb global_colors_info=\u00bb{}\u00bb][\/et_pb_text][et_pb_text _builder_version=\u00bb4.27.5&#8243; _module_preset=\u00bbdefault\u00bb text_font_size=\u00bb12px\u00bb custom_margin=\u00bb-11px|||||\u00bb locked=\u00bboff\u00bb global_colors_info=\u00bb{}\u00bb]<\/p>\n<p><em>Image from Hotel Cort\u2019s Official Website<\/em><\/p>\n<p>[\/et_pb_text][\/et_pb_column][\/et_pb_row][et_pb_row column_structure=\u00bb1_2,1_2&#8243; _builder_version=\u00bb4.27.5&#8243; _module_preset=\u00bbdefault\u00bb border_width_bottom=\u00bb1px\u00bb border_color_bottom=\u00bbgcid-8854a55c-83cf-40c4-87a4-6eaddb37a687&#8243; global_colors_info=\u00bb{%22gcid-8854a55c-83cf-40c4-87a4-6eaddb37a687%22:%91%22border_color_bottom%22%93}\u00bb][et_pb_column type=\u00bb1_2&#8243; _builder_version=\u00bb4.27.5&#8243; _module_preset=\u00bbdefault\u00bb global_colors_info=\u00bb{}\u00bb][et_pb_text _builder_version=\u00bb4.27.5&#8243; _module_preset=\u00bbdefault\u00bb text_font=\u00bb&#8211;et_global_body_font|700|||||||\u00bb text_text_color=\u00bbgcid-primary-color\u00bb text_font_size=\u00bb22px\u00bb header_font=\u00bb|700|||||||\u00bb header_text_align=\u00bbright\u00bb header_text_color=\u00bbgcid-primary-color\u00bb header_font_size=\u00bb40px\u00bb header_3_font=\u00bb&#8211;et_global_body_font|700|||||||\u00bb header_3_text_align=\u00bbright\u00bb header_3_text_color=\u00bbgcid-primary-color\u00bb text_orientation=\u00bbright\u00bb custom_padding=\u00bb||0px|||\u00bb custom_css_main_element=\u00bbtext-transform: uppercase\u00bb global_colors_info=\u00bb{%22gcid-primary-color%22:%91%22header_text_color%22,%22header_3_text_color%22,%22text_text_color%22,%22header_text_color%22,%22header_3_text_color%22%93}\u00bb]<\/p>\n<h1>Hotel San Francesc<\/h1>\n<h3><span>Located in the heart of Palma\u2019s Old Town<\/span><\/h3>\n<p>[\/et_pb_text][et_pb_text _builder_version=\u00bb4.27.5&#8243; _module_preset=\u00bbdefault\u00bb text_font=\u00bb|700|||||||\u00bb text_text_color=\u00bbgcid-primary-color\u00bb text_font_size=\u00bb16px\u00bb header_font=\u00bb&#8211;et_global_heading_font|700|||||||\u00bb header_text_align=\u00bbright\u00bb header_text_color=\u00bbgcid-primary-color\u00bb header_font_size=\u00bb60px\u00bb header_3_font=\u00bbppwoodland||||||||\u00bb header_3_text_align=\u00bbright\u00bb header_3_text_color=\u00bbgcid-primary-color\u00bb header_3_font_size=\u00bb40px\u00bb text_orientation=\u00bbright\u00bb custom_padding=\u00bb20px||20px||true|false\u00bb global_colors_info=\u00bb{%22gcid-primary-color%22:%91%22header_text_color%22,%22header_3_text_color%22,%22text_text_color%22,%22header_text_color%22,%22header_3_text_color%22,%22header_text_color%22,%22header_text_color%22,%22header_text_color%22,%22header_3_text_color%22,%22text_text_color%22,%22header_text_color%22,%22header_3_text_color%22,%22header_text_color%22,%22header_text_color%22%93}\u00bb]<\/p>\n<p><span>A more recent addition, this boutique hotel tucked away in the heart of Palma\u2019s Old Town is a great choice for those seeking elegance and comfort in a charming urban setting.<\/span><\/p>\n<p>[\/et_pb_text][et_pb_button button_url=\u00bbhttps:\/\/hotelsantfrancesc.com\/en\/\u00bb url_new_window=\u00bbon\u00bb button_text=\u00bbView website\u00bb button_alignment=\u00bbright\u00bb _builder_version=\u00bb4.27.5&#8243; _module_preset=\u00bbdefault\u00bb custom_button=\u00bbon\u00bb button_text_size=\u00bb16px\u00bb button_font=\u00bb|700|||||||\u00bb button_use_icon=\u00bboff\u00bb custom_margin=\u00bb||||false|false\u00bb custom_margin_tablet=\u00bb||2%||false|false\u00bb custom_margin_phone=\u00bb||4%||false|false\u00bb custom_margin_last_edited=\u00bbon|desktop\u00bb global_colors_info=\u00bb{%22gcid-primary-color%22:%91%22button_bg_color__hover%22,%22button_bg_color__hover%22,%22button_bg_color__hover%22,%22button_bg_color__hover%22,%22button_bg_color__hover%22,%22button_bg_color__hover%22%93}\u00bb button_bg_color__hover_enabled=\u00bbon|hover\u00bb button_bg_color__hover=\u00bb#1c2d59&#8243; button_bg_enable_color__hover=\u00bbon\u00bb button_text_color__hover_enabled=\u00bbon|hover\u00bb button_text_color__hover=\u00bb#FFFFFF\u00bb][\/et_pb_button][\/et_pb_column][et_pb_column type=\u00bb1_2&#8243; _builder_version=\u00bb4.27.5&#8243; _module_preset=\u00bbdefault\u00bb global_colors_info=\u00bb{}\u00bb][et_pb_text _builder_version=\u00bb4.27.5&#8243; _module_preset=\u00bbdefault\u00bb background_image=\u00bbhttps:\/\/theroamingstones.com\/wp-content\/uploads\/2026\/04\/Hotel-San-Francesc.jpg\u00bb height=\u00bb400px\u00bb locked=\u00bboff\u00bb global_colors_info=\u00bb{}\u00bb][\/et_pb_text][et_pb_text _builder_version=\u00bb4.27.5&#8243; _module_preset=\u00bbdefault\u00bb text_font_size=\u00bb12px\u00bb custom_margin=\u00bb-11px|||||\u00bb locked=\u00bboff\u00bb global_colors_info=\u00bb{}\u00bb]<\/p>\n<p><em>Image from Hotel San Francesc\u2019s official website<\/em><\/p>\n<p>[\/et_pb_text][\/et_pb_column][\/et_pb_row][et_pb_row column_structure=\u00bb1_2,1_2&#8243; _builder_version=\u00bb4.27.5&#8243; _module_preset=\u00bbdefault\u00bb border_width_bottom=\u00bb1px\u00bb border_color_bottom=\u00bbgcid-8854a55c-83cf-40c4-87a4-6eaddb37a687&#8243; global_colors_info=\u00bb{%22gcid-8854a55c-83cf-40c4-87a4-6eaddb37a687%22:%91%22border_color_bottom%22%93}\u00bb][et_pb_column type=\u00bb1_2&#8243; _builder_version=\u00bb4.27.5&#8243; _module_preset=\u00bbdefault\u00bb global_colors_info=\u00bb{}\u00bb][et_pb_text _builder_version=\u00bb4.27.5&#8243; _module_preset=\u00bbdefault\u00bb text_font=\u00bb&#8211;et_global_body_font|700|||||||\u00bb text_text_color=\u00bbgcid-primary-color\u00bb text_font_size=\u00bb22px\u00bb header_font=\u00bb|700|||||||\u00bb header_text_align=\u00bbright\u00bb header_text_color=\u00bbgcid-primary-color\u00bb header_font_size=\u00bb40px\u00bb header_3_font=\u00bb&#8211;et_global_body_font|700|||||||\u00bb header_3_text_align=\u00bbright\u00bb header_3_text_color=\u00bbgcid-primary-color\u00bb text_orientation=\u00bbright\u00bb custom_padding=\u00bb||0px|||\u00bb custom_css_main_element=\u00bbtext-transform: uppercase\u00bb global_colors_info=\u00bb{%22gcid-primary-color%22:%91%22header_text_color%22,%22header_3_text_color%22,%22text_text_color%22,%22header_text_color%22,%22header_3_text_color%22%93}\u00bb]<\/p>\n<h1>Mirab\u00f3 de Valldemossa<\/h1>\n<h3><span>A Small boutique home in picturesque mountains of Serra de Tramuntana<\/span><\/h3>\n<p>[\/et_pb_text][et_pb_text _builder_version=\u00bb4.27.5&#8243; _module_preset=\u00bbdefault\u00bb text_font=\u00bb|700|||||||\u00bb text_text_color=\u00bbgcid-primary-color\u00bb text_font_size=\u00bb16px\u00bb header_font=\u00bb&#8211;et_global_heading_font|700|||||||\u00bb header_text_align=\u00bbright\u00bb header_text_color=\u00bbgcid-primary-color\u00bb header_font_size=\u00bb60px\u00bb header_3_font=\u00bbppwoodland||||||||\u00bb header_3_text_align=\u00bbright\u00bb header_3_text_color=\u00bbgcid-primary-color\u00bb header_3_font_size=\u00bb40px\u00bb text_orientation=\u00bbright\u00bb custom_padding=\u00bb20px||20px||true|false\u00bb global_colors_info=\u00bb{%22gcid-primary-color%22:%91%22header_text_color%22,%22header_3_text_color%22,%22text_text_color%22,%22header_text_color%22,%22header_3_text_color%22,%22header_text_color%22,%22header_text_color%22,%22header_text_color%22,%22header_3_text_color%22,%22text_text_color%22,%22header_text_color%22,%22header_3_text_color%22,%22header_text_color%22,%22header_text_color%22%93}\u00bb]<\/p>\n<p><span>An old olive farm turned into a family-run, 9 bedroom boutique hotel in the town of Valldemossa, in the northwest of Mallorca.<br \/><\/span><\/p>\n<p>From \u20ac360\/night<\/p>\n<p>[\/et_pb_text][et_pb_button button_url=\u00bbhttps:\/\/mirabo.es\/en\/our-hotel\u00bb url_new_window=\u00bbon\u00bb button_text=\u00bbView website\u00bb button_alignment=\u00bbright\u00bb _builder_version=\u00bb4.27.5&#8243; _module_preset=\u00bbdefault\u00bb custom_button=\u00bbon\u00bb button_text_size=\u00bb16px\u00bb button_font=\u00bb|700|||||||\u00bb button_use_icon=\u00bboff\u00bb custom_margin=\u00bb||||false|false\u00bb custom_margin_tablet=\u00bb||2%||false|false\u00bb custom_margin_phone=\u00bb||4%||false|false\u00bb custom_margin_last_edited=\u00bbon|desktop\u00bb global_colors_info=\u00bb{%22gcid-primary-color%22:%91%22button_bg_color__hover%22,%22button_bg_color__hover%22,%22button_bg_color__hover%22,%22button_bg_color__hover%22,%22button_bg_color__hover%22,%22button_bg_color__hover%22%93}\u00bb button_bg_color__hover_enabled=\u00bbon|hover\u00bb button_bg_color__hover=\u00bb#1c2d59&#8243; button_bg_enable_color__hover=\u00bbon\u00bb button_text_color__hover_enabled=\u00bbon|hover\u00bb button_text_color__hover=\u00bb#FFFFFF\u00bb][\/et_pb_button][\/et_pb_column][et_pb_column type=\u00bb1_2&#8243; _builder_version=\u00bb4.27.5&#8243; _module_preset=\u00bbdefault\u00bb global_colors_info=\u00bb{}\u00bb][et_pb_text _builder_version=\u00bb4.27.5&#8243; _module_preset=\u00bbdefault\u00bb background_image=\u00bbhttps:\/\/theroamingstones.com\/wp-content\/uploads\/2026\/04\/Hotel-Mirabo-Mallorca-Official-Site.jpg\u00bb height=\u00bb400px\u00bb locked=\u00bboff\u00bb global_colors_info=\u00bb{}\u00bb][\/et_pb_text][et_pb_text _builder_version=\u00bb4.27.5&#8243; _module_preset=\u00bbdefault\u00bb text_font_size=\u00bb12px\u00bb custom_margin=\u00bb-11px|||||\u00bb locked=\u00bboff\u00bb global_colors_info=\u00bb{}\u00bb]<\/p>\n<p><em>Image from Mirab\u00f3 de Valledemossa\u2019s Official Website<\/em><\/p>\n<p>[\/et_pb_text][\/et_pb_column][\/et_pb_row][et_pb_row column_structure=\u00bb1_2,1_2&#8243; _builder_version=\u00bb4.27.5&#8243; _module_preset=\u00bbdefault\u00bb border_width_bottom=\u00bb1px\u00bb border_color_bottom=\u00bbgcid-8854a55c-83cf-40c4-87a4-6eaddb37a687&#8243; global_colors_info=\u00bb{%22gcid-8854a55c-83cf-40c4-87a4-6eaddb37a687%22:%91%22border_color_bottom%22%93}\u00bb][et_pb_column type=\u00bb1_2&#8243; _builder_version=\u00bb4.27.5&#8243; _module_preset=\u00bbdefault\u00bb global_colors_info=\u00bb{}\u00bb][et_pb_text _builder_version=\u00bb4.27.5&#8243; _module_preset=\u00bbdefault\u00bb text_font=\u00bb&#8211;et_global_body_font|700|||||||\u00bb text_text_color=\u00bbgcid-primary-color\u00bb text_font_size=\u00bb22px\u00bb header_font=\u00bb|700|||||||\u00bb header_text_align=\u00bbright\u00bb header_text_color=\u00bbgcid-primary-color\u00bb header_font_size=\u00bb40px\u00bb header_3_font=\u00bb&#8211;et_global_body_font|700|||||||\u00bb header_3_text_align=\u00bbright\u00bb header_3_text_color=\u00bbgcid-primary-color\u00bb text_orientation=\u00bbright\u00bb custom_padding=\u00bb||0px|||\u00bb custom_css_main_element=\u00bbtext-transform: uppercase\u00bb global_colors_info=\u00bb{%22gcid-primary-color%22:%91%22header_text_color%22,%22header_3_text_color%22,%22text_text_color%22,%22header_text_color%22,%22header_3_text_color%22%93}\u00bb]<\/p>\n<h1>Son Bunyola<\/h1>\n<h3><span>Opening mid-June, a stunning restored 16th century historic finca on the Northwest coast<\/span><\/h3>\n<p>[\/et_pb_text][et_pb_text _builder_version=\u00bb4.27.5&#8243; _module_preset=\u00bbdefault\u00bb text_font=\u00bb|700|||||||\u00bb text_text_color=\u00bbgcid-primary-color\u00bb text_font_size=\u00bb16px\u00bb header_font=\u00bb&#8211;et_global_heading_font|700|||||||\u00bb header_text_align=\u00bbright\u00bb header_text_color=\u00bbgcid-primary-color\u00bb header_font_size=\u00bb60px\u00bb header_3_font=\u00bbppwoodland||||||||\u00bb header_3_text_align=\u00bbright\u00bb header_3_text_color=\u00bbgcid-primary-color\u00bb header_3_font_size=\u00bb40px\u00bb text_orientation=\u00bbright\u00bb custom_padding=\u00bb20px||20px||true|false\u00bb global_colors_info=\u00bb{%22gcid-primary-color%22:%91%22header_text_color%22,%22header_3_text_color%22,%22text_text_color%22,%22header_text_color%22,%22header_3_text_color%22,%22header_text_color%22,%22header_text_color%22,%22header_text_color%22,%22header_3_text_color%22,%22text_text_color%22,%22header_text_color%22,%22header_3_text_color%22,%22header_text_color%22,%22header_text_color%22%93}\u00bb]<\/p>\n<p>A restored stunning 16th century historic finca converted into a luxurious hotel, opening mid-June 2023, located in the northwest coast of Mallorca. The hotel is situated on a private estate covering over 700 acres and features stunning views of the ocean on the northern coast and Tramuntana mountain range.<\/p>\n<p>26 stunning rooms and suites, three luxury villas, Sa Terra Rotja, Sa Punta de S\u2019Aguila and Son Balagueret, 2 restaurants, outdoor swimming pool with unrivalled sea views, spa treatment rooms, and miles of hiking trails to explore.<\/p>\n<p>Part of the Virgin Limited Edition collection.<\/p>\n<p>\u00a0From \u20ac750\/night<\/p>\n<p>[\/et_pb_text][et_pb_button button_url=\u00bbhttps:\/\/www.virginlimitededition.com\/son-bunyola\/\u00bb url_new_window=\u00bbon\u00bb button_text=\u00bbView website\u00bb button_alignment=\u00bbright\u00bb _builder_version=\u00bb4.27.5&#8243; _module_preset=\u00bbdefault\u00bb custom_button=\u00bbon\u00bb button_text_size=\u00bb16px\u00bb button_font=\u00bb|700|||||||\u00bb button_use_icon=\u00bboff\u00bb custom_margin=\u00bb||||false|false\u00bb custom_margin_tablet=\u00bb||2%||false|false\u00bb custom_margin_phone=\u00bb||4%||false|false\u00bb custom_margin_last_edited=\u00bbon|desktop\u00bb global_colors_info=\u00bb{%22gcid-primary-color%22:%91%22button_bg_color__hover%22,%22button_bg_color__hover%22,%22button_bg_color__hover%22,%22button_bg_color__hover%22,%22button_bg_color__hover%22,%22button_bg_color__hover%22%93}\u00bb button_bg_color__hover_enabled=\u00bbon|hover\u00bb button_bg_color__hover=\u00bb#1c2d59&#8243; button_bg_enable_color__hover=\u00bbon\u00bb button_text_color__hover_enabled=\u00bbon|hover\u00bb button_text_color__hover=\u00bb#FFFFFF\u00bb][\/et_pb_button][\/et_pb_column][et_pb_column type=\u00bb1_2&#8243; _builder_version=\u00bb4.27.5&#8243; _module_preset=\u00bbdefault\u00bb global_colors_info=\u00bb{}\u00bb][et_pb_text _builder_version=\u00bb4.27.5&#8243; _module_preset=\u00bbdefault\u00bb background_image=\u00bbhttps:\/\/theroamingstones.com\/wp-content\/uploads\/2026\/04\/Son-Bunyola-Offcial-Website.jpg\u00bb height=\u00bb400px\u00bb locked=\u00bboff\u00bb global_colors_info=\u00bb{}\u00bb][\/et_pb_text][et_pb_text _builder_version=\u00bb4.27.5&#8243; _module_preset=\u00bbdefault\u00bb text_font_size=\u00bb12px\u00bb custom_margin=\u00bb-11px|||||\u00bb locked=\u00bboff\u00bb global_colors_info=\u00bb{}\u00bb]<\/p>\n<p><em>Image from Son Bunyola\u2019s Official Website<\/em><\/p>\n<p>[\/et_pb_text][\/et_pb_column][\/et_pb_row][et_pb_row column_structure=\u00bb1_2,1_2&#8243; _builder_version=\u00bb4.27.5&#8243; _module_preset=\u00bbdefault\u00bb border_width_bottom=\u00bb1px\u00bb border_color_bottom=\u00bbgcid-8854a55c-83cf-40c4-87a4-6eaddb37a687&#8243; global_colors_info=\u00bb{%22gcid-8854a55c-83cf-40c4-87a4-6eaddb37a687%22:%91%22border_color_bottom%22%93}\u00bb][et_pb_column type=\u00bb1_2&#8243; _builder_version=\u00bb4.27.5&#8243; _module_preset=\u00bbdefault\u00bb global_colors_info=\u00bb{}\u00bb][et_pb_text _builder_version=\u00bb4.27.5&#8243; _module_preset=\u00bbdefault\u00bb text_font=\u00bb&#8211;et_global_body_font|700|||||||\u00bb text_text_color=\u00bbgcid-primary-color\u00bb text_font_size=\u00bb22px\u00bb header_font=\u00bb|700|||||||\u00bb header_text_align=\u00bbright\u00bb header_text_color=\u00bbgcid-primary-color\u00bb header_font_size=\u00bb40px\u00bb header_3_font=\u00bb&#8211;et_global_body_font|700|||||||\u00bb header_3_text_align=\u00bbright\u00bb header_3_text_color=\u00bbgcid-primary-color\u00bb text_orientation=\u00bbright\u00bb custom_padding=\u00bb||0px|||\u00bb custom_css_main_element=\u00bbtext-transform: uppercase\u00bb global_colors_info=\u00bb{%22gcid-primary-color%22:%91%22header_text_color%22,%22header_3_text_color%22,%22text_text_color%22,%22header_text_color%22,%22header_3_text_color%22%93}\u00bb]<\/p>\n<h1>son net<\/h1>\n<h3><span>A Cortesin Hotel, at the foot of La Sierra de Tramuntana<\/span><\/h3>\n<p>[\/et_pb_text][et_pb_text _builder_version=\u00bb4.27.5&#8243; _module_preset=\u00bbdefault\u00bb text_font=\u00bb|700|||||||\u00bb text_text_color=\u00bbgcid-primary-color\u00bb text_font_size=\u00bb16px\u00bb header_font=\u00bb&#8211;et_global_heading_font|700|||||||\u00bb header_text_align=\u00bbright\u00bb header_text_color=\u00bbgcid-primary-color\u00bb header_font_size=\u00bb60px\u00bb header_3_font=\u00bbppwoodland||||||||\u00bb header_3_text_align=\u00bbright\u00bb header_3_text_color=\u00bbgcid-primary-color\u00bb header_3_font_size=\u00bb40px\u00bb text_orientation=\u00bbright\u00bb custom_padding=\u00bb20px||20px||true|false\u00bb global_colors_info=\u00bb{%22gcid-primary-color%22:%91%22header_text_color%22,%22header_3_text_color%22,%22text_text_color%22,%22header_text_color%22,%22header_3_text_color%22,%22header_text_color%22,%22header_text_color%22,%22header_text_color%22,%22header_3_text_color%22,%22text_text_color%22,%22header_text_color%22,%22header_3_text_color%22,%22header_text_color%22,%22header_text_color%22%93}\u00bb]<\/p>\n<p>Lovely boutique hotel nestled in the hills of Puigpunyent, just 15 minutes from Palma. An estate turned into hotel, colonial influences galore, sharing the sophistication of its prestigious past and featuring a stunning pool and vineyard and state of the art brand new Spa.\u00a0<\/p>\n<p>A wonderful destination for those who seek a quiet country setting with all the luxury services.<\/p>\n<p>[\/et_pb_text][et_pb_button button_url=\u00bbhttps:\/\/sonnet.es\/\u00bb url_new_window=\u00bbon\u00bb button_text=\u00bbView website\u00bb button_alignment=\u00bbright\u00bb _builder_version=\u00bb4.27.5&#8243; _module_preset=\u00bbdefault\u00bb custom_button=\u00bbon\u00bb button_text_size=\u00bb16px\u00bb button_font=\u00bb|700|||||||\u00bb button_use_icon=\u00bboff\u00bb custom_margin=\u00bb||||false|false\u00bb custom_margin_tablet=\u00bb||2%||false|false\u00bb custom_margin_phone=\u00bb||4%||false|false\u00bb custom_margin_last_edited=\u00bbon|desktop\u00bb global_colors_info=\u00bb{%22gcid-primary-color%22:%91%22button_bg_color__hover%22,%22button_bg_color__hover%22,%22button_bg_color__hover%22,%22button_bg_color__hover%22,%22button_bg_color__hover%22,%22button_bg_color__hover%22%93}\u00bb button_bg_color__hover_enabled=\u00bbon|hover\u00bb button_bg_color__hover=\u00bb#1c2d59&#8243; button_bg_enable_color__hover=\u00bbon\u00bb button_text_color__hover_enabled=\u00bbon|hover\u00bb button_text_color__hover=\u00bb#FFFFFF\u00bb][\/et_pb_button][\/et_pb_column][et_pb_column type=\u00bb1_2&#8243; _builder_version=\u00bb4.27.5&#8243; _module_preset=\u00bbdefault\u00bb global_colors_info=\u00bb{}\u00bb][et_pb_text _builder_version=\u00bb4.27.5&#8243; _module_preset=\u00bbdefault\u00bb background_image=\u00bbhttps:\/\/theroamingstones.com\/wp-content\/uploads\/2026\/04\/Son-Net-Room-official-site.jpg\u00bb height=\u00bb400px\u00bb locked=\u00bboff\u00bb global_colors_info=\u00bb{}\u00bb][\/et_pb_text][et_pb_text _builder_version=\u00bb4.27.5&#8243; _module_preset=\u00bbdefault\u00bb text_font_size=\u00bb12px\u00bb custom_margin=\u00bb-11px|||||\u00bb locked=\u00bboff\u00bb global_colors_info=\u00bb{}\u00bb]<\/p>\n<p><em>Image from Son Net\u2019s Official Website<\/em><\/p>\n<p>[\/et_pb_text][\/et_pb_column][\/et_pb_row][et_pb_row column_structure=\u00bb1_2,1_2&#8243; _builder_version=\u00bb4.27.5&#8243; _module_preset=\u00bbdefault\u00bb border_width_bottom=\u00bb1px\u00bb border_color_bottom=\u00bbgcid-8854a55c-83cf-40c4-87a4-6eaddb37a687&#8243; global_colors_info=\u00bb{%22gcid-8854a55c-83cf-40c4-87a4-6eaddb37a687%22:%91%22border_color_bottom%22%93}\u00bb][et_pb_column type=\u00bb1_2&#8243; _builder_version=\u00bb4.27.5&#8243; _module_preset=\u00bbdefault\u00bb global_colors_info=\u00bb{}\u00bb][et_pb_text _builder_version=\u00bb4.27.5&#8243; _module_preset=\u00bbdefault\u00bb text_font=\u00bb&#8211;et_global_body_font|700|||||||\u00bb text_text_color=\u00bbgcid-primary-color\u00bb text_font_size=\u00bb22px\u00bb header_font=\u00bb|700|||||||\u00bb header_text_align=\u00bbright\u00bb header_text_color=\u00bbgcid-primary-color\u00bb header_font_size=\u00bb40px\u00bb header_3_font=\u00bb&#8211;et_global_body_font|700|||||||\u00bb header_3_text_align=\u00bbright\u00bb header_3_text_color=\u00bbgcid-primary-color\u00bb text_orientation=\u00bbright\u00bb custom_padding=\u00bb||0px|||\u00bb custom_css_main_element=\u00bbtext-transform: uppercase\u00bb global_colors_info=\u00bb{%22gcid-primary-color%22:%91%22header_text_color%22,%22header_3_text_color%22,%22text_text_color%22,%22header_text_color%22,%22header_3_text_color%22%93}\u00bb]<\/p>\n<h1>Son Viscos Agroturisme<\/h1>\n<h3><span>Bed &amp; Breakfast in Valldemossa<\/span><\/h3>\n<p>[\/et_pb_text][et_pb_text _builder_version=\u00bb4.27.5&#8243; _module_preset=\u00bbdefault\u00bb text_font=\u00bb|700|||||||\u00bb text_text_color=\u00bbgcid-primary-color\u00bb text_font_size=\u00bb16px\u00bb header_font=\u00bb&#8211;et_global_heading_font|700|||||||\u00bb header_text_align=\u00bbright\u00bb header_text_color=\u00bbgcid-primary-color\u00bb header_font_size=\u00bb60px\u00bb header_3_font=\u00bbppwoodland||||||||\u00bb header_3_text_align=\u00bbright\u00bb header_3_text_color=\u00bbgcid-primary-color\u00bb header_3_font_size=\u00bb40px\u00bb text_orientation=\u00bbright\u00bb custom_padding=\u00bb20px||20px||true|false\u00bb global_colors_info=\u00bb{%22gcid-primary-color%22:%91%22header_text_color%22,%22header_3_text_color%22,%22text_text_color%22,%22header_text_color%22,%22header_3_text_color%22,%22header_text_color%22,%22header_text_color%22,%22header_text_color%22,%22header_3_text_color%22,%22text_text_color%22,%22header_text_color%22,%22header_3_text_color%22,%22header_text_color%22,%22header_text_color%22%93}\u00bb]<\/p>\n<p><span>Beautiful bed and breakfast in Valldemossa. If you would like to hike, explore the charming old town Valldemossa, and possibly boat on the magnificent northern coast of Mallorca, then this region where the B&amp;B is located is for you. If you do choose this area, car rental is a must.<\/span><\/p>\n<p>[\/et_pb_text][et_pb_button button_url=\u00bbhttps:\/\/sonviscos.net\/\u00bb url_new_window=\u00bbon\u00bb button_text=\u00bbView website\u00bb button_alignment=\u00bbright\u00bb _builder_version=\u00bb4.27.5&#8243; _module_preset=\u00bbdefault\u00bb custom_button=\u00bbon\u00bb button_text_size=\u00bb16px\u00bb button_font=\u00bb|700|||||||\u00bb button_use_icon=\u00bboff\u00bb custom_margin=\u00bb||||false|false\u00bb custom_margin_tablet=\u00bb||2%||false|false\u00bb custom_margin_phone=\u00bb||4%||false|false\u00bb custom_margin_last_edited=\u00bbon|desktop\u00bb global_colors_info=\u00bb{%22gcid-primary-color%22:%91%22button_bg_color__hover%22,%22button_bg_color__hover%22,%22button_bg_color__hover%22,%22button_bg_color__hover%22,%22button_bg_color__hover%22,%22button_bg_color__hover%22%93}\u00bb button_bg_color__hover_enabled=\u00bbon|hover\u00bb button_bg_color__hover=\u00bb#1c2d59&#8243; button_bg_enable_color__hover=\u00bbon\u00bb button_text_color__hover_enabled=\u00bbon|hover\u00bb button_text_color__hover=\u00bb#FFFFFF\u00bb][\/et_pb_button][\/et_pb_column][et_pb_column type=\u00bb1_2&#8243; _builder_version=\u00bb4.27.5&#8243; _module_preset=\u00bbdefault\u00bb global_colors_info=\u00bb{}\u00bb][et_pb_text _builder_version=\u00bb4.27.5&#8243; _module_preset=\u00bbdefault\u00bb background_image=\u00bbhttps:\/\/theroamingstones.com\/wp-content\/uploads\/2026\/04\/Son-Viscos-official-site.jpg\u00bb height=\u00bb400px\u00bb locked=\u00bboff\u00bb global_colors_info=\u00bb{}\u00bb][\/et_pb_text][et_pb_text _builder_version=\u00bb4.27.5&#8243; _module_preset=\u00bbdefault\u00bb text_font_size=\u00bb12px\u00bb custom_margin=\u00bb-11px|||||\u00bb locked=\u00bboff\u00bb global_colors_info=\u00bb{}\u00bb]<\/p>\n<p><em>Image from Son Viscos\u2019s Official Website<\/em><\/p>\n<p>[\/et_pb_text][\/et_pb_column][\/et_pb_row][\/et_pb_section][et_pb_section fb_built=\u00bb1&#8243; module_id=\u00bbeat\u00bb _builder_version=\u00bb4.27.5&#8243; _module_preset=\u00bbdefault\u00bb background_color=\u00bbgcid-8854a55c-83cf-40c4-87a4-6eaddb37a687&#8243; custom_padding=\u00bb0px||0px|||\u00bb locked=\u00bboff\u00bb global_colors_info=\u00bb{%22gcid-8854a55c-83cf-40c4-87a4-6eaddb37a687%22:%91%22background_color%22%93}\u00bb][et_pb_row column_structure=\u00bb1_4,3_4&#8243; use_custom_gutter=\u00bbon\u00bb gutter_width=\u00bb2&#8243; make_equal=\u00bbon\u00bb _builder_version=\u00bb4.27.5&#8243; _module_preset=\u00bbdefault\u00bb custom_css_main_element=\u00bbalign-items: center;\u00bb global_colors_info=\u00bb{}\u00bb][et_pb_column type=\u00bb1_4&#8243; _builder_version=\u00bb4.27.5&#8243; _module_preset=\u00bbdefault\u00bb global_colors_info=\u00bb{}\u00bb][et_pb_image src=\u00bbhttps:\/\/theroamingstones.com\/wp-content\/uploads\/2026\/02\/logo_eat.png\u00bb title_text=\u00bblogo_eat\u00bb align=\u00bbcenter\u00bb _builder_version=\u00bb4.27.5&#8243; _module_preset=\u00bbdefault\u00bb global_colors_info=\u00bb{}\u00bb][\/et_pb_image][\/et_pb_column][et_pb_column type=\u00bb3_4&#8243; _builder_version=\u00bb4.27.5&#8243; _module_preset=\u00bbdefault\u00bb global_colors_info=\u00bb{}\u00bb][et_pb_text _builder_version=\u00bb4.27.5&#8243; _module_preset=\u00bbdefault\u00bb text_font_size=\u00bb18px\u00bb header_font=\u00bbppwoodland|700|||||||\u00bb header_text_align=\u00bbleft\u00bb header_text_color=\u00bb#FFFFFF\u00bb header_font_size=\u00bb60px\u00bb header_3_font=\u00bbppwoodland||||||||\u00bb header_3_text_align=\u00bbleft\u00bb header_3_text_color=\u00bb#FFFFFF\u00bb header_3_font_size=\u00bb40px\u00bb text_orientation=\u00bbright\u00bb custom_padding=\u00bb20px||||false|false\u00bb global_colors_info=\u00bb{}\u00bb header_text_align_tablet=\u00bbcenter\u00bb header_text_align_last_edited=\u00bbon|tablet\u00bb header_text_align_phone=\u00bbcenter\u00bb]<\/p>\n<h1>Eat<\/h1>\n<p>[\/et_pb_text][\/et_pb_column][\/et_pb_row][\/et_pb_section][et_pb_section fb_built=\u00bb1&#8243; _builder_version=\u00bb4.27.5&#8243; _module_preset=\u00bbdefault\u00bb global_colors_info=\u00bb{}\u00bb][et_pb_row column_structure=\u00bb1_2,1_2&#8243; _builder_version=\u00bb4.27.5&#8243; _module_preset=\u00bbdefault\u00bb border_width_bottom=\u00bb1px\u00bb border_color_bottom=\u00bbgcid-8854a55c-83cf-40c4-87a4-6eaddb37a687&#8243; global_colors_info=\u00bb{%22gcid-8854a55c-83cf-40c4-87a4-6eaddb37a687%22:%91%22border_color_bottom%22%93}\u00bb][et_pb_column type=\u00bb1_2&#8243; _builder_version=\u00bb4.27.5&#8243; _module_preset=\u00bbdefault\u00bb global_colors_info=\u00bb{}\u00bb][et_pb_text _builder_version=\u00bb4.27.5&#8243; _module_preset=\u00bbdefault\u00bb text_font=\u00bb&#8211;et_global_body_font|700|||||||\u00bb text_text_color=\u00bbgcid-primary-color\u00bb text_font_size=\u00bb22px\u00bb header_font=\u00bb|700|||||||\u00bb header_text_align=\u00bbright\u00bb header_text_color=\u00bbgcid-primary-color\u00bb header_font_size=\u00bb40px\u00bb header_3_font=\u00bb&#8211;et_global_body_font|700|||||||\u00bb header_3_text_align=\u00bbright\u00bb header_3_text_color=\u00bbgcid-primary-color\u00bb text_orientation=\u00bbright\u00bb custom_padding=\u00bb||0px|||\u00bb custom_css_main_element=\u00bbtext-transform: uppercase\u00bb global_colors_info=\u00bb{%22gcid-primary-color%22:%91%22header_text_color%22,%22header_3_text_color%22,%22text_text_color%22,%22header_text_color%22,%22header_3_text_color%22%93}\u00bb]<\/p>\n<h1>B\u00e9ns D\u2019avall<\/h1>\n<h3><span>Located in the mountains between S\u00f3ller &amp; Dei\u00e0<\/span><\/h3>\n<p>[\/et_pb_text][et_pb_text _builder_version=\u00bb4.27.5&#8243; _module_preset=\u00bbdefault\u00bb text_font=\u00bb|700|||||||\u00bb text_text_color=\u00bbgcid-primary-color\u00bb text_font_size=\u00bb16px\u00bb header_font=\u00bb&#8211;et_global_heading_font|700|||||||\u00bb header_text_align=\u00bbright\u00bb header_text_color=\u00bbgcid-primary-color\u00bb header_font_size=\u00bb60px\u00bb header_3_font=\u00bbppwoodland||||||||\u00bb header_3_text_align=\u00bbright\u00bb header_3_text_color=\u00bbgcid-primary-color\u00bb header_3_font_size=\u00bb40px\u00bb text_orientation=\u00bbright\u00bb custom_padding=\u00bb20px||20px||true|false\u00bb global_colors_info=\u00bb{%22gcid-primary-color%22:%91%22header_text_color%22,%22header_3_text_color%22,%22text_text_color%22,%22header_text_color%22,%22header_3_text_color%22,%22header_text_color%22,%22header_text_color%22,%22header_text_color%22,%22header_3_text_color%22,%22text_text_color%22,%22header_text_color%22,%22header_3_text_color%22,%22header_text_color%22,%22header_text_color%22%93}\u00bb]<\/p>\n<p><span>For those who love a sophisticated gastronomic multi-course experience, this restaurant is for you. Beautiful setting on the North Coast, settled in the mountains with never-ending sea views.<\/span><\/p>\n<p>[\/et_pb_text][et_pb_button button_url=\u00bbhttps:\/\/www.bensdavall.com\/?lang=en\u00bb url_new_window=\u00bbon\u00bb button_text=\u00bbView website\u00bb button_alignment=\u00bbright\u00bb _builder_version=\u00bb4.27.5&#8243; _module_preset=\u00bbdefault\u00bb custom_button=\u00bbon\u00bb button_text_size=\u00bb16px\u00bb button_font=\u00bb|700|||||||\u00bb button_use_icon=\u00bboff\u00bb custom_margin=\u00bb||||false|false\u00bb custom_margin_tablet=\u00bb||2%||false|false\u00bb custom_margin_phone=\u00bb||4%||false|false\u00bb custom_margin_last_edited=\u00bbon|desktop\u00bb global_colors_info=\u00bb{%22gcid-primary-color%22:%91%22button_bg_color__hover%22,%22button_bg_color__hover%22,%22button_bg_color__hover%22,%22button_bg_color__hover%22,%22button_bg_color__hover%22,%22button_bg_color__hover%22%93}\u00bb button_bg_color__hover_enabled=\u00bbon|hover\u00bb button_bg_color__hover=\u00bb#1c2d59&#8243; button_bg_enable_color__hover=\u00bbon\u00bb button_text_color__hover_enabled=\u00bbon|hover\u00bb button_text_color__hover=\u00bb#FFFFFF\u00bb][\/et_pb_button][\/et_pb_column][et_pb_column type=\u00bb1_2&#8243; _builder_version=\u00bb4.27.5&#8243; _module_preset=\u00bbdefault\u00bb global_colors_info=\u00bb{}\u00bb][et_pb_text _builder_version=\u00bb4.27.5&#8243; _module_preset=\u00bbdefault\u00bb background_image=\u00bbhttps:\/\/theroamingstones.com\/wp-content\/uploads\/2026\/04\/Bens-Davall-FB-restaurant.jpg\u00bb height=\u00bb400px\u00bb locked=\u00bboff\u00bb global_colors_info=\u00bb{}\u00bb][\/et_pb_text][et_pb_text _builder_version=\u00bb4.27.5&#8243; _module_preset=\u00bbdefault\u00bb text_font_size=\u00bb12px\u00bb custom_margin=\u00bb-11px|||||\u00bb locked=\u00bboff\u00bb global_colors_info=\u00bb{}\u00bb]<\/p>\n<p><em>Image from B\u00e9ns D\u2019Avall\u2019s official website<\/em><\/p>\n<p>[\/et_pb_text][\/et_pb_column][\/et_pb_row][et_pb_row column_structure=\u00bb1_2,1_2&#8243; module_id=\u00bbpatro\u00bb _builder_version=\u00bb4.27.5&#8243; _module_preset=\u00bbdefault\u00bb border_width_bottom=\u00bb1px\u00bb border_color_bottom=\u00bbgcid-8854a55c-83cf-40c4-87a4-6eaddb37a687&#8243; global_colors_info=\u00bb{%22gcid-8854a55c-83cf-40c4-87a4-6eaddb37a687%22:%91%22border_color_bottom%22%93}\u00bb][et_pb_column type=\u00bb1_2&#8243; _builder_version=\u00bb4.27.5&#8243; _module_preset=\u00bbdefault\u00bb global_colors_info=\u00bb{}\u00bb][et_pb_text _builder_version=\u00bb4.27.5&#8243; _module_preset=\u00bbdefault\u00bb text_font=\u00bb&#8211;et_global_body_font|700|||||||\u00bb text_text_color=\u00bbgcid-primary-color\u00bb text_font_size=\u00bb22px\u00bb header_font=\u00bb|700|||||||\u00bb header_text_align=\u00bbright\u00bb header_text_color=\u00bbgcid-primary-color\u00bb header_font_size=\u00bb40px\u00bb header_3_font=\u00bb&#8211;et_global_body_font|700|||||||\u00bb header_3_text_align=\u00bbright\u00bb header_3_text_color=\u00bbgcid-primary-color\u00bb text_orientation=\u00bbright\u00bb custom_padding=\u00bb||0px|||\u00bb custom_css_main_element=\u00bbtext-transform: uppercase\u00bb global_colors_info=\u00bb{%22gcid-primary-color%22:%91%22header_text_color%22,%22header_3_text_color%22,%22text_text_color%22,%22header_text_color%22,%22header_3_text_color%22%93}\u00bb]<\/p>\n<h1>Ca\u2019s patr\u00f3 March<\/h1>\n<h3><span>Located in cala dei\u00e0<\/span><\/h3>\n<p>[\/et_pb_text][et_pb_text _builder_version=\u00bb4.27.5&#8243; _module_preset=\u00bbdefault\u00bb text_font=\u00bb|700|||||||\u00bb text_text_color=\u00bbgcid-primary-color\u00bb text_font_size=\u00bb16px\u00bb header_font=\u00bb&#8211;et_global_heading_font|700|||||||\u00bb header_text_align=\u00bbright\u00bb header_text_color=\u00bbgcid-primary-color\u00bb header_font_size=\u00bb60px\u00bb header_3_font=\u00bbppwoodland||||||||\u00bb header_3_text_align=\u00bbright\u00bb header_3_text_color=\u00bbgcid-primary-color\u00bb header_3_font_size=\u00bb40px\u00bb text_orientation=\u00bbright\u00bb custom_padding=\u00bb20px||20px||true|false\u00bb global_colors_info=\u00bb{%22gcid-primary-color%22:%91%22header_text_color%22,%22header_3_text_color%22,%22text_text_color%22,%22header_text_color%22,%22header_3_text_color%22,%22header_text_color%22,%22header_text_color%22,%22header_text_color%22,%22header_3_text_color%22,%22text_text_color%22,%22header_text_color%22,%22header_3_text_color%22,%22header_text_color%22,%22header_text_color%22%93}\u00bb]<\/p>\n<p><span>A delicious fish restaurant perched on the rocks just off the sea in beautiful Cala Dei\u00e0. We recommend combining with a stunning walk\/hike out of Cala Dei\u00e0, see details in MALLORCA \u2013 OUTDOOR VENTURE.<\/span><\/p>\n<p>[\/et_pb_text][et_pb_button button_url=\u00bbhttps:\/\/caspatromarch.myrestoo.net\/en\/reservar\u00bb url_new_window=\u00bbon\u00bb button_text=\u00bbView website\u00bb button_alignment=\u00bbright\u00bb _builder_version=\u00bb4.27.5&#8243; _module_preset=\u00bbdefault\u00bb custom_button=\u00bbon\u00bb button_text_size=\u00bb16px\u00bb button_font=\u00bb|700|||||||\u00bb button_use_icon=\u00bboff\u00bb custom_margin=\u00bb||||false|false\u00bb custom_margin_tablet=\u00bb||2%||false|false\u00bb custom_margin_phone=\u00bb||4%||false|false\u00bb custom_margin_last_edited=\u00bbon|desktop\u00bb global_colors_info=\u00bb{%22gcid-primary-color%22:%91%22button_bg_color__hover%22,%22button_bg_color__hover%22,%22button_bg_color__hover%22,%22button_bg_color__hover%22,%22button_bg_color__hover%22,%22button_bg_color__hover%22%93}\u00bb button_bg_color__hover_enabled=\u00bbon|hover\u00bb button_bg_color__hover=\u00bb#1c2d59&#8243; button_bg_enable_color__hover=\u00bbon\u00bb button_text_color__hover_enabled=\u00bbon|hover\u00bb button_text_color__hover=\u00bb#FFFFFF\u00bb][\/et_pb_button][\/et_pb_column][et_pb_column type=\u00bb1_2&#8243; _builder_version=\u00bb4.27.5&#8243; _module_preset=\u00bbdefault\u00bb global_colors_info=\u00bb{}\u00bb][et_pb_text _builder_version=\u00bb4.27.5&#8243; _module_preset=\u00bbdefault\u00bb background_image=\u00bbhttps:\/\/theroamingstones.com\/wp-content\/uploads\/2026\/04\/IMG_9802-scaled-1.jpg\u00bb height=\u00bb400px\u00bb locked=\u00bboff\u00bb global_colors_info=\u00bb{}\u00bb][\/et_pb_text][et_pb_text _builder_version=\u00bb4.27.5&#8243; _module_preset=\u00bbdefault\u00bb text_font_size=\u00bb12px\u00bb custom_margin=\u00bb-11px|||||\u00bb locked=\u00bboff\u00bb global_colors_info=\u00bb{}\u00bb]<\/p>\n<p><em>Image from Roaming Stones<\/em><\/p>\n<p>[\/et_pb_text][\/et_pb_column][\/et_pb_row][et_pb_row column_structure=\u00bb1_2,1_2&#8243; _builder_version=\u00bb4.27.5&#8243; _module_preset=\u00bbdefault\u00bb border_width_bottom=\u00bb1px\u00bb border_color_bottom=\u00bbgcid-8854a55c-83cf-40c4-87a4-6eaddb37a687&#8243; global_colors_info=\u00bb{%22gcid-8854a55c-83cf-40c4-87a4-6eaddb37a687%22:%91%22border_color_bottom%22%93}\u00bb][et_pb_column type=\u00bb1_2&#8243; _builder_version=\u00bb4.27.5&#8243; _module_preset=\u00bbdefault\u00bb global_colors_info=\u00bb{}\u00bb][et_pb_text _builder_version=\u00bb4.27.5&#8243; _module_preset=\u00bbdefault\u00bb text_font=\u00bb&#8211;et_global_body_font|700|||||||\u00bb text_text_color=\u00bbgcid-primary-color\u00bb text_font_size=\u00bb22px\u00bb header_font=\u00bb|700|||||||\u00bb header_text_align=\u00bbright\u00bb header_text_color=\u00bbgcid-primary-color\u00bb header_font_size=\u00bb40px\u00bb header_3_font=\u00bb&#8211;et_global_body_font|700|||||||\u00bb header_3_text_align=\u00bbright\u00bb header_3_text_color=\u00bbgcid-primary-color\u00bb text_orientation=\u00bbright\u00bb custom_padding=\u00bb||0px|||\u00bb custom_css_main_element=\u00bbtext-transform: uppercase\u00bb global_colors_info=\u00bb{%22gcid-primary-color%22:%91%22header_text_color%22,%22header_3_text_color%22,%22text_text_color%22,%22header_text_color%22,%22header_3_text_color%22%93}\u00bb]<\/p>\n<h1>CAP ROCAT: SEA CLUB<\/h1>\n<h3><span>Located at the Cap Rocat Hotel, in the bay of Palma<\/span><\/h3>\n<p>[\/et_pb_text][et_pb_text _builder_version=\u00bb4.27.5&#8243; _module_preset=\u00bbdefault\u00bb text_font=\u00bb|700|||||||\u00bb text_text_color=\u00bbgcid-primary-color\u00bb text_font_size=\u00bb16px\u00bb header_font=\u00bb&#8211;et_global_heading_font|700|||||||\u00bb header_text_align=\u00bbright\u00bb header_text_color=\u00bbgcid-primary-color\u00bb header_font_size=\u00bb60px\u00bb header_3_font=\u00bbppwoodland||||||||\u00bb header_3_text_align=\u00bbright\u00bb header_3_text_color=\u00bbgcid-primary-color\u00bb header_3_font_size=\u00bb40px\u00bb text_orientation=\u00bbright\u00bb custom_padding=\u00bb20px||20px||true|false\u00bb global_colors_info=\u00bb{%22gcid-primary-color%22:%91%22header_text_color%22,%22header_3_text_color%22,%22text_text_color%22,%22header_text_color%22,%22header_3_text_color%22,%22header_text_color%22,%22header_text_color%22,%22header_text_color%22,%22header_3_text_color%22,%22text_text_color%22,%22header_text_color%22,%22header_3_text_color%22,%22header_text_color%22,%22header_text_color%22%93}\u00bb]<\/p>\n<p><span>Cap Rocat\u2019s Sea Club is a wonderful restaurant and great choice for a memorable meal, even if you\u2019re not staying at the hotel. Just 25 minute drive from Palma, Cap Rocat is a truly unique hotel in a former military fortress. The restaurant is perched on the sea side, with spectacular views. Indulge in delicious whole grilled fish, fresh raw fish, grilled meat and traditional rices.<\/span><\/p>\n<p>[\/et_pb_text][et_pb_button button_url=\u00bbhttps:\/\/caprocat.com\/en\/sea-club\/\u00bb url_new_window=\u00bbon\u00bb button_text=\u00bbView website\u00bb button_alignment=\u00bbright\u00bb _builder_version=\u00bb4.27.5&#8243; _module_preset=\u00bbdefault\u00bb custom_button=\u00bbon\u00bb button_text_size=\u00bb16px\u00bb button_font=\u00bb|700|||||||\u00bb button_use_icon=\u00bboff\u00bb custom_margin=\u00bb||||false|false\u00bb custom_margin_tablet=\u00bb||2%||false|false\u00bb custom_margin_phone=\u00bb||4%||false|false\u00bb custom_margin_last_edited=\u00bbon|desktop\u00bb global_colors_info=\u00bb{%22gcid-primary-color%22:%91%22button_bg_color__hover%22,%22button_bg_color__hover%22,%22button_bg_color__hover%22,%22button_bg_color__hover%22,%22button_bg_color__hover%22,%22button_bg_color__hover%22%93}\u00bb button_bg_color__hover_enabled=\u00bbon|hover\u00bb button_bg_color__hover=\u00bb#1c2d59&#8243; button_bg_enable_color__hover=\u00bbon\u00bb button_text_color__hover_enabled=\u00bbon|hover\u00bb button_text_color__hover=\u00bb#FFFFFF\u00bb][\/et_pb_button][\/et_pb_column][et_pb_column type=\u00bb1_2&#8243; _builder_version=\u00bb4.27.5&#8243; _module_preset=\u00bbdefault\u00bb global_colors_info=\u00bb{}\u00bb][et_pb_text _builder_version=\u00bb4.27.5&#8243; _module_preset=\u00bbdefault\u00bb background_image=\u00bbhttps:\/\/theroamingstones.com\/wp-content\/uploads\/2026\/04\/IMG_8707-scaled-1.jpg\u00bb height=\u00bb400px\u00bb locked=\u00bboff\u00bb global_colors_info=\u00bb{}\u00bb][\/et_pb_text][et_pb_text _builder_version=\u00bb4.27.5&#8243; _module_preset=\u00bbdefault\u00bb text_font_size=\u00bb12px\u00bb custom_margin=\u00bb-11px|||||\u00bb locked=\u00bboff\u00bb global_colors_info=\u00bb{}\u00bb]<\/p>\n<p><em>Image from Roaming Stones<\/em><\/p>\n<p>[\/et_pb_text][\/et_pb_column][\/et_pb_row][et_pb_row column_structure=\u00bb1_2,1_2&#8243; _builder_version=\u00bb4.27.5&#8243; _module_preset=\u00bbdefault\u00bb border_width_bottom=\u00bb1px\u00bb border_color_bottom=\u00bbgcid-8854a55c-83cf-40c4-87a4-6eaddb37a687&#8243; global_colors_info=\u00bb{%22gcid-8854a55c-83cf-40c4-87a4-6eaddb37a687%22:%91%22border_color_bottom%22%93}\u00bb][et_pb_column type=\u00bb1_2&#8243; _builder_version=\u00bb4.27.5&#8243; _module_preset=\u00bbdefault\u00bb global_colors_info=\u00bb{}\u00bb][et_pb_text _builder_version=\u00bb4.27.5&#8243; _module_preset=\u00bbdefault\u00bb text_font=\u00bb&#8211;et_global_body_font|700|||||||\u00bb text_text_color=\u00bbgcid-primary-color\u00bb text_font_size=\u00bb22px\u00bb header_font=\u00bb|700|||||||\u00bb header_text_align=\u00bbright\u00bb header_text_color=\u00bbgcid-primary-color\u00bb header_font_size=\u00bb40px\u00bb header_3_font=\u00bb&#8211;et_global_body_font|700|||||||\u00bb header_3_text_align=\u00bbright\u00bb header_3_text_color=\u00bbgcid-primary-color\u00bb text_orientation=\u00bbright\u00bb custom_padding=\u00bb||0px|||\u00bb custom_css_main_element=\u00bbtext-transform: uppercase\u00bb global_colors_info=\u00bb{%22gcid-primary-color%22:%91%22header_text_color%22,%22header_3_text_color%22,%22text_text_color%22,%22header_text_color%22,%22header_3_text_color%22%93}\u00bb]<\/p>\n<h1>El olivo<\/h1>\n<h3><span>Located in belmond\u2019s La residencia hotel, dei\u00e0<\/span><\/h3>\n<p>[\/et_pb_text][et_pb_text _builder_version=\u00bb4.27.5&#8243; _module_preset=\u00bbdefault\u00bb text_font=\u00bb|700|||||||\u00bb text_text_color=\u00bbgcid-primary-color\u00bb text_font_size=\u00bb16px\u00bb header_font=\u00bb&#8211;et_global_heading_font|700|||||||\u00bb header_text_align=\u00bbright\u00bb header_text_color=\u00bbgcid-primary-color\u00bb header_font_size=\u00bb60px\u00bb header_3_font=\u00bbppwoodland||||||||\u00bb header_3_text_align=\u00bbright\u00bb header_3_text_color=\u00bbgcid-primary-color\u00bb header_3_font_size=\u00bb40px\u00bb text_orientation=\u00bbright\u00bb custom_padding=\u00bb20px||20px||true|false\u00bb global_colors_info=\u00bb{%22gcid-primary-color%22:%91%22header_text_color%22,%22header_3_text_color%22,%22text_text_color%22,%22header_text_color%22,%22header_3_text_color%22,%22header_text_color%22,%22header_text_color%22,%22header_text_color%22,%22header_3_text_color%22,%22text_text_color%22,%22header_text_color%22,%22header_3_text_color%22,%22header_text_color%22,%22header_text_color%22%93}\u00bb]<\/p>\n<p><span>The gorgeous restaurant of Belmond\u2019s La Residencia hotel in the center of the charming artists\u2019 village of Dei\u00e0.Enjoy a Mediterranean gastronomic journey at this fine dining restaurant set on a beautiful terrace overlooking the town.<\/span><\/p>\n<p>[\/et_pb_text][et_pb_button button_url=\u00bbhttps:\/\/www.belmond.com\/hotels\/europe\/mallorca\/deia\/belmond-la-residencia\/dining\u00bb url_new_window=\u00bbon\u00bb button_text=\u00bbView website\u00bb button_alignment=\u00bbright\u00bb _builder_version=\u00bb4.27.5&#8243; _module_preset=\u00bbdefault\u00bb custom_button=\u00bbon\u00bb button_text_size=\u00bb16px\u00bb button_font=\u00bb|700|||||||\u00bb button_use_icon=\u00bboff\u00bb custom_margin=\u00bb||||false|false\u00bb custom_margin_tablet=\u00bb||2%||false|false\u00bb custom_margin_phone=\u00bb||4%||false|false\u00bb custom_margin_last_edited=\u00bbon|desktop\u00bb global_colors_info=\u00bb{%22gcid-primary-color%22:%91%22button_bg_color__hover%22,%22button_bg_color__hover%22,%22button_bg_color__hover%22,%22button_bg_color__hover%22,%22button_bg_color__hover%22,%22button_bg_color__hover%22%93}\u00bb button_bg_color__hover_enabled=\u00bbon|hover\u00bb button_bg_color__hover=\u00bb#1c2d59&#8243; button_bg_enable_color__hover=\u00bbon\u00bb button_text_color__hover_enabled=\u00bbon|hover\u00bb button_text_color__hover=\u00bb#FFFFFF\u00bb][\/et_pb_button][\/et_pb_column][et_pb_column type=\u00bb1_2&#8243; _builder_version=\u00bb4.27.5&#8243; _module_preset=\u00bbdefault\u00bb global_colors_info=\u00bb{}\u00bb][et_pb_text _builder_version=\u00bb4.27.5&#8243; _module_preset=\u00bbdefault\u00bb background_image=\u00bbhttps:\/\/theroamingstones.com\/wp-content\/uploads\/2026\/04\/El-Olivo_-Belmond_-EAT-scaled-1.jpg\u00bb height=\u00bb400px\u00bb locked=\u00bboff\u00bb global_colors_info=\u00bb{}\u00bb][\/et_pb_text][et_pb_text _builder_version=\u00bb4.27.5&#8243; _module_preset=\u00bbdefault\u00bb text_font_size=\u00bb12px\u00bb custom_margin=\u00bb-11px|||||\u00bb locked=\u00bboff\u00bb global_colors_info=\u00bb{}\u00bb]<\/p>\n<p><em>Image from Belmond, La Residencia\u2019s official website<\/em><\/p>\n<p>[\/et_pb_text][\/et_pb_column][\/et_pb_row][et_pb_row column_structure=\u00bb1_2,1_2&#8243; _builder_version=\u00bb4.27.5&#8243; _module_preset=\u00bbdefault\u00bb border_width_bottom=\u00bb1px\u00bb border_color_bottom=\u00bbgcid-8854a55c-83cf-40c4-87a4-6eaddb37a687&#8243; global_colors_info=\u00bb{%22gcid-8854a55c-83cf-40c4-87a4-6eaddb37a687%22:%91%22border_color_bottom%22%93}\u00bb][et_pb_column type=\u00bb1_2&#8243; _builder_version=\u00bb4.27.5&#8243; _module_preset=\u00bbdefault\u00bb global_colors_info=\u00bb{}\u00bb][et_pb_text _builder_version=\u00bb4.27.5&#8243; _module_preset=\u00bbdefault\u00bb text_font=\u00bb&#8211;et_global_body_font|700|||||||\u00bb text_text_color=\u00bbgcid-primary-color\u00bb text_font_size=\u00bb22px\u00bb header_font=\u00bb|700|||||||\u00bb header_text_align=\u00bbright\u00bb header_text_color=\u00bbgcid-primary-color\u00bb header_font_size=\u00bb40px\u00bb header_3_font=\u00bb&#8211;et_global_body_font|700|||||||\u00bb header_3_text_align=\u00bbright\u00bb header_3_text_color=\u00bbgcid-primary-color\u00bb text_orientation=\u00bbright\u00bb custom_padding=\u00bb||0px|||\u00bb custom_css_main_element=\u00bbtext-transform: uppercase\u00bb global_colors_info=\u00bb{%22gcid-primary-color%22:%91%22header_text_color%22,%22header_3_text_color%22,%22text_text_color%22,%22header_text_color%22,%22header_3_text_color%22%93}\u00bb]<\/p>\n<h1>Es Port De Valldemossa<\/h1>\n<h3><span>Located in tiny port of valldemossa<\/span><\/h3>\n<p>[\/et_pb_text][et_pb_text _builder_version=\u00bb4.27.5&#8243; _module_preset=\u00bbdefault\u00bb text_font=\u00bb|700|||||||\u00bb text_text_color=\u00bbgcid-primary-color\u00bb text_font_size=\u00bb16px\u00bb header_font=\u00bb&#8211;et_global_heading_font|700|||||||\u00bb header_text_align=\u00bbright\u00bb header_text_color=\u00bbgcid-primary-color\u00bb header_font_size=\u00bb60px\u00bb header_3_font=\u00bbppwoodland||||||||\u00bb header_3_text_align=\u00bbright\u00bb header_3_text_color=\u00bbgcid-primary-color\u00bb header_3_font_size=\u00bb40px\u00bb text_orientation=\u00bbright\u00bb custom_padding=\u00bb20px||20px||true|false\u00bb global_colors_info=\u00bb{%22gcid-primary-color%22:%91%22header_text_color%22,%22header_3_text_color%22,%22text_text_color%22,%22header_text_color%22,%22header_3_text_color%22,%22header_text_color%22,%22header_text_color%22,%22header_text_color%22,%22header_3_text_color%22,%22text_text_color%22,%22header_text_color%22,%22header_3_text_color%22,%22header_text_color%22,%22header_text_color%22%93}\u00bb]<\/p>\n<p><span>Our favourite restaurant this summer, Es Port is a simpler setting, overlooking the sea, but with the best food on the north coast!<\/span><\/p>\n<p>Known for its delicious Caldereta de Langosta, a lobster bisque. A wonderful lunch spot if boating in the area or for the adventurous drivers. The road down to Port of Valldemossa is one of the most unbelievable mountain roads ever, featuring never-ending hairpin curves. Views from the road are stunning, but those at the wheel better keep your eyes on the road!!<\/p>\n<p>[\/et_pb_text][et_pb_button button_url=\u00bbhttps:\/\/www.facebook.com\/restauranteesportdevalldemossa\/\u00bb url_new_window=\u00bbon\u00bb button_text=\u00bbView website\u00bb button_alignment=\u00bbright\u00bb _builder_version=\u00bb4.27.5&#8243; _module_preset=\u00bbdefault\u00bb custom_button=\u00bbon\u00bb button_text_size=\u00bb16px\u00bb button_font=\u00bb|700|||||||\u00bb button_use_icon=\u00bboff\u00bb custom_margin=\u00bb||||false|false\u00bb custom_margin_tablet=\u00bb||2%||false|false\u00bb custom_margin_phone=\u00bb||4%||false|false\u00bb custom_margin_last_edited=\u00bbon|desktop\u00bb global_colors_info=\u00bb{%22gcid-primary-color%22:%91%22button_bg_color__hover%22,%22button_bg_color__hover%22,%22button_bg_color__hover%22,%22button_bg_color__hover%22,%22button_bg_color__hover%22,%22button_bg_color__hover%22%93}\u00bb button_bg_color__hover_enabled=\u00bbon|hover\u00bb button_bg_color__hover=\u00bb#1c2d59&#8243; button_bg_enable_color__hover=\u00bbon\u00bb button_text_color__hover_enabled=\u00bbon|hover\u00bb button_text_color__hover=\u00bb#FFFFFF\u00bb][\/et_pb_button][\/et_pb_column][et_pb_column type=\u00bb1_2&#8243; _builder_version=\u00bb4.27.5&#8243; _module_preset=\u00bbdefault\u00bb global_colors_info=\u00bb{}\u00bb][et_pb_text _builder_version=\u00bb4.27.5&#8243; _module_preset=\u00bbdefault\u00bb background_image=\u00bbhttps:\/\/theroamingstones.com\/wp-content\/uploads\/2026\/04\/Es-Port-de-Valldemossa-RS-photo.jpg\u00bb height=\u00bb400px\u00bb locked=\u00bboff\u00bb global_colors_info=\u00bb{}\u00bb][\/et_pb_text][et_pb_text _builder_version=\u00bb4.27.5&#8243; _module_preset=\u00bbdefault\u00bb text_font_size=\u00bb12px\u00bb custom_margin=\u00bb-11px|||||\u00bb locked=\u00bboff\u00bb global_colors_info=\u00bb{}\u00bb]<\/p>\n<p><em>Image from Roaming Stones<\/em><\/p>\n<p>[\/et_pb_text][\/et_pb_column][\/et_pb_row][et_pb_row column_structure=\u00bb1_2,1_2&#8243; _builder_version=\u00bb4.27.5&#8243; _module_preset=\u00bbdefault\u00bb border_width_bottom=\u00bb1px\u00bb border_color_bottom=\u00bbgcid-8854a55c-83cf-40c4-87a4-6eaddb37a687&#8243; global_colors_info=\u00bb{%22gcid-8854a55c-83cf-40c4-87a4-6eaddb37a687%22:%91%22border_color_bottom%22%93}\u00bb][et_pb_column type=\u00bb1_2&#8243; _builder_version=\u00bb4.27.5&#8243; _module_preset=\u00bbdefault\u00bb global_colors_info=\u00bb{}\u00bb][et_pb_text _builder_version=\u00bb4.27.5&#8243; _module_preset=\u00bbdefault\u00bb text_font=\u00bb&#8211;et_global_body_font|700|||||||\u00bb text_text_color=\u00bbgcid-primary-color\u00bb text_font_size=\u00bb22px\u00bb header_font=\u00bb|700|||||||\u00bb header_text_align=\u00bbright\u00bb header_text_color=\u00bbgcid-primary-color\u00bb header_font_size=\u00bb40px\u00bb header_3_font=\u00bb&#8211;et_global_body_font|700|||||||\u00bb header_3_text_align=\u00bbright\u00bb header_3_text_color=\u00bbgcid-primary-color\u00bb text_orientation=\u00bbright\u00bb custom_padding=\u00bb||0px|||\u00bb custom_css_main_element=\u00bbtext-transform: uppercase\u00bb global_colors_info=\u00bb{%22gcid-primary-color%22:%91%22header_text_color%22,%22header_3_text_color%22,%22text_text_color%22,%22header_text_color%22,%22header_3_text_color%22%93}\u00bb]<\/p>\n<h1>Es Raor &amp; na caragola<\/h1>\n<h3><span>2 restaurants Located in the port of st. Elm, North of andratx<\/span><\/h3>\n<p>[\/et_pb_text][et_pb_text _builder_version=\u00bb4.27.5&#8243; _module_preset=\u00bbdefault\u00bb text_font=\u00bb|700|||||||\u00bb text_text_color=\u00bbgcid-primary-color\u00bb text_font_size=\u00bb16px\u00bb header_font=\u00bb&#8211;et_global_heading_font|700|||||||\u00bb header_text_align=\u00bbright\u00bb header_text_color=\u00bbgcid-primary-color\u00bb header_font_size=\u00bb60px\u00bb header_3_font=\u00bbppwoodland||||||||\u00bb header_3_text_align=\u00bbright\u00bb header_3_text_color=\u00bbgcid-primary-color\u00bb header_3_font_size=\u00bb40px\u00bb text_orientation=\u00bbright\u00bb custom_padding=\u00bb20px||20px||true|false\u00bb global_colors_info=\u00bb{%22gcid-primary-color%22:%91%22header_text_color%22,%22header_3_text_color%22,%22text_text_color%22,%22header_text_color%22,%22header_3_text_color%22,%22header_text_color%22,%22header_text_color%22,%22header_text_color%22,%22header_3_text_color%22,%22text_text_color%22,%22header_text_color%22,%22header_3_text_color%22,%22header_text_color%22,%22header_text_color%22%93}\u00bb]<\/p>\n<p><span>Food is fine, would not go out of my way to visit, both restaurants have a lovely setting above the water, and are a great spot to eat at if boating in the area. They serve seafood, meat and rices.<\/span><\/p>\n<p>[\/et_pb_text][et_pb_button button_url=\u00bbhttps:\/\/esraor.es\/en\/\u00bb url_new_window=\u00bbon\u00bb button_text=\u00bbView website\u00bb button_alignment=\u00bbright\u00bb _builder_version=\u00bb4.27.5&#8243; _module_preset=\u00bbdefault\u00bb custom_button=\u00bbon\u00bb button_text_size=\u00bb16px\u00bb button_font=\u00bb|700|||||||\u00bb button_use_icon=\u00bboff\u00bb custom_margin=\u00bb||||false|false\u00bb custom_margin_tablet=\u00bb||2%||false|false\u00bb custom_margin_phone=\u00bb||4%||false|false\u00bb custom_margin_last_edited=\u00bbon|desktop\u00bb global_colors_info=\u00bb{%22gcid-primary-color%22:%91%22button_bg_color__hover%22,%22button_bg_color__hover%22,%22button_bg_color__hover%22,%22button_bg_color__hover%22,%22button_bg_color__hover%22,%22button_bg_color__hover%22%93}\u00bb button_bg_color__hover_enabled=\u00bbon|hover\u00bb button_bg_color__hover=\u00bb#1c2d59&#8243; button_bg_enable_color__hover=\u00bbon\u00bb button_text_color__hover_enabled=\u00bbon|hover\u00bb button_text_color__hover=\u00bb#FFFFFF\u00bb][\/et_pb_button][\/et_pb_column][et_pb_column type=\u00bb1_2&#8243; _builder_version=\u00bb4.27.5&#8243; _module_preset=\u00bbdefault\u00bb global_colors_info=\u00bb{}\u00bb][et_pb_text _builder_version=\u00bb4.27.5&#8243; _module_preset=\u00bbdefault\u00bb background_image=\u00bbhttps:\/\/theroamingstones.com\/wp-content\/uploads\/2026\/04\/Es-Raor-Comp-Site.jpg\u00bb height=\u00bb400px\u00bb locked=\u00bboff\u00bb global_colors_info=\u00bb{}\u00bb][\/et_pb_text][et_pb_text _builder_version=\u00bb4.27.5&#8243; _module_preset=\u00bbdefault\u00bb text_font_size=\u00bb12px\u00bb custom_margin=\u00bb-11px|||||\u00bb locked=\u00bboff\u00bb global_colors_info=\u00bb{}\u00bb]<\/p>\n<p><em>Image from Es Raor\u2019s official website<\/em><\/p>\n<p>[\/et_pb_text][\/et_pb_column][\/et_pb_row][et_pb_row column_structure=\u00bb1_2,1_2&#8243; module_id=\u00bbmahares\u00bb _builder_version=\u00bb4.27.5&#8243; _module_preset=\u00bbdefault\u00bb border_width_bottom=\u00bb1px\u00bb border_color_bottom=\u00bbgcid-8854a55c-83cf-40c4-87a4-6eaddb37a687&#8243; global_colors_info=\u00bb{%22gcid-8854a55c-83cf-40c4-87a4-6eaddb37a687%22:%91%22border_color_bottom%22%93}\u00bb][et_pb_column type=\u00bb1_2&#8243; _builder_version=\u00bb4.27.5&#8243; _module_preset=\u00bbdefault\u00bb global_colors_info=\u00bb{}\u00bb][et_pb_text _builder_version=\u00bb4.27.5&#8243; _module_preset=\u00bbdefault\u00bb text_font=\u00bb&#8211;et_global_body_font|700|||||||\u00bb text_text_color=\u00bbgcid-primary-color\u00bb text_font_size=\u00bb22px\u00bb header_font=\u00bb|700|||||||\u00bb header_text_align=\u00bbright\u00bb header_text_color=\u00bbgcid-primary-color\u00bb header_font_size=\u00bb40px\u00bb header_3_font=\u00bb&#8211;et_global_body_font|700|||||||\u00bb header_3_text_align=\u00bbright\u00bb header_3_text_color=\u00bbgcid-primary-color\u00bb text_orientation=\u00bbright\u00bb custom_padding=\u00bb||0px|||\u00bb custom_css_main_element=\u00bbtext-transform: uppercase\u00bb global_colors_info=\u00bb{%22gcid-primary-color%22:%91%22header_text_color%22,%22header_3_text_color%22,%22text_text_color%22,%22header_text_color%22,%22header_3_text_color%22%93}\u00bb]<\/p>\n<h1>Mhares Sea Club<\/h1>\n<h3><span>Located on the southeast of Mallorca, 30 Mins from Palma<\/span><\/h3>\n<p>[\/et_pb_text][et_pb_text _builder_version=\u00bb4.27.5&#8243; _module_preset=\u00bbdefault\u00bb text_font=\u00bb|700|||||||\u00bb text_text_color=\u00bbgcid-primary-color\u00bb text_font_size=\u00bb16px\u00bb header_font=\u00bb&#8211;et_global_heading_font|700|||||||\u00bb header_text_align=\u00bbright\u00bb header_text_color=\u00bbgcid-primary-color\u00bb header_font_size=\u00bb60px\u00bb header_3_font=\u00bbppwoodland||||||||\u00bb header_3_text_align=\u00bbright\u00bb header_3_text_color=\u00bbgcid-primary-color\u00bb header_3_font_size=\u00bb40px\u00bb text_orientation=\u00bbright\u00bb custom_padding=\u00bb20px||20px||true|false\u00bb global_colors_info=\u00bb{%22gcid-primary-color%22:%91%22header_text_color%22,%22header_3_text_color%22,%22text_text_color%22,%22header_text_color%22,%22header_3_text_color%22,%22header_text_color%22,%22header_text_color%22,%22header_text_color%22,%22header_3_text_color%22,%22text_text_color%22,%22header_text_color%22,%22header_3_text_color%22,%22header_text_color%22,%22header_text_color%22%93}\u00bb]<\/p>\n<p><span>As you leave Palma by boat, direction Cap Rocat Hotel (mentioned in STAY), just beyond is a beach club restaurant that sits on the cliffs with uninterrupted views of the sea. Food is fine, would not go out my way just for the meal, but perfect if boating in the area.<\/span><\/p>\n<p>[\/et_pb_text][et_pb_button button_url=\u00bbhttps:\/\/mharesseaclub.com\/en\/\u00bb url_new_window=\u00bbon\u00bb button_text=\u00bbView website\u00bb button_alignment=\u00bbright\u00bb _builder_version=\u00bb4.27.5&#8243; _module_preset=\u00bbdefault\u00bb custom_button=\u00bbon\u00bb button_text_size=\u00bb16px\u00bb button_font=\u00bb|700|||||||\u00bb button_use_icon=\u00bboff\u00bb custom_margin=\u00bb||||false|false\u00bb custom_margin_tablet=\u00bb||2%||false|false\u00bb custom_margin_phone=\u00bb||4%||false|false\u00bb custom_margin_last_edited=\u00bbon|desktop\u00bb global_colors_info=\u00bb{%22gcid-primary-color%22:%91%22button_bg_color__hover%22,%22button_bg_color__hover%22,%22button_bg_color__hover%22,%22button_bg_color__hover%22,%22button_bg_color__hover%22,%22button_bg_color__hover%22%93}\u00bb button_bg_color__hover_enabled=\u00bbon|hover\u00bb button_bg_color__hover=\u00bb#1c2d59&#8243; button_bg_enable_color__hover=\u00bbon\u00bb button_text_color__hover_enabled=\u00bbon|hover\u00bb button_text_color__hover=\u00bb#FFFFFF\u00bb][\/et_pb_button][\/et_pb_column][et_pb_column type=\u00bb1_2&#8243; _builder_version=\u00bb4.27.5&#8243; _module_preset=\u00bbdefault\u00bb global_colors_info=\u00bb{}\u00bb][et_pb_text _builder_version=\u00bb4.27.5&#8243; _module_preset=\u00bbdefault\u00bb background_image=\u00bbhttps:\/\/theroamingstones.com\/wp-content\/uploads\/2026\/04\/Mhares-Sea-Club.jpg\u00bb height=\u00bb400px\u00bb locked=\u00bboff\u00bb global_colors_info=\u00bb{}\u00bb][\/et_pb_text][et_pb_text _builder_version=\u00bb4.27.5&#8243; _module_preset=\u00bbdefault\u00bb text_font_size=\u00bb12px\u00bb custom_margin=\u00bb-11px|||||\u00bb locked=\u00bboff\u00bb global_colors_info=\u00bb{}\u00bb]<\/p>\n<p><i><span>Image from Mhares Sea Club\u2019s Official Website<\/span><\/i><\/p>\n<p>[\/et_pb_text][\/et_pb_column][\/et_pb_row][et_pb_row column_structure=\u00bb1_2,1_2&#8243; module_id=\u00bbflan\u00bb _builder_version=\u00bb4.27.5&#8243; _module_preset=\u00bbdefault\u00bb border_width_bottom=\u00bb1px\u00bb border_color_bottom=\u00bbgcid-8854a55c-83cf-40c4-87a4-6eaddb37a687&#8243; global_colors_info=\u00bb{%22gcid-8854a55c-83cf-40c4-87a4-6eaddb37a687%22:%91%22border_color_bottom%22%93}\u00bb][et_pb_column type=\u00bb1_2&#8243; _builder_version=\u00bb4.27.5&#8243; _module_preset=\u00bbdefault\u00bb global_colors_info=\u00bb{}\u00bb][et_pb_text _builder_version=\u00bb4.27.5&#8243; _module_preset=\u00bbdefault\u00bb text_font=\u00bb&#8211;et_global_body_font|700|||||||\u00bb text_text_color=\u00bbgcid-primary-color\u00bb text_font_size=\u00bb22px\u00bb header_font=\u00bb|700|||||||\u00bb header_text_align=\u00bbright\u00bb header_text_color=\u00bbgcid-primary-color\u00bb header_font_size=\u00bb40px\u00bb header_3_font=\u00bb&#8211;et_global_body_font|700|||||||\u00bb header_3_text_align=\u00bbright\u00bb header_3_text_color=\u00bbgcid-primary-color\u00bb text_orientation=\u00bbright\u00bb custom_padding=\u00bb||0px|||\u00bb custom_css_main_element=\u00bbtext-transform: uppercase\u00bb global_colors_info=\u00bb{%22gcid-primary-color%22:%91%22header_text_color%22,%22header_3_text_color%22,%22text_text_color%22,%22header_text_color%22,%22header_3_text_color%22%93}\u00bb]<\/p>\n<h1>REStaurante flanigaN<\/h1>\n<h3><span>Located in puerto portals<\/span><\/h3>\n<p>[\/et_pb_text][et_pb_text _builder_version=\u00bb4.27.5&#8243; _module_preset=\u00bbdefault\u00bb text_font=\u00bb|700|||||||\u00bb text_text_color=\u00bbgcid-primary-color\u00bb text_font_size=\u00bb16px\u00bb header_font=\u00bb&#8211;et_global_heading_font|700|||||||\u00bb header_text_align=\u00bbright\u00bb header_text_color=\u00bbgcid-primary-color\u00bb header_font_size=\u00bb60px\u00bb header_3_font=\u00bbppwoodland||||||||\u00bb header_3_text_align=\u00bbright\u00bb header_3_text_color=\u00bbgcid-primary-color\u00bb header_3_font_size=\u00bb40px\u00bb text_orientation=\u00bbright\u00bb custom_padding=\u00bb20px||20px||true|false\u00bb global_colors_info=\u00bb{%22gcid-primary-color%22:%91%22header_text_color%22,%22header_3_text_color%22,%22text_text_color%22,%22header_text_color%22,%22header_3_text_color%22,%22header_text_color%22,%22header_text_color%22,%22header_text_color%22,%22header_3_text_color%22,%22text_text_color%22,%22header_text_color%22,%22header_3_text_color%22,%22header_text_color%22,%22header_text_color%22%93}\u00bb]<\/p>\n<p><span>An institution. Traditional Spanish cuisine, amazing starters, excellent fish and meat. Beautiful setting in bustling Puerto Portals, one of Mallorca\u2019s favorite ports. Reservations are a must. Great for lunch or dinner.<\/span><\/p>\n<p>[\/et_pb_text][et_pb_button button_url=\u00bbhttps:\/\/flanigan.es\/\u00bb url_new_window=\u00bbon\u00bb button_text=\u00bbView website\u00bb button_alignment=\u00bbright\u00bb _builder_version=\u00bb4.27.5&#8243; _module_preset=\u00bbdefault\u00bb custom_button=\u00bbon\u00bb button_text_size=\u00bb16px\u00bb button_font=\u00bb|700|||||||\u00bb button_use_icon=\u00bboff\u00bb custom_margin=\u00bb||||false|false\u00bb custom_margin_tablet=\u00bb||2%||false|false\u00bb custom_margin_phone=\u00bb||4%||false|false\u00bb custom_margin_last_edited=\u00bbon|desktop\u00bb global_colors_info=\u00bb{%22gcid-primary-color%22:%91%22button_bg_color__hover%22,%22button_bg_color__hover%22,%22button_bg_color__hover%22,%22button_bg_color__hover%22,%22button_bg_color__hover%22,%22button_bg_color__hover%22%93}\u00bb button_bg_color__hover_enabled=\u00bbon|hover\u00bb button_bg_color__hover=\u00bb#1c2d59&#8243; button_bg_enable_color__hover=\u00bbon\u00bb button_text_color__hover_enabled=\u00bbon|hover\u00bb button_text_color__hover=\u00bb#FFFFFF\u00bb][\/et_pb_button][\/et_pb_column][et_pb_column type=\u00bb1_2&#8243; _builder_version=\u00bb4.27.5&#8243; _module_preset=\u00bbdefault\u00bb global_colors_info=\u00bb{}\u00bb][et_pb_text _builder_version=\u00bb4.27.5&#8243; _module_preset=\u00bbdefault\u00bb background_image=\u00bbhttps:\/\/theroamingstones.com\/wp-content\/uploads\/2026\/04\/Screen-Shot-2022-04-25-at-4.12.39-PM.png\u00bb height=\u00bb400px\u00bb locked=\u00bboff\u00bb global_colors_info=\u00bb{}\u00bb][\/et_pb_text][et_pb_text _builder_version=\u00bb4.27.5&#8243; _module_preset=\u00bbdefault\u00bb text_font_size=\u00bb12px\u00bb custom_margin=\u00bb-11px|||||\u00bb locked=\u00bboff\u00bb global_colors_info=\u00bb{}\u00bb]<\/p>\n<p><em>Image from Flanigan\u2019s offical website<\/em><\/p>\n<p>[\/et_pb_text][\/et_pb_column][\/et_pb_row][et_pb_row column_structure=\u00bb1_2,1_2&#8243; module_id=\u00bbforada\u00bb _builder_version=\u00bb4.27.5&#8243; _module_preset=\u00bbdefault\u00bb border_width_bottom=\u00bb1px\u00bb border_color_bottom=\u00bbgcid-8854a55c-83cf-40c4-87a4-6eaddb37a687&#8243; global_colors_info=\u00bb{%22gcid-8854a55c-83cf-40c4-87a4-6eaddb37a687%22:%91%22border_color_bottom%22%93}\u00bb][et_pb_column type=\u00bb1_2&#8243; _builder_version=\u00bb4.27.5&#8243; _module_preset=\u00bbdefault\u00bb global_colors_info=\u00bb{}\u00bb][et_pb_text _builder_version=\u00bb4.27.5&#8243; _module_preset=\u00bbdefault\u00bb text_font=\u00bb&#8211;et_global_body_font|700|||||||\u00bb text_text_color=\u00bbgcid-primary-color\u00bb text_font_size=\u00bb22px\u00bb header_font=\u00bb|700|||||||\u00bb header_text_align=\u00bbright\u00bb header_text_color=\u00bbgcid-primary-color\u00bb header_font_size=\u00bb40px\u00bb header_3_font=\u00bb&#8211;et_global_body_font|700|||||||\u00bb header_3_text_align=\u00bbright\u00bb header_3_text_color=\u00bbgcid-primary-color\u00bb text_orientation=\u00bbright\u00bb custom_padding=\u00bb||0px|||\u00bb custom_css_main_element=\u00bbtext-transform: uppercase\u00bb global_colors_info=\u00bb{%22gcid-primary-color%22:%91%22header_text_color%22,%22header_3_text_color%22,%22text_text_color%22,%22header_text_color%22,%22header_3_text_color%22%93}\u00bb]<\/p>\n<h1>Sa Foradada<\/h1>\n<h3><span>Located on the North coast of mallorca<\/span><\/h3>\n<p>[\/et_pb_text][et_pb_text _builder_version=\u00bb4.27.5&#8243; _module_preset=\u00bbdefault\u00bb text_font=\u00bb|700|||||||\u00bb text_text_color=\u00bbgcid-primary-color\u00bb text_font_size=\u00bb16px\u00bb header_font=\u00bb&#8211;et_global_heading_font|700|||||||\u00bb header_text_align=\u00bbright\u00bb header_text_color=\u00bbgcid-primary-color\u00bb header_font_size=\u00bb60px\u00bb header_3_font=\u00bbppwoodland||||||||\u00bb header_3_text_align=\u00bbright\u00bb header_3_text_color=\u00bbgcid-primary-color\u00bb header_3_font_size=\u00bb40px\u00bb text_orientation=\u00bbright\u00bb custom_padding=\u00bb20px||20px||true|false\u00bb global_colors_info=\u00bb{%22gcid-primary-color%22:%91%22header_text_color%22,%22header_3_text_color%22,%22text_text_color%22,%22header_text_color%22,%22header_3_text_color%22,%22header_text_color%22,%22header_text_color%22,%22header_text_color%22,%22header_3_text_color%22,%22text_text_color%22,%22header_text_color%22,%22header_3_text_color%22,%22header_text_color%22,%22header_text_color%22%93}\u00bb]<\/p>\n<p>A rustic shack perched on the side of a cliff above a beautiful bay \u2018cala\u2019, with the most stunning views ever. Famous for its paella (make sure to reserve ahead of time), it is the must-order dish. Lunch only.<\/p>\n<p>Accessible by boat (not far from S\u00f3ller and Dei\u00e0), or by car by driving to Son Marroig and hiking down 45 mins. Don\u2019t forget you have to hike up for 45 mins with a belly full of paella and wine!<\/p>\n<p>[\/et_pb_text][et_pb_button button_url=\u00bbhttps:\/\/restaurantesaforadada.com\/\u00bb url_new_window=\u00bbon\u00bb button_text=\u00bbView website\u00bb button_alignment=\u00bbright\u00bb _builder_version=\u00bb4.27.5&#8243; _module_preset=\u00bbdefault\u00bb custom_button=\u00bbon\u00bb button_text_size=\u00bb16px\u00bb button_font=\u00bb|700|||||||\u00bb button_use_icon=\u00bboff\u00bb custom_margin=\u00bb||||false|false\u00bb custom_margin_tablet=\u00bb||2%||false|false\u00bb custom_margin_phone=\u00bb||4%||false|false\u00bb custom_margin_last_edited=\u00bbon|desktop\u00bb global_colors_info=\u00bb{%22gcid-primary-color%22:%91%22button_bg_color__hover%22,%22button_bg_color__hover%22,%22button_bg_color__hover%22,%22button_bg_color__hover%22,%22button_bg_color__hover%22,%22button_bg_color__hover%22%93}\u00bb button_bg_color__hover_enabled=\u00bbon|hover\u00bb button_bg_color__hover=\u00bb#1c2d59&#8243; button_bg_enable_color__hover=\u00bbon\u00bb button_text_color__hover_enabled=\u00bbon|hover\u00bb button_text_color__hover=\u00bb#FFFFFF\u00bb][\/et_pb_button][\/et_pb_column][et_pb_column type=\u00bb1_2&#8243; _builder_version=\u00bb4.27.5&#8243; _module_preset=\u00bbdefault\u00bb global_colors_info=\u00bb{}\u00bb][et_pb_text _builder_version=\u00bb4.27.5&#8243; _module_preset=\u00bbdefault\u00bb background_image=\u00bbhttps:\/\/theroamingstones.com\/wp-content\/uploads\/2026\/04\/SaFrodada-Views-NP-scaled-1.jpg\u00bb height=\u00bb400px\u00bb locked=\u00bboff\u00bb global_colors_info=\u00bb{}\u00bb][\/et_pb_text][et_pb_text _builder_version=\u00bb4.27.5&#8243; _module_preset=\u00bbdefault\u00bb text_font_size=\u00bb12px\u00bb custom_margin=\u00bb-11px|||||\u00bb locked=\u00bboff\u00bb global_colors_info=\u00bb{}\u00bb]<\/p>\n<p><em>Image from Roaming Stones<\/em><\/p>\n<p>[\/et_pb_text][\/et_pb_column][\/et_pb_row][et_pb_row column_structure=\u00bb1_2,1_2&#8243; _builder_version=\u00bb4.27.5&#8243; _module_preset=\u00bbdefault\u00bb border_width_bottom=\u00bb1px\u00bb border_color_bottom=\u00bbgcid-8854a55c-83cf-40c4-87a4-6eaddb37a687&#8243; global_colors_info=\u00bb{%22gcid-8854a55c-83cf-40c4-87a4-6eaddb37a687%22:%91%22border_color_bottom%22%93}\u00bb][et_pb_column type=\u00bb1_2&#8243; _builder_version=\u00bb4.27.5&#8243; _module_preset=\u00bbdefault\u00bb global_colors_info=\u00bb{}\u00bb][et_pb_text _builder_version=\u00bb4.27.5&#8243; _module_preset=\u00bbdefault\u00bb text_font=\u00bb&#8211;et_global_body_font|700|||||||\u00bb text_text_color=\u00bbgcid-primary-color\u00bb text_font_size=\u00bb22px\u00bb header_font=\u00bb|700|||||||\u00bb header_text_align=\u00bbright\u00bb header_text_color=\u00bbgcid-primary-color\u00bb header_font_size=\u00bb40px\u00bb header_3_font=\u00bb&#8211;et_global_body_font|700|||||||\u00bb header_3_text_align=\u00bbright\u00bb header_3_text_color=\u00bbgcid-primary-color\u00bb text_orientation=\u00bbright\u00bb custom_padding=\u00bb||0px|||\u00bb custom_css_main_element=\u00bbtext-transform: uppercase\u00bb global_colors_info=\u00bb{%22gcid-primary-color%22:%91%22header_text_color%22,%22header_3_text_color%22,%22text_text_color%22,%22header_text_color%22,%22header_3_text_color%22%93}\u00bb]<\/p>\n<h1>Sa Roqueta<\/h1>\n<h3><span>Located in Palma<\/span><\/h3>\n<p>[\/et_pb_text][et_pb_text _builder_version=\u00bb4.27.5&#8243; _module_preset=\u00bbdefault\u00bb text_font=\u00bb|700|||||||\u00bb text_text_color=\u00bbgcid-primary-color\u00bb text_font_size=\u00bb16px\u00bb header_font=\u00bb&#8211;et_global_heading_font|700|||||||\u00bb header_text_align=\u00bbright\u00bb header_text_color=\u00bbgcid-primary-color\u00bb header_font_size=\u00bb60px\u00bb header_3_font=\u00bbppwoodland||||||||\u00bb header_3_text_align=\u00bbright\u00bb header_3_text_color=\u00bbgcid-primary-color\u00bb header_3_font_size=\u00bb40px\u00bb text_orientation=\u00bbright\u00bb custom_padding=\u00bb20px||20px||true|false\u00bb global_colors_info=\u00bb{%22gcid-primary-color%22:%91%22header_text_color%22,%22header_3_text_color%22,%22text_text_color%22,%22header_text_color%22,%22header_3_text_color%22,%22header_text_color%22,%22header_text_color%22,%22header_text_color%22,%22header_3_text_color%22,%22text_text_color%22,%22header_text_color%22,%22header_3_text_color%22,%22header_text_color%22,%22header_text_color%22%93}\u00bb]<\/p>\n<p><span>Amazing fresh seafood restaurant located in Palma. Great for lunch or dinner.<\/span><\/p>\n<p>[\/et_pb_text][et_pb_button button_url=\u00bbhttps:\/\/www.facebook.com\/saroqueta\/?locale=es_ES\u00bb url_new_window=\u00bbon\u00bb button_text=\u00bbView website\u00bb button_alignment=\u00bbright\u00bb _builder_version=\u00bb4.27.5&#8243; _module_preset=\u00bbdefault\u00bb custom_button=\u00bbon\u00bb button_text_size=\u00bb16px\u00bb button_font=\u00bb|700|||||||\u00bb button_use_icon=\u00bboff\u00bb custom_margin=\u00bb||||false|false\u00bb custom_margin_tablet=\u00bb||2%||false|false\u00bb custom_margin_phone=\u00bb||4%||false|false\u00bb custom_margin_last_edited=\u00bbon|desktop\u00bb global_colors_info=\u00bb{%22gcid-primary-color%22:%91%22button_bg_color__hover%22,%22button_bg_color__hover%22,%22button_bg_color__hover%22,%22button_bg_color__hover%22,%22button_bg_color__hover%22,%22button_bg_color__hover%22%93}\u00bb button_bg_color__hover_enabled=\u00bbon|hover\u00bb button_bg_color__hover=\u00bb#1c2d59&#8243; button_bg_enable_color__hover=\u00bbon\u00bb button_text_color__hover_enabled=\u00bbon|hover\u00bb button_text_color__hover=\u00bb#FFFFFF\u00bb][\/et_pb_button][\/et_pb_column][et_pb_column type=\u00bb1_2&#8243; _builder_version=\u00bb4.27.5&#8243; _module_preset=\u00bbdefault\u00bb global_colors_info=\u00bb{}\u00bb][et_pb_text _builder_version=\u00bb4.27.5&#8243; _module_preset=\u00bbdefault\u00bb background_image=\u00bbhttps:\/\/theroamingstones.com\/wp-content\/uploads\/2026\/04\/Sa-Roqueta.jpg\u00bb height=\u00bb400px\u00bb locked=\u00bboff\u00bb global_colors_info=\u00bb{}\u00bb][\/et_pb_text][et_pb_text _builder_version=\u00bb4.27.5&#8243; _module_preset=\u00bbdefault\u00bb text_font_size=\u00bb12px\u00bb custom_margin=\u00bb-11px|||||\u00bb locked=\u00bboff\u00bb global_colors_info=\u00bb{}\u00bb]<\/p>\n<p><span>Image from Sa Roqueta\u2019s Official Website<\/span><\/p>\n<p>[\/et_pb_text][\/et_pb_column][\/et_pb_row][\/et_pb_section][et_pb_section fb_built=\u00bb1&#8243; module_id=\u00bboutdoor\u00bb _builder_version=\u00bb4.27.5&#8243; _module_preset=\u00bbdefault\u00bb background_color=\u00bbgcid-8854a55c-83cf-40c4-87a4-6eaddb37a687&#8243; custom_margin=\u00bb0px||||false|false\u00bb custom_padding=\u00bb0px||0px||false|false\u00bb locked=\u00bboff\u00bb global_colors_info=\u00bb{%22gcid-8854a55c-83cf-40c4-87a4-6eaddb37a687%22:%91%22background_color%22%93}\u00bb][et_pb_row column_structure=\u00bb1_4,3_4&#8243; use_custom_gutter=\u00bbon\u00bb gutter_width=\u00bb2&#8243; make_equal=\u00bbon\u00bb _builder_version=\u00bb4.27.5&#8243; _module_preset=\u00bbdefault\u00bb background_enable_color=\u00bboff\u00bb custom_padding=\u00bb||||false|true\u00bb custom_css_main_element=\u00bbalign-items: center;\u00bb border_width_bottom=\u00bb1px\u00bb border_color_bottom=\u00bbgcid-primary-color\u00bb global_colors_info=\u00bb{%22gcid-primary-color%22:%91%22border_color_bottom%22,%22border_color_bottom%22%93,%22gcid-8854a55c-83cf-40c4-87a4-6eaddb37a687%22:%91%22background_color%22%93}\u00bb][et_pb_column type=\u00bb1_4&#8243; _builder_version=\u00bb4.27.5&#8243; _module_preset=\u00bbdefault\u00bb custom_padding=\u00bb|3%||3%|false|true\u00bb global_colors_info=\u00bb{}\u00bb][et_pb_image src=\u00bbhttps:\/\/theroamingstones.com\/wp-content\/uploads\/2026\/02\/logo_adventure.png\u00bb title_text=\u00bblogo_adventure\u00bb align=\u00bbcenter\u00bb _builder_version=\u00bb4.27.5&#8243; _module_preset=\u00bbdefault\u00bb global_colors_info=\u00bb{}\u00bb][\/et_pb_image][\/et_pb_column][et_pb_column type=\u00bb3_4&#8243; _builder_version=\u00bb4.27.5&#8243; _module_preset=\u00bbdefault\u00bb custom_padding=\u00bb|3%||3%|false|true\u00bb global_colors_info=\u00bb{}\u00bb][et_pb_text _builder_version=\u00bb4.27.5&#8243; _module_preset=\u00bbdefault\u00bb text_font_size=\u00bb18px\u00bb header_font=\u00bbppwoodland|700|||||||\u00bb header_text_align=\u00bbleft\u00bb header_text_color=\u00bb#FFFFFF\u00bb header_font_size=\u00bb60px\u00bb header_3_font=\u00bbppwoodland||||||||\u00bb header_3_text_align=\u00bbleft\u00bb header_3_text_color=\u00bb#FFFFFF\u00bb header_3_font_size=\u00bb40px\u00bb text_orientation=\u00bbright\u00bb custom_padding=\u00bb20px||||false|false\u00bb global_colors_info=\u00bb{}\u00bb header_text_align_tablet=\u00bbcenter\u00bb header_text_align_last_edited=\u00bbon|tablet\u00bb header_text_align_phone=\u00bbcenter\u00bb]<\/p>\n<h1>Outdoor Venture<\/h1>\n<p>[\/et_pb_text][\/et_pb_column][\/et_pb_row][\/et_pb_section][et_pb_section fb_built=\u00bb1&#8243; _builder_version=\u00bb4.27.5&#8243; _module_preset=\u00bbdefault\u00bb global_colors_info=\u00bb{}\u00bb][et_pb_row column_structure=\u00bb1_2,1_2&#8243; _builder_version=\u00bb4.27.5&#8243; _module_preset=\u00bbdefault\u00bb border_width_bottom=\u00bb1px\u00bb border_color_bottom=\u00bbgcid-8854a55c-83cf-40c4-87a4-6eaddb37a687&#8243; global_colors_info=\u00bb{%22gcid-8854a55c-83cf-40c4-87a4-6eaddb37a687%22:%91%22border_color_bottom%22%93}\u00bb][et_pb_column type=\u00bb1_2&#8243; _builder_version=\u00bb4.27.5&#8243; _module_preset=\u00bbdefault\u00bb global_colors_info=\u00bb{}\u00bb][et_pb_text _builder_version=\u00bb4.27.5&#8243; _module_preset=\u00bbdefault\u00bb text_font=\u00bb&#8211;et_global_body_font|700|||||||\u00bb text_text_color=\u00bbgcid-primary-color\u00bb text_font_size=\u00bb22px\u00bb header_font=\u00bb|700|||||||\u00bb header_text_align=\u00bbright\u00bb header_text_color=\u00bbgcid-primary-color\u00bb header_font_size=\u00bb40px\u00bb header_3_font=\u00bb&#8211;et_global_body_font|700|||||||\u00bb header_3_text_align=\u00bbright\u00bb header_3_text_color=\u00bbgcid-primary-color\u00bb text_orientation=\u00bbright\u00bb custom_padding=\u00bb||0px|||\u00bb custom_css_main_element=\u00bbtext-transform: uppercase\u00bb global_colors_info=\u00bb{%22gcid-primary-color%22:%91%22header_text_color%22,%22header_3_text_color%22,%22text_text_color%22,%22header_text_color%22,%22header_3_text_color%22%93}\u00bb]<\/p>\n<h1 class=\"et_pb_module_header\">Areas in Mallorca<\/h1>\n<h3>Where do you want to be?<\/h3>\n<p>[\/et_pb_text][et_pb_text _builder_version=\u00bb4.27.5&#8243; _module_preset=\u00bbdefault\u00bb text_font=\u00bb|700|||||||\u00bb text_text_color=\u00bbgcid-primary-color\u00bb text_font_size=\u00bb16px\u00bb header_font=\u00bb&#8211;et_global_heading_font|700|||||||\u00bb header_text_align=\u00bbright\u00bb header_text_color=\u00bbgcid-primary-color\u00bb header_font_size=\u00bb60px\u00bb header_3_font=\u00bbppwoodland||||||||\u00bb header_3_text_align=\u00bbright\u00bb header_3_text_color=\u00bbgcid-primary-color\u00bb header_3_font_size=\u00bb40px\u00bb text_orientation=\u00bbright\u00bb custom_padding=\u00bb20px||20px||true|false\u00bb global_colors_info=\u00bb{%22gcid-primary-color%22:%91%22header_text_color%22,%22header_3_text_color%22,%22text_text_color%22,%22header_text_color%22,%22header_3_text_color%22,%22header_text_color%22,%22header_text_color%22,%22header_text_color%22,%22header_3_text_color%22,%22text_text_color%22,%22header_text_color%22,%22header_3_text_color%22,%22header_text_color%22,%22header_text_color%22%93}\u00bb]<\/p>\n<p>Having grown up going to Mallorca, Roaming Stones best knows the Tramuntana mountain region, on the north west coast of Mallorca and this where most of our recommendations are.<\/p>\n<h4>The\u00a0Tramuntana Mountains<\/h4>\n<p><span style=\"text-decoration: underline;\">The\u00a0<strong>Tramuntana Mountains<\/strong><\/span><span>\u00a0<\/span>on the north coast of Mallorca are the heart of where we grew up spending our summers. If you would like a weekend of hiking, exploring the charming old towns of Valldemossa, Dei\u00e0, S\u00f3ller, Banyalbufar and possibly boating on the magnificent northern coast of Mallorca, then this region is for you. If you do choose this area, car rental is a must.<span class=\"wixui-rich-text__text\"><\/span><\/p>\n<p><span style=\"text-decoration: underline;\"><em><a href=\"https:\/\/www.instagram.com\/p\/BmDokSnlAMD\/?utm_source=ig_web_copy_link&amp;igshid=MTIyMzRjYmRlZg==\" target=\"_blank\" rel=\"noopener\">Check us out<\/a>\u00a0<\/em><\/span>driving through Palma \u2013 Puigpunyent \u2013 Esporles \u2013 Valldemosa \u2013 Dei\u00e0.<\/p>\n<h4>Old Town Palma<\/h4>\n<p>For those seeking an urban experience, in the heart of<span>\u00a0<\/span><strong><span style=\"text-decoration: underline;\">old town Palma<\/span>,<span>\u00a0<\/span><\/strong>a bustling city with a beautiful port, original shopping, and great bars and restaurants to explore. The hotels we recommend (<span style=\"text-decoration: underline;\"><em><a href=\"#stay\">See STAY<\/a><\/em><\/span>) in Palma are all in the charming \u201cCasco Antiguo\u201d centered around the beautiful Cathedral. Palma is around 40 minutes from the Tramuntana Mountains. You do not need to rent a car if you stay in Palma. (However if you\u2019d like to access any of the<span>\u00a0<\/span>beautiful beaches, calas, hikes on the Northwest Coast, we hightly recommend you do so).<\/p>\n<h4>West of Palma<\/h4>\n<p>If you would like a seaside weekend, then we recommend staying in this area<span>\u00a0<\/span><span style=\"text-decoration: underline;\"><strong>west of Palma<\/strong><\/span>, between Cala Major and Portals Nous. The<span>\u00a0<\/span><span>port of Portals<\/span><span>\u00a0<\/span>is a charming area where there is shopping, plenty of boat rental options and beach restaurants. This area is ~40 minutes away from the Tramuntana Mountains.<\/p>\n<p>[\/et_pb_text][et_pb_button button_url=\u00bbhttps:\/\/www.google.com\/maps\/@\/data=!3m1!4b1!4m3!11m2!2s5YpifdKuccGqXNUFwq30tgLelDVOsg!3e3?entry=tts&#038;g_ep=EgoyMDI1MDQyNy4xKgBIAVAD&#038;skid=345a1adf-4651-4682-a3a7-43affe62bee7&#8243; url_new_window=\u00bbon\u00bb button_text=\u00bbView ROAMING STONES map\u00bb button_alignment=\u00bbright\u00bb _builder_version=\u00bb4.27.5&#8243; _module_preset=\u00bbdefault\u00bb custom_button=\u00bbon\u00bb button_text_size=\u00bb16px\u00bb button_font=\u00bb|700|||||||\u00bb button_use_icon=\u00bboff\u00bb custom_margin=\u00bb||||false|false\u00bb custom_margin_tablet=\u00bb||2%||false|false\u00bb custom_margin_phone=\u00bb||4%||false|false\u00bb custom_margin_last_edited=\u00bbon|desktop\u00bb global_colors_info=\u00bb{%22gcid-primary-color%22:%91%22button_bg_color__hover%22,%22button_bg_color__hover%22,%22button_bg_color__hover%22,%22button_bg_color__hover%22,%22button_bg_color__hover%22,%22button_bg_color__hover%22%93}\u00bb button_bg_color__hover_enabled=\u00bbon|hover\u00bb button_bg_color__hover=\u00bb#1c2d59&#8243; button_bg_enable_color__hover=\u00bbon\u00bb button_text_color__hover_enabled=\u00bbon|hover\u00bb button_text_color__hover=\u00bb#FFFFFF\u00bb][\/et_pb_button][et_pb_text _builder_version=\u00bb4.27.5&#8243; _module_preset=\u00bbdefault\u00bb background_image=\u00bbhttps:\/\/theroamingstones.com\/wp-content\/uploads\/2026\/04\/o0xdbp5ycqo-2-980&#215;654-1.jpg\u00bb height=\u00bb400px\u00bb locked=\u00bboff\u00bb global_colors_info=\u00bb{}\u00bb][\/et_pb_text][et_pb_text _builder_version=\u00bb4.27.5&#8243; _module_preset=\u00bbdefault\u00bb text_font_size=\u00bb12px\u00bb custom_margin=\u00bb-11px|||||\u00bb locked=\u00bboff\u00bb global_colors_info=\u00bb{}\u00bb]<\/p>\n<p><strong>Old Town Palma<\/strong><\/p>\n<p>[\/et_pb_text][\/et_pb_column][et_pb_column type=\u00bb1_2&#8243; _builder_version=\u00bb4.27.5&#8243; _module_preset=\u00bbdefault\u00bb global_colors_info=\u00bb{}\u00bb][et_pb_text _builder_version=\u00bb4.27.5&#8243; _module_preset=\u00bbdefault\u00bb background_image=\u00bbhttps:\/\/theroamingstones.com\/wp-content\/uploads\/2026\/04\/8464638.jpg\u00bb height=\u00bb400px\u00bb locked=\u00bboff\u00bb global_colors_info=\u00bb{}\u00bb][\/et_pb_text][et_pb_text _builder_version=\u00bb4.27.5&#8243; _module_preset=\u00bbdefault\u00bb background_image=\u00bbhttps:\/\/theroamingstones.com\/wp-content\/uploads\/2026\/04\/6957128.jpg\u00bb height=\u00bb400px\u00bb locked=\u00bboff\u00bb global_colors_info=\u00bb{}\u00bb][\/et_pb_text][et_pb_text _builder_version=\u00bb4.27.5&#8243; _module_preset=\u00bbdefault\u00bb background_image=\u00bbhttps:\/\/theroamingstones.com\/wp-content\/uploads\/2026\/04\/fpiijxq1yvc-980&#215;654-1.jpg\u00bb height=\u00bb400px\u00bb locked=\u00bboff\u00bb global_colors_info=\u00bb{}\u00bb][\/et_pb_text][et_pb_text _builder_version=\u00bb4.27.5&#8243; _module_preset=\u00bbdefault\u00bb text_font_size=\u00bb12px\u00bb custom_margin=\u00bb-11px|||||\u00bb locked=\u00bboff\u00bb global_colors_info=\u00bb{}\u00bb]<\/p>\n<p><strong>Scenery in the Tramuntana Mountains<\/strong><\/p>\n<p>[\/et_pb_text][\/et_pb_column][\/et_pb_row][et_pb_row column_structure=\u00bb1_2,1_2&#8243; _builder_version=\u00bb4.27.5&#8243; _module_preset=\u00bbdefault\u00bb border_width_bottom=\u00bb1px\u00bb border_color_bottom=\u00bbgcid-8854a55c-83cf-40c4-87a4-6eaddb37a687&#8243; global_colors_info=\u00bb{%22gcid-8854a55c-83cf-40c4-87a4-6eaddb37a687%22:%91%22border_color_bottom%22%93}\u00bb][et_pb_column type=\u00bb1_2&#8243; _builder_version=\u00bb4.27.5&#8243; _module_preset=\u00bbdefault\u00bb global_colors_info=\u00bb{}\u00bb][et_pb_text _builder_version=\u00bb4.27.5&#8243; _module_preset=\u00bbdefault\u00bb text_font=\u00bb&#8211;et_global_body_font|700|||||||\u00bb text_text_color=\u00bbgcid-primary-color\u00bb text_font_size=\u00bb22px\u00bb header_font=\u00bb|700|||||||\u00bb header_text_align=\u00bbright\u00bb header_text_color=\u00bbgcid-primary-color\u00bb header_font_size=\u00bb40px\u00bb header_3_font=\u00bb&#8211;et_global_body_font|700|||||||\u00bb header_3_text_align=\u00bbright\u00bb header_3_text_color=\u00bbgcid-primary-color\u00bb text_orientation=\u00bbright\u00bb custom_padding=\u00bb||0px|||\u00bb custom_css_main_element=\u00bbtext-transform: uppercase\u00bb global_colors_info=\u00bb{%22gcid-primary-color%22:%91%22header_text_color%22,%22header_3_text_color%22,%22text_text_color%22,%22header_text_color%22,%22header_3_text_color%22%93}\u00bb]<\/p>\n<h1>About Outdoor Venture<\/h1>\n<h3><span>Mallorca is OUr dream destination for walking &amp; hiking<\/span><\/h3>\n<p>[\/et_pb_text][et_pb_text _builder_version=\u00bb4.27.5&#8243; _module_preset=\u00bbdefault\u00bb text_font=\u00bb|700|||||||\u00bb text_text_color=\u00bbgcid-primary-color\u00bb text_font_size=\u00bb16px\u00bb header_font=\u00bb&#8211;et_global_heading_font|700|||||||\u00bb header_text_align=\u00bbright\u00bb header_text_color=\u00bbgcid-primary-color\u00bb header_font_size=\u00bb60px\u00bb header_3_font=\u00bbppwoodland||||||||\u00bb header_3_text_align=\u00bbright\u00bb header_3_text_color=\u00bbgcid-primary-color\u00bb header_3_font_size=\u00bb40px\u00bb text_orientation=\u00bbright\u00bb custom_padding=\u00bb20px||20px||true|false\u00bb global_colors_info=\u00bb{%22gcid-primary-color%22:%91%22header_text_color%22,%22header_3_text_color%22,%22text_text_color%22,%22header_text_color%22,%22header_3_text_color%22,%22header_text_color%22,%22header_text_color%22,%22header_text_color%22,%22header_3_text_color%22,%22text_text_color%22,%22header_text_color%22,%22header_3_text_color%22,%22header_text_color%22,%22header_text_color%22%93}\u00bb]<\/p>\n<p><span>Roaming Stones is all about walking and hiking. The Tramuntana Mountains are crisscrossed by ancient paths where donkeys once traversed and which today have become an endless network of routes that connect coastal towns and mountain refugios. Most of the walking we have done and can recommend originates from the town of Esporles, 25 minutes northwest of Palma. We have done some walking elsewhere on the island, but it is limited. Hiking guides and trail maps abound. For more guided details on each hike we share, visit the Mallorca Hiking Site linked below.<\/span><\/p>\n<p>[\/et_pb_text][et_pb_button button_url=\u00bbhttps:\/\/www.alltrails.com\/spain\/mallorca\u00bb url_new_window=\u00bbon\u00bb button_text=\u00bbView website\u00bb button_alignment=\u00bbright\u00bb _builder_version=\u00bb4.27.5&#8243; _module_preset=\u00bbdefault\u00bb custom_button=\u00bbon\u00bb button_text_size=\u00bb16px\u00bb button_font=\u00bb|700|||||||\u00bb button_use_icon=\u00bboff\u00bb custom_margin=\u00bb||||false|false\u00bb custom_margin_tablet=\u00bb||2%||false|false\u00bb custom_margin_phone=\u00bb||4%||false|false\u00bb custom_margin_last_edited=\u00bbon|desktop\u00bb global_colors_info=\u00bb{%22gcid-primary-color%22:%91%22button_bg_color__hover%22,%22button_bg_color__hover%22,%22button_bg_color__hover%22,%22button_bg_color__hover%22,%22button_bg_color__hover%22,%22button_bg_color__hover%22%93}\u00bb button_bg_color__hover_enabled=\u00bbon|hover\u00bb button_bg_color__hover=\u00bb#1c2d59&#8243; button_bg_enable_color__hover=\u00bbon\u00bb button_text_color__hover_enabled=\u00bbon|hover\u00bb button_text_color__hover=\u00bb#FFFFFF\u00bb][\/et_pb_button][\/et_pb_column][et_pb_column type=\u00bb1_2&#8243; _builder_version=\u00bb4.27.5&#8243; _module_preset=\u00bbdefault\u00bb global_colors_info=\u00bb{}\u00bb][et_pb_text _builder_version=\u00bb4.27.5&#8243; _module_preset=\u00bbdefault\u00bb background_image=\u00bbhttps:\/\/theroamingstones.com\/wp-content\/uploads\/2026\/04\/Mallorca-Hikingpg-scaled-1.jpg\u00bb height=\u00bb400px\u00bb locked=\u00bboff\u00bb global_colors_info=\u00bb{}\u00bb][\/et_pb_text][et_pb_text _builder_version=\u00bb4.27.5&#8243; _module_preset=\u00bbdefault\u00bb text_font_size=\u00bb12px\u00bb custom_margin=\u00bb-11px|||||\u00bb locked=\u00bboff\u00bb global_colors_info=\u00bb{}\u00bb]<\/p>\n<p><em>Image<span>\u00a0<\/span><span>\u00a9<\/span><span>\u00a0<\/span>Kevin Johnston \/ Unsplash<\/em><\/p>\n<p>[\/et_pb_text][\/et_pb_column][\/et_pb_row][et_pb_row column_structure=\u00bb1_2,1_2&#8243; _builder_version=\u00bb4.27.5&#8243; _module_preset=\u00bbdefault\u00bb border_width_bottom=\u00bb1px\u00bb border_color_bottom=\u00bbgcid-8854a55c-83cf-40c4-87a4-6eaddb37a687&#8243; global_colors_info=\u00bb{%22gcid-8854a55c-83cf-40c4-87a4-6eaddb37a687%22:%91%22border_color_bottom%22%93}\u00bb][et_pb_column type=\u00bb1_2&#8243; _builder_version=\u00bb4.27.5&#8243; _module_preset=\u00bbdefault\u00bb global_colors_info=\u00bb{}\u00bb][et_pb_text _builder_version=\u00bb4.27.5&#8243; _module_preset=\u00bbdefault\u00bb text_font=\u00bb&#8211;et_global_body_font|700|||||||\u00bb text_text_color=\u00bbgcid-primary-color\u00bb text_font_size=\u00bb22px\u00bb header_font=\u00bb|700|||||||\u00bb header_text_align=\u00bbright\u00bb header_text_color=\u00bbgcid-primary-color\u00bb header_font_size=\u00bb40px\u00bb header_3_font=\u00bb&#8211;et_global_body_font|700|||||||\u00bb header_3_text_align=\u00bbright\u00bb header_3_text_color=\u00bbgcid-primary-color\u00bb text_orientation=\u00bbright\u00bb custom_padding=\u00bb||0px|||\u00bb custom_css_main_element=\u00bbtext-transform: uppercase\u00bb global_colors_info=\u00bb{%22gcid-primary-color%22:%91%22header_text_color%22,%22header_3_text_color%22,%22text_text_color%22,%22header_text_color%22,%22header_3_text_color%22%93}\u00bb]<\/p>\n<h1>Sa Foradada<\/h1>\n<h3><span>trail ends with a dip in a picturesque pool-like cove<\/span><\/h3>\n<p>[\/et_pb_text][et_pb_text _builder_version=\u00bb4.27.5&#8243; _module_preset=\u00bbdefault\u00bb text_font=\u00bb|700|||||||\u00bb text_text_color=\u00bbgcid-primary-color\u00bb text_font_size=\u00bb16px\u00bb header_font=\u00bb&#8211;et_global_heading_font|700|||||||\u00bb header_text_align=\u00bbright\u00bb header_text_color=\u00bbgcid-primary-color\u00bb header_font_size=\u00bb60px\u00bb header_3_font=\u00bbppwoodland||||||||\u00bb header_3_text_align=\u00bbright\u00bb header_3_text_color=\u00bbgcid-primary-color\u00bb header_3_font_size=\u00bb40px\u00bb text_orientation=\u00bbright\u00bb custom_padding=\u00bb20px||20px||true|false\u00bb global_colors_info=\u00bb{%22gcid-primary-color%22:%91%22header_text_color%22,%22header_3_text_color%22,%22text_text_color%22,%22header_text_color%22,%22header_3_text_color%22,%22header_text_color%22,%22header_text_color%22,%22header_text_color%22,%22header_3_text_color%22,%22text_text_color%22,%22header_text_color%22,%22header_3_text_color%22,%22header_text_color%22,%22header_text_color%22%93}\u00bb]<\/p>\n<p><strong>Hike Time:<\/strong><span>\u00a0<\/span>1 hour 30 mins.<\/p>\n<p><strong>Level:<\/strong><span>\u00a0<\/span>6\/10<\/p>\n<p>Incredible hike down to Cala de Sa Foradada in the Sierra de Tramuntana. Depart from Son Marroig (parking available) and follow the trail for about 40 minutes until you reach the restaurant of Sa Foradada (<span style=\"text-decoration: underline;\"><a href=\"#forada\">see EAT<\/a><\/span>) and just below an idyllic spot for a swim in the beautiful cove.<\/p>\n<p>See link for route details.<\/p>\n<p>[\/et_pb_text][et_pb_button button_url=\u00bbhttps:\/\/www.alltrails.com\/trail\/spain\/mallorca\/sa-foradada\u00bb url_new_window=\u00bbon\u00bb button_text=\u00bbTrail map\u00bb button_alignment=\u00bbright\u00bb _builder_version=\u00bb4.27.5&#8243; _module_preset=\u00bbdefault\u00bb custom_button=\u00bbon\u00bb button_text_size=\u00bb16px\u00bb button_font=\u00bb|700|||||||\u00bb button_use_icon=\u00bboff\u00bb custom_margin=\u00bb||||false|false\u00bb custom_margin_tablet=\u00bb||2%||false|false\u00bb custom_margin_phone=\u00bb||4%||false|false\u00bb custom_margin_last_edited=\u00bbon|desktop\u00bb global_colors_info=\u00bb{%22gcid-primary-color%22:%91%22button_bg_color__hover%22,%22button_bg_color__hover%22,%22button_bg_color__hover%22,%22button_bg_color__hover%22,%22button_bg_color__hover%22,%22button_bg_color__hover%22%93}\u00bb button_bg_color__hover_enabled=\u00bbon|hover\u00bb button_bg_color__hover=\u00bb#1c2d59&#8243; button_bg_enable_color__hover=\u00bbon\u00bb button_text_color__hover_enabled=\u00bbon|hover\u00bb button_text_color__hover=\u00bb#FFFFFF\u00bb][\/et_pb_button][\/et_pb_column][et_pb_column type=\u00bb1_2&#8243; _builder_version=\u00bb4.27.5&#8243; _module_preset=\u00bbdefault\u00bb global_colors_info=\u00bb{}\u00bb][et_pb_text _builder_version=\u00bb4.27.5&#8243; _module_preset=\u00bbdefault\u00bb background_image=\u00bbhttps:\/\/theroamingstones.com\/wp-content\/uploads\/2026\/04\/Sa-Foradada-scaled-1.jpg\u00bb height=\u00bb400px\u00bb locked=\u00bboff\u00bb global_colors_info=\u00bb{}\u00bb][\/et_pb_text][et_pb_text _builder_version=\u00bb4.27.5&#8243; _module_preset=\u00bbdefault\u00bb text_font_size=\u00bb12px\u00bb custom_margin=\u00bb-11px|||||\u00bb locked=\u00bboff\u00bb global_colors_info=\u00bb{}\u00bb]<\/p>\n<p><em><i>Image from Roaming Stones<\/i><\/em><\/p>\n<p>[\/et_pb_text][\/et_pb_column][\/et_pb_row][et_pb_row column_structure=\u00bb1_2,1_2&#8243; _builder_version=\u00bb4.27.5&#8243; _module_preset=\u00bbdefault\u00bb border_width_bottom=\u00bb1px\u00bb border_color_bottom=\u00bbgcid-8854a55c-83cf-40c4-87a4-6eaddb37a687&#8243; global_colors_info=\u00bb{%22gcid-8854a55c-83cf-40c4-87a4-6eaddb37a687%22:%91%22border_color_bottom%22%93}\u00bb][et_pb_column type=\u00bb1_2&#8243; _builder_version=\u00bb4.27.5&#8243; _module_preset=\u00bbdefault\u00bb global_colors_info=\u00bb{}\u00bb][et_pb_text _builder_version=\u00bb4.27.5&#8243; _module_preset=\u00bbdefault\u00bb text_font=\u00bb&#8211;et_global_body_font|700|||||||\u00bb text_text_color=\u00bbgcid-primary-color\u00bb text_font_size=\u00bb22px\u00bb header_font=\u00bb|700|||||||\u00bb header_text_align=\u00bbright\u00bb header_text_color=\u00bbgcid-primary-color\u00bb header_font_size=\u00bb40px\u00bb header_3_font=\u00bb&#8211;et_global_body_font|700|||||||\u00bb header_3_text_align=\u00bbright\u00bb header_3_text_color=\u00bbgcid-primary-color\u00bb text_orientation=\u00bbright\u00bb custom_padding=\u00bb||0px|||\u00bb custom_css_main_element=\u00bbtext-transform: uppercase\u00bb global_colors_info=\u00bb{%22gcid-primary-color%22:%91%22header_text_color%22,%22header_3_text_color%22,%22text_text_color%22,%22header_text_color%22,%22header_3_text_color%22%93}\u00bb]<\/p>\n<h1>Route: Cala dei\u00e0 to Port de s\u00f3ller<\/h1>\n<h3><span>this trail combines eating, venturing, beaching<\/span><\/h3>\n<p>[\/et_pb_text][et_pb_text _builder_version=\u00bb4.27.5&#8243; _module_preset=\u00bbdefault\u00bb text_font=\u00bb|700|||||||\u00bb text_text_color=\u00bbgcid-primary-color\u00bb text_font_size=\u00bb16px\u00bb header_font=\u00bb&#8211;et_global_heading_font|700|||||||\u00bb header_text_align=\u00bbright\u00bb header_text_color=\u00bbgcid-primary-color\u00bb header_font_size=\u00bb60px\u00bb header_3_font=\u00bbppwoodland||||||||\u00bb header_3_text_align=\u00bbright\u00bb header_3_text_color=\u00bbgcid-primary-color\u00bb header_3_font_size=\u00bb40px\u00bb text_orientation=\u00bbright\u00bb custom_padding=\u00bb20px||20px||true|false\u00bb global_colors_info=\u00bb{%22gcid-primary-color%22:%91%22header_text_color%22,%22header_3_text_color%22,%22text_text_color%22,%22header_text_color%22,%22header_3_text_color%22,%22header_text_color%22,%22header_text_color%22,%22header_text_color%22,%22header_3_text_color%22,%22text_text_color%22,%22header_text_color%22,%22header_3_text_color%22,%22header_text_color%22,%22header_text_color%22%93}\u00bb]<\/p>\n<p><strong>Hike Time:<\/strong><span>\u00a0<\/span>As long or short as you want to make it, 10.9 km total.<span>\u00a0<\/span><strong>Level:<\/strong><span>\u00a0<\/span>6\/10<\/p>\n<p>One of our favorites. A great walk along the coast out of Cala Dei\u00e0. When you feel like hugging a coastline, this walk is for you.<\/p>\n<p>Park in the parking lot above Cala Dei\u00e0. As you walk down to the cala, you will see a trail start on the far right. We usually roundtrip and return to Cala Dei\u00e0 to have lunch at Ca\u2019s Patr\u00f3 March<span>\u00a0<\/span><a href=\"#patro\">(<span style=\"text-decoration: underline;\">see EAT<\/span>)<\/a><span>\u00a0<\/span>but if you\u2019re feeling strong and adventurous you can walk the whole way to S\u00f3ller, approximately 3 hours.<\/p>\n<p>See link for route details.<\/p>\n<p>[\/et_pb_text][et_pb_button button_url=\u00bbhttps:\/\/www.alltrails.com\/trail\/spain\/mallorca\/port-des-canonge-platja-son-bunyola-coma-de-peregom\u00bb url_new_window=\u00bbon\u00bb button_text=\u00bbTrail map\u00bb button_alignment=\u00bbright\u00bb _builder_version=\u00bb4.27.5&#8243; _module_preset=\u00bbdefault\u00bb custom_button=\u00bbon\u00bb button_text_size=\u00bb16px\u00bb button_font=\u00bb|700|||||||\u00bb button_use_icon=\u00bboff\u00bb custom_margin=\u00bb||||false|false\u00bb custom_margin_tablet=\u00bb||2%||false|false\u00bb custom_margin_phone=\u00bb||4%||false|false\u00bb custom_margin_last_edited=\u00bbon|desktop\u00bb global_colors_info=\u00bb{%22gcid-primary-color%22:%91%22button_bg_color__hover%22,%22button_bg_color__hover%22,%22button_bg_color__hover%22,%22button_bg_color__hover%22,%22button_bg_color__hover%22,%22button_bg_color__hover%22%93}\u00bb button_bg_color__hover_enabled=\u00bbon|hover\u00bb button_bg_color__hover=\u00bb#1c2d59&#8243; button_bg_enable_color__hover=\u00bbon\u00bb button_text_color__hover_enabled=\u00bbon|hover\u00bb button_text_color__hover=\u00bb#FFFFFF\u00bb][\/et_pb_button][\/et_pb_column][et_pb_column type=\u00bb1_2&#8243; _builder_version=\u00bb4.27.5&#8243; _module_preset=\u00bbdefault\u00bb global_colors_info=\u00bb{}\u00bb][et_pb_text _builder_version=\u00bb4.27.5&#8243; _module_preset=\u00bbdefault\u00bb background_image=\u00bbhttps:\/\/theroamingstones.com\/wp-content\/uploads\/2026\/04\/AdobeStock_Deia-to-Soller-Hike-scaled-1.jpg\u00bb height=\u00bb400px\u00bb locked=\u00bboff\u00bb global_colors_info=\u00bb{}\u00bb][\/et_pb_text][et_pb_text _builder_version=\u00bb4.27.5&#8243; _module_preset=\u00bbdefault\u00bb text_font_size=\u00bb12px\u00bb custom_margin=\u00bb-11px|||||\u00bb locked=\u00bboff\u00bb global_colors_info=\u00bb{}\u00bb]<\/p>\n<p><em>Image \u00a9 Davidsandron\u00a0\/ Adobe Stock<\/em><\/p>\n<p>[\/et_pb_text][\/et_pb_column][\/et_pb_row][et_pb_row column_structure=\u00bb1_2,1_2&#8243; _builder_version=\u00bb4.27.5&#8243; _module_preset=\u00bbdefault\u00bb border_width_bottom=\u00bb1px\u00bb border_color_bottom=\u00bbgcid-8854a55c-83cf-40c4-87a4-6eaddb37a687&#8243; global_colors_info=\u00bb{%22gcid-8854a55c-83cf-40c4-87a4-6eaddb37a687%22:%91%22border_color_bottom%22%93}\u00bb][et_pb_column type=\u00bb1_2&#8243; _builder_version=\u00bb4.27.5&#8243; _module_preset=\u00bbdefault\u00bb global_colors_info=\u00bb{}\u00bb][et_pb_text _builder_version=\u00bb4.27.5&#8243; _module_preset=\u00bbdefault\u00bb text_font=\u00bb&#8211;et_global_body_font|700|||||||\u00bb text_text_color=\u00bbgcid-primary-color\u00bb text_font_size=\u00bb22px\u00bb header_font=\u00bb|700|||||||\u00bb header_text_align=\u00bbright\u00bb header_text_color=\u00bbgcid-primary-color\u00bb header_font_size=\u00bb40px\u00bb header_3_font=\u00bb&#8211;et_global_body_font|700|||||||\u00bb header_3_text_align=\u00bbright\u00bb header_3_text_color=\u00bbgcid-primary-color\u00bb text_orientation=\u00bbright\u00bb custom_padding=\u00bb||0px|||\u00bb custom_css_main_element=\u00bbtext-transform: uppercase\u00bb global_colors_info=\u00bb{%22gcid-primary-color%22:%91%22header_text_color%22,%22header_3_text_color%22,%22text_text_color%22,%22header_text_color%22,%22header_3_text_color%22%93}\u00bb]<\/p>\n<h1>COastal route from port des canonge<\/h1>\n<h3><span>Route departing from Port des canonge<\/span><\/h3>\n<p>[\/et_pb_text][et_pb_text _builder_version=\u00bb4.27.5&#8243; _module_preset=\u00bbdefault\u00bb text_font=\u00bb|700|||||||\u00bb text_text_color=\u00bbgcid-primary-color\u00bb text_font_size=\u00bb16px\u00bb header_font=\u00bb&#8211;et_global_heading_font|700|||||||\u00bb header_text_align=\u00bbright\u00bb header_text_color=\u00bbgcid-primary-color\u00bb header_font_size=\u00bb60px\u00bb header_3_font=\u00bbppwoodland||||||||\u00bb header_3_text_align=\u00bbright\u00bb header_3_text_color=\u00bbgcid-primary-color\u00bb header_3_font_size=\u00bb40px\u00bb text_orientation=\u00bbright\u00bb custom_padding=\u00bb20px||20px||true|false\u00bb global_colors_info=\u00bb{%22gcid-primary-color%22:%91%22header_text_color%22,%22header_3_text_color%22,%22text_text_color%22,%22header_text_color%22,%22header_3_text_color%22,%22header_text_color%22,%22header_text_color%22,%22header_text_color%22,%22header_3_text_color%22,%22text_text_color%22,%22header_text_color%22,%22header_3_text_color%22,%22header_text_color%22,%22header_text_color%22%93}\u00bb]<\/p>\n<p><strong>Hike Time:<\/strong><span>\u00a0<\/span>1 Hour 20 mins.<span>\u00a0<\/span><strong>Level:<\/strong><span>\u00a0<\/span>4\/10<\/p>\n<p>Another lovely coastal walk out of the tiny Port des Canonge on the northern coast of Mallorca. Beautiful sea views and plenty of shade under pine and oak trees.<\/p>\n<p>Park in the small parking lot of port des canonge and take the trail to the left along the coast. Continue as far as desired and turn around for Port des Canonge<\/p>\n<p>See link for more details.<\/p>\n<p>[\/et_pb_text][et_pb_button button_url=\u00bbhttps:\/\/www.alltrails.com\/trail\/spain\/mallorca\/port-des-canonge-platja-son-bunyola-coma-de-peregom\u00bb url_new_window=\u00bbon\u00bb button_text=\u00bbTrail map\u00bb button_alignment=\u00bbright\u00bb _builder_version=\u00bb4.27.5&#8243; _module_preset=\u00bbdefault\u00bb custom_button=\u00bbon\u00bb button_text_size=\u00bb16px\u00bb button_font=\u00bb|700|||||||\u00bb button_use_icon=\u00bboff\u00bb custom_margin=\u00bb||||false|false\u00bb custom_margin_tablet=\u00bb||2%||false|false\u00bb custom_margin_phone=\u00bb||4%||false|false\u00bb custom_margin_last_edited=\u00bbon|desktop\u00bb global_colors_info=\u00bb{%22gcid-primary-color%22:%91%22button_bg_color__hover%22,%22button_bg_color__hover%22,%22button_bg_color__hover%22,%22button_bg_color__hover%22,%22button_bg_color__hover%22,%22button_bg_color__hover%22%93}\u00bb button_bg_color__hover_enabled=\u00bbon|hover\u00bb button_bg_color__hover=\u00bb#1c2d59&#8243; button_bg_enable_color__hover=\u00bbon\u00bb button_text_color__hover_enabled=\u00bbon|hover\u00bb button_text_color__hover=\u00bb#FFFFFF\u00bb][\/et_pb_button][\/et_pb_column][et_pb_column type=\u00bb1_2&#8243; _builder_version=\u00bb4.27.5&#8243; _module_preset=\u00bbdefault\u00bb global_colors_info=\u00bb{}\u00bb][et_pb_text _builder_version=\u00bb4.27.5&#8243; _module_preset=\u00bbdefault\u00bb background_image=\u00bbhttps:\/\/theroamingstones.com\/wp-content\/uploads\/2026\/04\/Port-Des-Canonges-AdobeStock_188451432-scaled-1.jpg\u00bb height=\u00bb400px\u00bb locked=\u00bboff\u00bb global_colors_info=\u00bb{}\u00bb][\/et_pb_text][et_pb_text _builder_version=\u00bb4.27.5&#8243; _module_preset=\u00bbdefault\u00bb text_font_size=\u00bb12px\u00bb custom_margin=\u00bb-11px|||||\u00bb locked=\u00bboff\u00bb global_colors_info=\u00bb{}\u00bb]<\/p>\n<p><em>Image \u00a9 Frobra \/ Adobe Stock<\/em><\/p>\n<p>[\/et_pb_text][\/et_pb_column][\/et_pb_row][et_pb_row column_structure=\u00bb1_2,1_2&#8243; _builder_version=\u00bb4.27.5&#8243; _module_preset=\u00bbdefault\u00bb border_width_bottom=\u00bb1px\u00bb border_color_bottom=\u00bbgcid-8854a55c-83cf-40c4-87a4-6eaddb37a687&#8243; global_colors_info=\u00bb{%22gcid-8854a55c-83cf-40c4-87a4-6eaddb37a687%22:%91%22border_color_bottom%22%93}\u00bb][et_pb_column type=\u00bb1_2&#8243; _builder_version=\u00bb4.27.5&#8243; _module_preset=\u00bbdefault\u00bb global_colors_info=\u00bb{}\u00bb][et_pb_text _builder_version=\u00bb4.27.5&#8243; _module_preset=\u00bbdefault\u00bb text_font=\u00bb&#8211;et_global_body_font|700|||||||\u00bb text_text_color=\u00bbgcid-primary-color\u00bb text_font_size=\u00bb22px\u00bb header_font=\u00bb|700|||||||\u00bb header_text_align=\u00bbright\u00bb header_text_color=\u00bbgcid-primary-color\u00bb header_font_size=\u00bb40px\u00bb header_3_font=\u00bb&#8211;et_global_body_font|700|||||||\u00bb header_3_text_align=\u00bbright\u00bb header_3_text_color=\u00bbgcid-primary-color\u00bb text_orientation=\u00bbright\u00bb custom_padding=\u00bb||0px|||\u00bb custom_css_main_element=\u00bbtext-transform: uppercase\u00bb global_colors_info=\u00bb{%22gcid-primary-color%22:%91%22header_text_color%22,%22header_3_text_color%22,%22text_text_color%22,%22header_text_color%22,%22header_3_text_color%22%93}\u00bb]<\/p>\n<h1>COR de Jesus &amp; ermita de Maristella<\/h1>\n<h3><span>Route departing from esporles town<\/span><\/h3>\n<p>[\/et_pb_text][et_pb_text _builder_version=\u00bb4.27.5&#8243; _module_preset=\u00bbdefault\u00bb text_font=\u00bb|700|||||||\u00bb text_text_color=\u00bbgcid-primary-color\u00bb text_font_size=\u00bb16px\u00bb header_font=\u00bb&#8211;et_global_heading_font|700|||||||\u00bb header_text_align=\u00bbright\u00bb header_text_color=\u00bbgcid-primary-color\u00bb header_font_size=\u00bb60px\u00bb header_3_font=\u00bbppwoodland||||||||\u00bb header_3_text_align=\u00bbright\u00bb header_3_text_color=\u00bbgcid-primary-color\u00bb header_3_font_size=\u00bb40px\u00bb text_orientation=\u00bbright\u00bb custom_padding=\u00bb20px||20px||true|false\u00bb global_colors_info=\u00bb{%22gcid-primary-color%22:%91%22header_text_color%22,%22header_3_text_color%22,%22text_text_color%22,%22header_text_color%22,%22header_3_text_color%22,%22header_text_color%22,%22header_text_color%22,%22header_text_color%22,%22header_3_text_color%22,%22text_text_color%22,%22header_text_color%22,%22header_3_text_color%22,%22header_text_color%22,%22header_text_color%22%93}\u00bb]<\/p>\n<p><strong>Hike Time:<\/strong><span>\u00a0<\/span>1 hour 15 minutes.<span>\u00a0<\/span><strong>Level:<\/strong><span>\u00a0<\/span>8\/10<\/p>\n<p>There is a very steep 25-minute climb in this round-trip 1 hour and 15-minute hike, but it is well worth it\u2026 you will be treated to magnificent views while standing next to a statue of Jesus Christ and then, from an abandoned monastery at the top of a Tramuntana peak overlooking Esporles, you may even see Palma on a clear blue skies day.<\/p>\n<p>See link for route details.<\/p>\n<p>[\/et_pb_text][et_pb_button button_url=\u00bbhttps:\/\/www.alltrails.com\/trail\/spain\/mallorca\/son-tries-ermita-de-maristel-la\u00bb url_new_window=\u00bbon\u00bb button_text=\u00bbTrail map\u00bb button_alignment=\u00bbright\u00bb _builder_version=\u00bb4.27.5&#8243; _module_preset=\u00bbdefault\u00bb custom_button=\u00bbon\u00bb button_text_size=\u00bb16px\u00bb button_font=\u00bb|700|||||||\u00bb button_use_icon=\u00bboff\u00bb custom_margin=\u00bb||||false|false\u00bb custom_margin_tablet=\u00bb||2%||false|false\u00bb custom_margin_phone=\u00bb||4%||false|false\u00bb custom_margin_last_edited=\u00bbon|desktop\u00bb global_colors_info=\u00bb{%22gcid-primary-color%22:%91%22button_bg_color__hover%22,%22button_bg_color__hover%22,%22button_bg_color__hover%22,%22button_bg_color__hover%22,%22button_bg_color__hover%22,%22button_bg_color__hover%22%93}\u00bb button_bg_color__hover_enabled=\u00bbon|hover\u00bb button_bg_color__hover=\u00bb#1c2d59&#8243; button_bg_enable_color__hover=\u00bbon\u00bb button_text_color__hover_enabled=\u00bbon|hover\u00bb button_text_color__hover=\u00bb#FFFFFF\u00bb][\/et_pb_button][\/et_pb_column][et_pb_column type=\u00bb1_2&#8243; _builder_version=\u00bb4.27.5&#8243; _module_preset=\u00bbdefault\u00bb global_colors_info=\u00bb{}\u00bb][et_pb_text _builder_version=\u00bb4.27.5&#8243; _module_preset=\u00bbdefault\u00bb background_image=\u00bbhttps:\/\/theroamingstones.com\/wp-content\/uploads\/2026\/04\/CordeJesus-Esporles-Adobe-Stock-scaled-1.jpg\u00bb height=\u00bb400px\u00bb locked=\u00bboff\u00bb global_colors_info=\u00bb{}\u00bb][\/et_pb_text][et_pb_text _builder_version=\u00bb4.27.5&#8243; _module_preset=\u00bbdefault\u00bb text_font_size=\u00bb12px\u00bb custom_margin=\u00bb-11px|||||\u00bb locked=\u00bboff\u00bb global_colors_info=\u00bb{}\u00bb]<\/p>\n<p><em>Image \u00a9 Tolo \/ Adobe Stock<\/em><\/p>\n<p>[\/et_pb_text][\/et_pb_column][\/et_pb_row][et_pb_row column_structure=\u00bb1_2,1_2&#8243; _builder_version=\u00bb4.27.5&#8243; _module_preset=\u00bbdefault\u00bb border_width_bottom=\u00bb1px\u00bb border_color_bottom=\u00bbgcid-8854a55c-83cf-40c4-87a4-6eaddb37a687&#8243; global_colors_info=\u00bb{%22gcid-8854a55c-83cf-40c4-87a4-6eaddb37a687%22:%91%22border_color_bottom%22%93}\u00bb][et_pb_column type=\u00bb1_2&#8243; _builder_version=\u00bb4.27.5&#8243; _module_preset=\u00bbdefault\u00bb global_colors_info=\u00bb{}\u00bb][et_pb_text _builder_version=\u00bb4.27.5&#8243; _module_preset=\u00bbdefault\u00bb text_font=\u00bb&#8211;et_global_body_font|700|||||||\u00bb text_text_color=\u00bbgcid-primary-color\u00bb text_font_size=\u00bb22px\u00bb header_font=\u00bb|700|||||||\u00bb header_text_align=\u00bbright\u00bb header_text_color=\u00bbgcid-primary-color\u00bb header_font_size=\u00bb40px\u00bb header_3_font=\u00bb&#8211;et_global_body_font|700|||||||\u00bb header_3_text_align=\u00bbright\u00bb header_3_text_color=\u00bbgcid-primary-color\u00bb text_orientation=\u00bbright\u00bb custom_padding=\u00bb||0px|||\u00bb custom_css_main_element=\u00bbtext-transform: uppercase\u00bb global_colors_info=\u00bb{%22gcid-primary-color%22:%91%22header_text_color%22,%22header_3_text_color%22,%22text_text_color%22,%22header_text_color%22,%22header_3_text_color%22%93}\u00bb]<\/p>\n<h1>Cam\u00ed Del Correu<\/h1>\n<h3><span>Route Esporles to Banyalbufar, follow GR 221 path<\/span><\/h3>\n<p>[\/et_pb_text][et_pb_text _builder_version=\u00bb4.27.5&#8243; _module_preset=\u00bbdefault\u00bb text_font=\u00bb|700|||||||\u00bb text_text_color=\u00bbgcid-primary-color\u00bb text_font_size=\u00bb16px\u00bb header_font=\u00bb&#8211;et_global_heading_font|700|||||||\u00bb header_text_align=\u00bbright\u00bb header_text_color=\u00bbgcid-primary-color\u00bb header_font_size=\u00bb60px\u00bb header_3_font=\u00bbppwoodland||||||||\u00bb header_3_text_align=\u00bbright\u00bb header_3_text_color=\u00bbgcid-primary-color\u00bb header_3_font_size=\u00bb40px\u00bb text_orientation=\u00bbright\u00bb custom_padding=\u00bb20px||20px||true|false\u00bb global_colors_info=\u00bb{%22gcid-primary-color%22:%91%22header_text_color%22,%22header_3_text_color%22,%22text_text_color%22,%22header_text_color%22,%22header_3_text_color%22,%22header_text_color%22,%22header_text_color%22,%22header_text_color%22,%22header_3_text_color%22,%22text_text_color%22,%22header_text_color%22,%22header_3_text_color%22,%22header_text_color%22,%22header_text_color%22%93}\u00bb]<\/p>\n<p><strong>Hike Time:<span>\u00a0<\/span><\/strong>1 hour 45 minutes<span>\u00a0<\/span><strong>Level:<span>\u00a0<\/span><\/strong>6\/10<\/p>\n<p>Begin the hike at the church in Esporles. Take the church road Pla\u00e7a d\u2019Espanya to Costa de Sant Pere and after about 150 m, in a curve, you will see the first sign for \u201cCam\u00ed des Correu\u201d indicated toward the left. This is the beginning of the walk. Follow signs and markers, you will have to cross the street twice in the first half hour of the walk. The heart of the walk is in the shade, under trees, with a decent uphill incline for a good 30 minutes. The walk ends with a 20 minute descent with beautiful views of terraced gardens, into the town of Banyalbufar. A great hike combining some good exercise with stunning views. See link for route details<\/p>\n<p>[\/et_pb_text][et_pb_button button_url=\u00bbhttps:\/\/www.alltrails.com\/en-gb\/trail\/spain\/mallorca\/cami-des-correu-gr-221&#8243; url_new_window=\u00bbon\u00bb button_text=\u00bbTrail map\u00bb button_alignment=\u00bbright\u00bb _builder_version=\u00bb4.27.5&#8243; _module_preset=\u00bbdefault\u00bb custom_button=\u00bbon\u00bb button_text_size=\u00bb16px\u00bb button_font=\u00bb|700|||||||\u00bb button_use_icon=\u00bboff\u00bb custom_margin=\u00bb||||false|false\u00bb custom_margin_tablet=\u00bb||2%||false|false\u00bb custom_margin_phone=\u00bb||4%||false|false\u00bb custom_margin_last_edited=\u00bbon|desktop\u00bb global_colors_info=\u00bb{%22gcid-primary-color%22:%91%22button_bg_color__hover%22,%22button_bg_color__hover%22,%22button_bg_color__hover%22,%22button_bg_color__hover%22,%22button_bg_color__hover%22,%22button_bg_color__hover%22%93}\u00bb button_bg_color__hover_enabled=\u00bbon|hover\u00bb button_bg_color__hover=\u00bb#1c2d59&#8243; button_bg_enable_color__hover=\u00bbon\u00bb button_text_color__hover_enabled=\u00bbon|hover\u00bb button_text_color__hover=\u00bb#FFFFFF\u00bb][\/et_pb_button][\/et_pb_column][et_pb_column type=\u00bb1_2&#8243; _builder_version=\u00bb4.27.5&#8243; _module_preset=\u00bbdefault\u00bb global_colors_info=\u00bb{}\u00bb][et_pb_text _builder_version=\u00bb4.27.5&#8243; _module_preset=\u00bbdefault\u00bb background_image=\u00bbhttps:\/\/theroamingstones.com\/wp-content\/uploads\/2026\/04\/Mallorca-Hikingpg-scaled-1.jpg\u00bb height=\u00bb400px\u00bb locked=\u00bboff\u00bb global_colors_info=\u00bb{}\u00bb][\/et_pb_text][et_pb_text _builder_version=\u00bb4.27.5&#8243; _module_preset=\u00bbdefault\u00bb text_font_size=\u00bb12px\u00bb custom_margin=\u00bb-11px|||||\u00bb locked=\u00bboff\u00bb global_colors_info=\u00bb{}\u00bb]<\/p>\n<p><em>Image<span>\u00a0<\/span><span>\u00a9<\/span><span>\u00a0<\/span>Kevin Johnston \/ Unsplash<\/em><\/p>\n<p>[\/et_pb_text][\/et_pb_column][\/et_pb_row][et_pb_row column_structure=\u00bb1_2,1_2&#8243; _builder_version=\u00bb4.27.5&#8243; _module_preset=\u00bbdefault\u00bb border_width_bottom=\u00bb1px\u00bb border_color_bottom=\u00bbgcid-8854a55c-83cf-40c4-87a4-6eaddb37a687&#8243; global_colors_info=\u00bb{%22gcid-8854a55c-83cf-40c4-87a4-6eaddb37a687%22:%91%22border_color_bottom%22%93}\u00bb][et_pb_column type=\u00bb1_2&#8243; _builder_version=\u00bb4.27.5&#8243; _module_preset=\u00bbdefault\u00bb global_colors_info=\u00bb{}\u00bb][et_pb_text _builder_version=\u00bb4.27.5&#8243; _module_preset=\u00bbdefault\u00bb text_font=\u00bb&#8211;et_global_body_font|700|||||||\u00bb text_text_color=\u00bbgcid-primary-color\u00bb text_font_size=\u00bb22px\u00bb header_font=\u00bb|700|||||||\u00bb header_text_align=\u00bbright\u00bb header_text_color=\u00bbgcid-primary-color\u00bb header_font_size=\u00bb40px\u00bb header_3_font=\u00bb&#8211;et_global_body_font|700|||||||\u00bb header_3_text_align=\u00bbright\u00bb header_3_text_color=\u00bbgcid-primary-color\u00bb text_orientation=\u00bbright\u00bb custom_padding=\u00bb||0px|||\u00bb custom_css_main_element=\u00bbtext-transform: uppercase\u00bb global_colors_info=\u00bb{%22gcid-primary-color%22:%91%22header_text_color%22,%22header_3_text_color%22,%22text_text_color%22,%22header_text_color%22,%22header_3_text_color%22%93}\u00bb]<\/p>\n<h1>coastal Route: Cala dei\u00e0 to Port de s\u00f3ller<\/h1>\n<h3><span>trail ends with a dip in a picturesque pool-like cove<\/span><\/h3>\n<p>[\/et_pb_text][et_pb_text _builder_version=\u00bb4.27.5&#8243; _module_preset=\u00bbdefault\u00bb text_font=\u00bb|700|||||||\u00bb text_text_color=\u00bbgcid-primary-color\u00bb text_font_size=\u00bb16px\u00bb header_font=\u00bb&#8211;et_global_heading_font|700|||||||\u00bb header_text_align=\u00bbright\u00bb header_text_color=\u00bbgcid-primary-color\u00bb header_font_size=\u00bb60px\u00bb header_3_font=\u00bbppwoodland||||||||\u00bb header_3_text_align=\u00bbright\u00bb header_3_text_color=\u00bbgcid-primary-color\u00bb header_3_font_size=\u00bb40px\u00bb text_orientation=\u00bbright\u00bb custom_padding=\u00bb20px||20px||true|false\u00bb global_colors_info=\u00bb{%22gcid-primary-color%22:%91%22header_text_color%22,%22header_3_text_color%22,%22text_text_color%22,%22header_text_color%22,%22header_3_text_color%22,%22header_text_color%22,%22header_text_color%22,%22header_text_color%22,%22header_3_text_color%22,%22text_text_color%22,%22header_text_color%22,%22header_3_text_color%22,%22header_text_color%22,%22header_text_color%22%93}\u00bb]<\/p>\n<p><strong>Roundtrip Hike time:<\/strong><span>\u00a0<\/span>1 Hour 30 mins.<span>\u00a0<\/span><strong>Level:<\/strong><span>\u00a0<\/span>6\/10<\/p>\n<p>The stunning sea views and the charm of the fisherman\u2019s port that awaits you at the end make this a special Mallorquin hike. You will roam through beautiful estates and olive groves. The large estates are required to give access to the public, and the closed gates can easily be crossed on the side. The final treat is a dip in a picturesque pool-like cove, with crystal clear blue waters.<\/p>\n<p>See link for more details.<\/p>\n<p>[\/et_pb_text][et_pb_button button_url=\u00bbhttps:\/\/www.alltrails.com\/trail\/spain\/mallorca\/niu-des-corbs-calo-de-s-estaca-santissima-trinitat\u00bb url_new_window=\u00bbon\u00bb button_text=\u00bbTrail map\u00bb button_alignment=\u00bbright\u00bb _builder_version=\u00bb4.27.5&#8243; _module_preset=\u00bbdefault\u00bb custom_button=\u00bbon\u00bb button_text_size=\u00bb16px\u00bb button_font=\u00bb|700|||||||\u00bb button_use_icon=\u00bboff\u00bb custom_margin=\u00bb||||false|false\u00bb custom_margin_tablet=\u00bb||2%||false|false\u00bb custom_margin_phone=\u00bb||4%||false|false\u00bb custom_margin_last_edited=\u00bbon|desktop\u00bb global_colors_info=\u00bb{%22gcid-primary-color%22:%91%22button_bg_color__hover%22,%22button_bg_color__hover%22,%22button_bg_color__hover%22,%22button_bg_color__hover%22,%22button_bg_color__hover%22,%22button_bg_color__hover%22%93}\u00bb button_bg_color__hover_enabled=\u00bbon|hover\u00bb button_bg_color__hover=\u00bb#1c2d59&#8243; button_bg_enable_color__hover=\u00bbon\u00bb button_text_color__hover_enabled=\u00bbon|hover\u00bb button_text_color__hover=\u00bb#FFFFFF\u00bb][\/et_pb_button][\/et_pb_column][et_pb_column type=\u00bb1_2&#8243; _builder_version=\u00bb4.27.5&#8243; _module_preset=\u00bbdefault\u00bb global_colors_info=\u00bb{}\u00bb][et_pb_text _builder_version=\u00bb4.27.5&#8243; _module_preset=\u00bbdefault\u00bb background_image=\u00bbhttps:\/\/theroamingstones.com\/wp-content\/uploads\/2026\/04\/Sestaca-scaled-1.jpg\u00bb height=\u00bb400px\u00bb locked=\u00bboff\u00bb global_colors_info=\u00bb{}\u00bb][\/et_pb_text][et_pb_text _builder_version=\u00bb4.27.5&#8243; _module_preset=\u00bbdefault\u00bb text_font_size=\u00bb12px\u00bb custom_margin=\u00bb-11px|||||\u00bb locked=\u00bboff\u00bb global_colors_info=\u00bb{}\u00bb]<\/p>\n<p><i><span>Images \u00a9 Roaming Stones<\/span><\/i><\/p>\n<p>[\/et_pb_text][\/et_pb_column][\/et_pb_row][et_pb_row column_structure=\u00bb1_2,1_2&#8243; _builder_version=\u00bb4.27.5&#8243; _module_preset=\u00bbdefault\u00bb border_width_bottom=\u00bb1px\u00bb border_color_bottom=\u00bbgcid-8854a55c-83cf-40c4-87a4-6eaddb37a687&#8243; global_colors_info=\u00bb{%22gcid-8854a55c-83cf-40c4-87a4-6eaddb37a687%22:%91%22border_color_bottom%22%93}\u00bb][et_pb_column type=\u00bb1_2&#8243; _builder_version=\u00bb4.27.5&#8243; _module_preset=\u00bbdefault\u00bb global_colors_info=\u00bb{}\u00bb][et_pb_text _builder_version=\u00bb4.27.5&#8243; _module_preset=\u00bbdefault\u00bb text_font=\u00bb&#8211;et_global_body_font|700|||||||\u00bb text_text_color=\u00bbgcid-primary-color\u00bb text_font_size=\u00bb22px\u00bb header_font=\u00bb|700|||||||\u00bb header_text_align=\u00bbright\u00bb header_text_color=\u00bbgcid-primary-color\u00bb header_font_size=\u00bb40px\u00bb header_3_font=\u00bb&#8211;et_global_body_font|700|||||||\u00bb header_3_text_align=\u00bbright\u00bb header_3_text_color=\u00bbgcid-primary-color\u00bb text_orientation=\u00bbright\u00bb custom_padding=\u00bb||0px|||\u00bb custom_css_main_element=\u00bbtext-transform: uppercase\u00bb global_colors_info=\u00bb{%22gcid-primary-color%22:%91%22header_text_color%22,%22header_3_text_color%22,%22text_text_color%22,%22header_text_color%22,%22header_3_text_color%22%93}\u00bb]<\/p>\n<h1 class=\"et_pb_module_header\">North coast anchorages<\/h1>\n<h3><span>Boating on the North Coast is a treat.\u00a0The\u00a0<\/span><span>magnificent <\/span><span>vertical cliffs that drop into\u00a0<\/span><span>deep\u00a0blue water are <\/span><span>s<\/span><span>pectacular.\u00a0<\/span><span>Cruising\u00a0<\/span><span>along the\u00a0North Coast is one of <\/span><span>the\u00a0<\/span><span>highlights of\u00a0experiencing Mallorca\u00a0<\/span><span>with <\/span><span>Roaming Stones.The only place\u00a0<\/span><span>to rent a boat on <\/span><span>the\u00a0North Coast is\u00a0<\/span><span>PORT DE S\u00d3LLER.<\/span><\/h3>\n<p>[\/et_pb_text][et_pb_text _builder_version=\u00bb4.27.5&#8243; _module_preset=\u00bbdefault\u00bb text_font=\u00bb|700|||||||\u00bb text_text_color=\u00bbgcid-primary-color\u00bb text_font_size=\u00bb16px\u00bb header_font=\u00bb&#8211;et_global_heading_font|700|||||||\u00bb header_text_align=\u00bbright\u00bb header_text_color=\u00bbgcid-primary-color\u00bb header_font_size=\u00bb60px\u00bb header_3_font=\u00bbppwoodland||||||||\u00bb header_3_text_align=\u00bbright\u00bb header_3_text_color=\u00bbgcid-primary-color\u00bb header_3_font_size=\u00bb40px\u00bb text_orientation=\u00bbright\u00bb custom_padding=\u00bb20px||20px||true|false\u00bb global_colors_info=\u00bb{%22gcid-primary-color%22:%91%22header_text_color%22,%22header_3_text_color%22,%22text_text_color%22,%22header_text_color%22,%22header_3_text_color%22,%22header_text_color%22,%22header_text_color%22,%22header_text_color%22,%22header_3_text_color%22,%22text_text_color%22,%22header_text_color%22,%22header_3_text_color%22,%22header_text_color%22,%22header_text_color%22%93}\u00bb]<\/p>\n<p class=\"p1\">Our favorite boating on the North Coast begins in the bay of\u00a0<span style=\"text-decoration: underline;\"><span class=\"s1\">Cova de Sa Sal<\/span><\/span> (first picture) where Sa Foradada restaurant is located, about 20 mins cruising south of S\u00f3ller. This bay is very protected and provides wonderful calm waters to spend the day.<\/p>\n<p class=\"p1\">\u00a0Cruising north up the coast from Cova de Sa Sal you will hit\u00a0<span class=\"s1\"><span style=\"text-decoration: underline;\">Cala Dei\u00e0<\/span>,<\/span>\u00a0where the restaurant Ca\u2019s Patr\u00f3 March is located. The bay is small and busy so not especially good to spend too much time there. But just north up the coast (5\/10 mins) from Cala Dei\u00e0 are many lovely anchorages around\u00a0<span style=\"text-decoration: underline;\"><span class=\"s1\">Cala Tom\u00e1s<\/span><\/span>.<\/p>\n<p class=\"p1\">45 mins to an hour north of S\u00f3ller are\u00a0<span class=\"s1\"><span style=\"text-decoration: underline;\">Cala Tuent<\/span>\u00a0<\/span>(second pictured) and <span style=\"text-decoration: underline;\"><span class=\"s1\">Cala Sa Calobra<\/span>\u00a0<\/span>(third picture), two of our favorites.<\/p>\n<p class=\"p1\">In Cala Sa Calobra see if you can find a hole in a submerged rock on the left side of the bay as you pull in!<\/p>\n<p>Cruising continues beautiful heading north; next protected bays are<span style=\"text-decoration: underline;\">\u00a0<strong>Cala Castell<\/strong><\/span>, and<span>\u00a0<\/span><span style=\"text-decoration: underline;\"><strong>Cala Estremer<\/strong><\/span>, and then<span>\u00a0<\/span><strong><span style=\"text-decoration: underline;\">Cala Clara<\/span><span>\u00a0<\/span><\/strong>and<span>\u00a0<\/span><span style=\"text-decoration: underline;\"><strong>Cala Molins<\/strong><\/span>\u00a0in the bigger<span>\u00a0<\/span><span style=\"text-decoration: underline;\"><strong>Cala Carbo<\/strong><\/span>.<\/p>\n<p>\u00a0Just a little further north, you will hit<span>\u00a0<\/span><span style=\"text-decoration: underline;\"><strong>Cala B\u00f3quer<\/strong><\/span>, and still north from there you will come upon many more lovely anchorages, as you you make your way around Cap Formentor.<span>\u00a0<\/span><span style=\"text-decoration: underline;\"><strong>Cala Figuera<\/strong><\/span><span>\u00a0<\/span>will be just about the last spot you can anchor in before you wrap around the point of Cap Formentor. There are some beautiful anchorages on the south coast of Cap Formentor before you head into the bay of <a href=\"#pollenca\"><span style=\"text-decoration: underline;\">Pollen\u00e7a<\/span><\/a>.<\/p>\n<p>[\/et_pb_text][et_pb_button button_url=\u00bbhttps:\/\/www.google.com\/maps\/@39.547737,2.1982579,9z\/data=!4m3!11m2!2s5YpifdKuccGqXNUFwq30tgLelDVOsg!3e3?entry=ttu&#038;g_ep=EgoyMDI2MDQwMS4wIKXMDSoASAFQAw%3D%3D\u00bb url_new_window=\u00bbon\u00bb button_text=\u00bbView ROAMING STONES map\u00bb button_alignment=\u00bbright\u00bb _builder_version=\u00bb4.27.5&#8243; _module_preset=\u00bbdefault\u00bb custom_button=\u00bbon\u00bb button_text_size=\u00bb16px\u00bb button_font=\u00bb|700|||||||\u00bb button_use_icon=\u00bboff\u00bb custom_margin=\u00bb||||false|false\u00bb custom_margin_tablet=\u00bb||2%||false|false\u00bb custom_margin_phone=\u00bb||4%||false|false\u00bb custom_margin_last_edited=\u00bbon|desktop\u00bb global_colors_info=\u00bb{%22gcid-primary-color%22:%91%22button_bg_color__hover%22,%22button_bg_color__hover%22,%22button_bg_color__hover%22,%22button_bg_color__hover%22,%22button_bg_color__hover%22,%22button_bg_color__hover%22%93}\u00bb button_bg_color__hover_enabled=\u00bbon|hover\u00bb button_bg_color__hover=\u00bb#1c2d59&#8243; button_bg_enable_color__hover=\u00bbon\u00bb button_text_color__hover_enabled=\u00bbon|hover\u00bb button_text_color__hover=\u00bb#FFFFFF\u00bb][\/et_pb_button][\/et_pb_column][et_pb_column type=\u00bb1_2&#8243; _builder_version=\u00bb4.27.5&#8243; _module_preset=\u00bbdefault\u00bb global_colors_info=\u00bb{}\u00bb][et_pb_text _builder_version=\u00bb4.27.5&#8243; _module_preset=\u00bbdefault\u00bb background_image=\u00bbhttps:\/\/theroamingstones.com\/wp-content\/uploads\/2026\/04\/SaForadada-Anchorage-NP-scaled-1.jpg\u00bb height=\u00bb400px\u00bb locked=\u00bboff\u00bb global_colors_info=\u00bb{}\u00bb][\/et_pb_text][et_pb_text _builder_version=\u00bb4.27.5&#8243; _module_preset=\u00bbdefault\u00bb text_font_size=\u00bb12px\u00bb custom_margin=\u00bb-11px|||||\u00bb locked=\u00bboff\u00bb global_colors_info=\u00bb{}\u00bb]<\/p>\n<p><i><span>Images \u00a9 Roaming Stones<\/span><\/i><\/p>\n<p>[\/et_pb_text][et_pb_text _builder_version=\u00bb4.27.5&#8243; _module_preset=\u00bbdefault\u00bb background_image=\u00bbhttps:\/\/theroamingstones.com\/wp-content\/uploads\/2026\/04\/Cala-Tuent-Adobe-Stock.png\u00bb height=\u00bb400px\u00bb locked=\u00bboff\u00bb global_colors_info=\u00bb{}\u00bb][\/et_pb_text][et_pb_text _builder_version=\u00bb4.27.5&#8243; _module_preset=\u00bbdefault\u00bb text_font_size=\u00bb12px\u00bb custom_margin=\u00bb-11px|||||\u00bb locked=\u00bboff\u00bb global_colors_info=\u00bb{}\u00bb]<\/p>\n<p><em>Image \u00a9 Maciej Bledowski\/ Adobe Stock<\/em><\/p>\n<p>[\/et_pb_text][et_pb_text _builder_version=\u00bb4.27.5&#8243; _module_preset=\u00bbdefault\u00bb background_image=\u00bbhttps:\/\/theroamingstones.com\/wp-content\/uploads\/2026\/04\/SaCalobra-Adobe-Stock-AlexanderKosnta-2-scaled-1.jpg\u00bb height=\u00bb400px\u00bb locked=\u00bboff\u00bb global_colors_info=\u00bb{}\u00bb][\/et_pb_text][et_pb_text _builder_version=\u00bb4.27.5&#8243; _module_preset=\u00bbdefault\u00bb text_font_size=\u00bb12px\u00bb custom_margin=\u00bb-11px|||||\u00bb locked=\u00bboff\u00bb global_colors_info=\u00bb{}\u00bb]<\/p>\n<p><em>Image \u00a0\u00a9 Alexander Konsta \/ Adobe Stock<\/em><\/p>\n<p>[\/et_pb_text][\/et_pb_column][\/et_pb_row][et_pb_row column_structure=\u00bb1_2,1_2&#8243; _builder_version=\u00bb4.27.5&#8243; _module_preset=\u00bbdefault\u00bb border_width_bottom=\u00bb1px\u00bb border_color_bottom=\u00bbgcid-8854a55c-83cf-40c4-87a4-6eaddb37a687&#8243; global_colors_info=\u00bb{%22gcid-8854a55c-83cf-40c4-87a4-6eaddb37a687%22:%91%22border_color_bottom%22%93}\u00bb][et_pb_column type=\u00bb1_2&#8243; _builder_version=\u00bb4.27.5&#8243; _module_preset=\u00bbdefault\u00bb global_colors_info=\u00bb{}\u00bb][et_pb_text _builder_version=\u00bb4.27.5&#8243; _module_preset=\u00bbdefault\u00bb text_font=\u00bb&#8211;et_global_body_font|700|||||||\u00bb text_text_color=\u00bbgcid-primary-color\u00bb text_font_size=\u00bb22px\u00bb header_font=\u00bb|700|||||||\u00bb header_text_align=\u00bbright\u00bb header_text_color=\u00bbgcid-primary-color\u00bb header_font_size=\u00bb40px\u00bb header_3_font=\u00bb&#8211;et_global_body_font|700|||||||\u00bb header_3_text_align=\u00bbright\u00bb header_3_text_color=\u00bbgcid-primary-color\u00bb text_orientation=\u00bbright\u00bb custom_padding=\u00bb||0px|||\u00bb custom_css_main_element=\u00bbtext-transform: uppercase\u00bb global_colors_info=\u00bb{%22gcid-primary-color%22:%91%22header_text_color%22,%22header_3_text_color%22,%22text_text_color%22,%22header_text_color%22,%22header_3_text_color%22%93}\u00bb]<\/p>\n<h1>North-eastern boating anchorage\u2026 Cala \u201cEl Caribe\u201d<\/h1>\n<div class=\"et_pb_module et_pb_text et_pb_text_1  et_pb_text_align_left et_pb_bg_layout_dark\">\n<div class=\"et_pb_text_inner\">\n<h3>a cala South of pollen\u00e7a, south of cap farrutx<\/h3>\n<\/div>\n<\/div>\n<div class=\"et_pb_module et_pb_text et_pb_text_2  et_pb_text_align_left et_pb_bg_layout_dark\">\n<div class=\"et_pb_text_inner\"><\/div>\n<\/div>\n<p>[\/et_pb_text][et_pb_text _builder_version=\u00bb4.27.5&#8243; _module_preset=\u00bbdefault\u00bb text_font=\u00bb|700|||||||\u00bb text_text_color=\u00bbgcid-primary-color\u00bb text_font_size=\u00bb16px\u00bb header_font=\u00bb&#8211;et_global_heading_font|700|||||||\u00bb header_text_align=\u00bbright\u00bb header_text_color=\u00bbgcid-primary-color\u00bb header_font_size=\u00bb60px\u00bb header_3_font=\u00bbppwoodland||||||||\u00bb header_3_text_align=\u00bbright\u00bb header_3_text_color=\u00bbgcid-primary-color\u00bb header_3_font_size=\u00bb40px\u00bb text_orientation=\u00bbright\u00bb custom_padding=\u00bb20px||20px||true|false\u00bb global_colors_info=\u00bb{%22gcid-primary-color%22:%91%22header_text_color%22,%22header_3_text_color%22,%22text_text_color%22,%22header_text_color%22,%22header_3_text_color%22,%22header_text_color%22,%22header_text_color%22,%22header_text_color%22,%22header_3_text_color%22,%22text_text_color%22,%22header_text_color%22,%22header_3_text_color%22,%22header_text_color%22,%22header_text_color%22%93}\u00bb]<\/p>\n<p class=\"p1\"><span>If what you like is shallow Caribbean-like blue water, head to the coastline just south of Cap Farrutx, south of the Bay of Alcudia, it is known locally as \u2018El Caribe\u2019 and it is just spectacular!<\/span><\/p>\n<p>[\/et_pb_text][et_pb_button button_url=\u00bbhttps:\/\/www.google.com\/maps\/@39.547737,2.1982579,9z\/data=!4m3!11m2!2s5YpifdKuccGqXNUFwq30tgLelDVOsg!3e3?entry=ttu&#038;g_ep=EgoyMDI2MDQwMS4wIKXMDSoASAFQAw%3D%3D\u00bb url_new_window=\u00bbon\u00bb button_text=\u00bbView ROAMING STONES map\u00bb button_alignment=\u00bbright\u00bb _builder_version=\u00bb4.27.5&#8243; _module_preset=\u00bbdefault\u00bb custom_button=\u00bbon\u00bb button_text_size=\u00bb16px\u00bb button_font=\u00bb|700|||||||\u00bb button_use_icon=\u00bboff\u00bb custom_margin=\u00bb||||false|false\u00bb custom_margin_tablet=\u00bb||2%||false|false\u00bb custom_margin_phone=\u00bb||4%||false|false\u00bb custom_margin_last_edited=\u00bbon|desktop\u00bb global_colors_info=\u00bb{%22gcid-primary-color%22:%91%22button_bg_color__hover%22,%22button_bg_color__hover%22,%22button_bg_color__hover%22,%22button_bg_color__hover%22,%22button_bg_color__hover%22,%22button_bg_color__hover%22%93}\u00bb button_bg_color__hover_enabled=\u00bbon|hover\u00bb button_bg_color__hover=\u00bb#1c2d59&#8243; button_bg_enable_color__hover=\u00bbon\u00bb button_text_color__hover_enabled=\u00bbon|hover\u00bb button_text_color__hover=\u00bb#FFFFFF\u00bb][\/et_pb_button][\/et_pb_column][et_pb_column type=\u00bb1_2&#8243; _builder_version=\u00bb4.27.5&#8243; _module_preset=\u00bbdefault\u00bb global_colors_info=\u00bb{}\u00bb][et_pb_text _builder_version=\u00bb4.27.5&#8243; _module_preset=\u00bbdefault\u00bb background_image=\u00bbhttps:\/\/theroamingstones.com\/wp-content\/uploads\/2026\/04\/AdobeStock_2Cap-Farrutx-Dudlajzov-scaled-1.jpg\u00bb height=\u00bb400px\u00bb locked=\u00bboff\u00bb global_colors_info=\u00bb{}\u00bb][\/et_pb_text][et_pb_text _builder_version=\u00bb4.27.5&#8243; _module_preset=\u00bbdefault\u00bb text_font_size=\u00bb12px\u00bb custom_margin=\u00bb-11px|||||\u00bb locked=\u00bboff\u00bb global_colors_info=\u00bb{}\u00bb]<\/p>\n<p><em>Image \u00a9 Dudlajzov \/ Adobe Stock<\/em><\/p>\n<p>[\/et_pb_text][\/et_pb_column][\/et_pb_row][et_pb_row column_structure=\u00bb1_2,1_2&#8243; module_id=\u00bbpollenca\u00bb _builder_version=\u00bb4.27.5&#8243; _module_preset=\u00bbdefault\u00bb border_width_bottom=\u00bb1px\u00bb border_color_bottom=\u00bbgcid-8854a55c-83cf-40c4-87a4-6eaddb37a687&#8243; global_colors_info=\u00bb{%22gcid-8854a55c-83cf-40c4-87a4-6eaddb37a687%22:%91%22border_color_bottom%22%93}\u00bb][et_pb_column type=\u00bb1_2&#8243; _builder_version=\u00bb4.27.5&#8243; _module_preset=\u00bbdefault\u00bb global_colors_info=\u00bb{}\u00bb][et_pb_text _builder_version=\u00bb4.27.5&#8243; _module_preset=\u00bbdefault\u00bb text_font=\u00bb&#8211;et_global_body_font|700|||||||\u00bb text_text_color=\u00bbgcid-primary-color\u00bb text_font_size=\u00bb22px\u00bb header_font=\u00bb|700|||||||\u00bb header_text_align=\u00bbright\u00bb header_text_color=\u00bbgcid-primary-color\u00bb header_font_size=\u00bb40px\u00bb header_3_font=\u00bb&#8211;et_global_body_font|700|||||||\u00bb header_3_text_align=\u00bbright\u00bb header_3_text_color=\u00bbgcid-primary-color\u00bb text_orientation=\u00bbright\u00bb custom_padding=\u00bb||0px|||\u00bb custom_css_main_element=\u00bbtext-transform: uppercase\u00bb global_colors_info=\u00bb{%22gcid-primary-color%22:%91%22header_text_color%22,%22header_3_text_color%22,%22text_text_color%22,%22header_text_color%22,%22header_3_text_color%22%93}\u00bb]<\/p>\n<h1>Pollen\u00e7a<\/h1>\n<h3><span>Family friendly port<\/span><\/h3>\n<p>[\/et_pb_text][et_pb_text _builder_version=\u00bb4.27.5&#8243; _module_preset=\u00bbdefault\u00bb text_font=\u00bb|700|||||||\u00bb text_text_color=\u00bbgcid-primary-color\u00bb text_font_size=\u00bb16px\u00bb header_font=\u00bb&#8211;et_global_heading_font|700|||||||\u00bb header_text_align=\u00bbright\u00bb header_text_color=\u00bbgcid-primary-color\u00bb header_font_size=\u00bb60px\u00bb header_3_font=\u00bbppwoodland||||||||\u00bb header_3_text_align=\u00bbright\u00bb header_3_text_color=\u00bbgcid-primary-color\u00bb header_3_font_size=\u00bb40px\u00bb text_orientation=\u00bbright\u00bb custom_padding=\u00bb20px||20px||true|false\u00bb global_colors_info=\u00bb{%22gcid-primary-color%22:%91%22header_text_color%22,%22header_3_text_color%22,%22text_text_color%22,%22header_text_color%22,%22header_3_text_color%22,%22header_text_color%22,%22header_text_color%22,%22header_text_color%22,%22header_3_text_color%22,%22text_text_color%22,%22header_text_color%22,%22header_3_text_color%22,%22header_text_color%22,%22header_text_color%22%93}\u00bb]<\/p>\n<p>For those in search of a family friendly vacation in Mallorca, consider Pollen\u00e7a located in the northeast of the island. In Pollen\u00e7a you will find a wide range of home rentals, as well as water sports from sailing and water skiing, to paddle boarding and kayaking.<\/p>\n<p>A Four Seasons Hotel will be opening in 2024 on Cap Formentor, a beautiful peninsula just beyond the port of Pollen\u00e7a.<\/p>\n<p>[\/et_pb_text][et_pb_button button_url=\u00bbhttps:\/\/www.google.co.uk\/maps\/place\/07460+Pollen%C3%A7a,+Balearic+Islands,+Spain\/@39.8763472,3.0053248,15z\/data=!4m11!3m10!1s0x1297d6a0db5e5103:0x2aec5ed1cb734537!5m4!1s2023-06-30!2i2!4m1!1i2!8m2!3d39.8771939!4d3.0162026!16zL20vMDV5cW5j?entry=tts&#038;shorturl=1&#8243; url_new_window=\u00bbon\u00bb button_text=\u00bbView ROAMING STONES map\u00bb button_alignment=\u00bbright\u00bb _builder_version=\u00bb4.27.5&#8243; _module_preset=\u00bbdefault\u00bb custom_button=\u00bbon\u00bb button_text_size=\u00bb16px\u00bb button_font=\u00bb|700|||||||\u00bb button_use_icon=\u00bboff\u00bb custom_margin=\u00bb||||false|false\u00bb custom_margin_tablet=\u00bb||2%||false|false\u00bb custom_margin_phone=\u00bb||4%||false|false\u00bb custom_margin_last_edited=\u00bbon|desktop\u00bb global_colors_info=\u00bb{%22gcid-primary-color%22:%91%22button_bg_color__hover%22,%22button_bg_color__hover%22,%22button_bg_color__hover%22,%22button_bg_color__hover%22,%22button_bg_color__hover%22,%22button_bg_color__hover%22%93}\u00bb button_bg_color__hover_enabled=\u00bbon|hover\u00bb button_bg_color__hover=\u00bb#1c2d59&#8243; button_bg_enable_color__hover=\u00bbon\u00bb button_text_color__hover_enabled=\u00bbon|hover\u00bb button_text_color__hover=\u00bb#FFFFFF\u00bb][\/et_pb_button][\/et_pb_column][et_pb_column type=\u00bb1_2&#8243; _builder_version=\u00bb4.27.5&#8243; _module_preset=\u00bbdefault\u00bb global_colors_info=\u00bb{}\u00bb][et_pb_text _builder_version=\u00bb4.27.5&#8243; _module_preset=\u00bbdefault\u00bb background_image=\u00bbhttps:\/\/theroamingstones.com\/wp-content\/uploads\/2026\/04\/Pollenca-Tolo-AdobeStock_375922295.jpg\u00bb height=\u00bb400px\u00bb locked=\u00bboff\u00bb global_colors_info=\u00bb{}\u00bb][\/et_pb_text][et_pb_text _builder_version=\u00bb4.27.5&#8243; _module_preset=\u00bbdefault\u00bb text_font_size=\u00bb12px\u00bb custom_margin=\u00bb-11px|||||\u00bb locked=\u00bboff\u00bb global_colors_info=\u00bb{}\u00bb]<\/p>\n<p><em>Image by<span>\u00a0<\/span><span style=\"text-decoration: underline;\"><a href=\"https:\/\/www.instagram.com\/p\/Ct1zAvJAXZ-\/\" target=\"_blank\" rel=\"noopener\">@elaenamaeybe<\/a><\/span><\/em><\/p>\n<p>[\/et_pb_text][\/et_pb_column][\/et_pb_row][et_pb_row column_structure=\u00bb1_2,1_2&#8243; _builder_version=\u00bb4.27.5&#8243; _module_preset=\u00bbdefault\u00bb border_width_bottom=\u00bb1px\u00bb border_color_bottom=\u00bbgcid-8854a55c-83cf-40c4-87a4-6eaddb37a687&#8243; locked=\u00bboff\u00bb global_colors_info=\u00bb{%22gcid-8854a55c-83cf-40c4-87a4-6eaddb37a687%22:%91%22border_color_bottom%22%93}\u00bb][et_pb_column type=\u00bb1_2&#8243; _builder_version=\u00bb4.27.5&#8243; _module_preset=\u00bbdefault\u00bb global_colors_info=\u00bb{}\u00bb][et_pb_text _builder_version=\u00bb4.27.5&#8243; _module_preset=\u00bbdefault\u00bb text_font=\u00bb&#8211;et_global_body_font|700|||||||\u00bb text_text_color=\u00bbgcid-primary-color\u00bb text_font_size=\u00bb22px\u00bb header_font=\u00bb|700|||||||\u00bb header_text_align=\u00bbright\u00bb header_text_color=\u00bbgcid-primary-color\u00bb header_font_size=\u00bb40px\u00bb header_3_font=\u00bb&#8211;et_global_body_font|700|||||||\u00bb header_3_text_align=\u00bbright\u00bb header_3_text_color=\u00bbgcid-primary-color\u00bb text_orientation=\u00bbright\u00bb custom_padding=\u00bb||0px|||\u00bb custom_css_main_element=\u00bbtext-transform: uppercase\u00bb global_colors_info=\u00bb{%22gcid-primary-color%22:%91%22header_text_color%22,%22header_3_text_color%22,%22text_text_color%22,%22header_text_color%22,%22header_3_text_color%22%93}\u00bb]<\/p>\n<h1 class=\"et_pb_module_header\">south coast anchorages<\/h1>\n<h3><span>The south coast is known for white <\/span><span>sandy beaches.<\/span><\/h3>\n<p>[\/et_pb_text][et_pb_text _builder_version=\u00bb4.27.5&#8243; _module_preset=\u00bbdefault\u00bb text_font=\u00bb|700|||||||\u00bb text_text_color=\u00bbgcid-primary-color\u00bb text_font_size=\u00bb16px\u00bb header_font=\u00bb&#8211;et_global_heading_font|700|||||||\u00bb header_text_align=\u00bbright\u00bb header_text_color=\u00bbgcid-primary-color\u00bb header_font_size=\u00bb60px\u00bb header_3_font=\u00bbppwoodland||||||||\u00bb header_3_text_align=\u00bbright\u00bb header_3_text_color=\u00bbgcid-primary-color\u00bb header_3_font_size=\u00bb40px\u00bb text_orientation=\u00bbright\u00bb custom_padding=\u00bb20px||20px||true|false\u00bb global_colors_info=\u00bb{%22gcid-primary-color%22:%91%22header_text_color%22,%22header_3_text_color%22,%22text_text_color%22,%22header_text_color%22,%22header_3_text_color%22,%22header_text_color%22,%22header_text_color%22,%22header_text_color%22,%22header_3_text_color%22,%22text_text_color%22,%22header_text_color%22,%22header_3_text_color%22,%22header_text_color%22,%22header_text_color%22%93}\u00bb]<\/p>\n<p class=\"p1\">If you are cruising out of Palma, head direction\u00a0<span style=\"text-decoration: underline;\"><span class=\"s1\">Sa R\u00e0pita<\/span><\/span>. Shortly after you pass Hotel Cap Rocat, there are some nice spots to throw an anchor around the <a href=\"#mahares\"><span style=\"text-decoration: underline;\"><em>Mhares Sea Club<\/em><\/span><\/a> (mentioned in EAT).<\/p>\n<p class=\"p1\">\u00a0Further along the coast just beyond Sa R\u00e0pita is the beautiful\u00a0<span style=\"text-decoration: underline;\"><span class=\"s1\">Beach of Des Trenc <\/span><\/span>(first picture). Throw an anchor in the shallow turquoise water and then swim to the beach and take a walk amongst the nudists.<\/p>\n<p class=\"p1\">South of the\u00a0<span class=\"s1\"><span style=\"text-decoration: underline;\">Beach Des Trenc<\/span>\u00a0<\/span>is the\u00a0<span style=\"text-decoration: underline;\"><span class=\"s1\">National Park of Cabrera<\/span><\/span>, a magnificent island to spend the day discovering. Take note that anchoring around Cabrera must be organized and reserved in advance, as entry is controlled to ensure that the beautiful nature is conserved and protected from over-tourism.<\/p>\n<p class=\"p1\">On the most south-eastern corner of Mallorca is Mondrago National Park, where you will find\u00a0<span style=\"text-decoration: underline;\"><span class=\"s1\">Cala Mondrago<\/span><\/span> (second pictured).<\/p>\n<p class=\"p1\">To the west of Palma is the lively port of Portals Nous which is full of shops and restaurants, one of them top-notch <span style=\"text-decoration: underline;\"><em><a href=\"#flan\">Flanigan<\/a><\/em><\/span>, mentioned in EAT &amp; SIP.<\/p>\n<p class=\"p1\">The best boating in this southwestern part of the island is\u00a0<span style=\"text-decoration: underline;\"><span class=\"s1\">between Andratx and Sant Elm<\/span><\/span>, opposite the <span style=\"text-decoration: underline;\">island of\u00a0<span class=\"s1\">Dragonera<\/span><\/span>, where you will find many wonderful inlets and bays. They can get busy at times, but Roaming Stones has spent many memorable days enjoying the swimming and sea breezes in these coves. <span style=\"text-decoration: underline;\"><a href=\"#eat\">See EAT<\/a><\/span> for some lunch spots by the sea.<\/p>\n<p class=\"p2\">[\/et_pb_text][et_pb_button button_url=\u00bbhttps:\/\/www.google.com\/maps\/@39.547737,2.1982579,9z\/data=!4m3!11m2!2s5YpifdKuccGqXNUFwq30tgLelDVOsg!3e3?entry=ttu&#038;g_ep=EgoyMDI2MDQwMS4wIKXMDSoASAFQAw%3D%3D\u00bb url_new_window=\u00bbon\u00bb button_text=\u00bbView ROAMING STONES map\u00bb button_alignment=\u00bbright\u00bb _builder_version=\u00bb4.27.5&#8243; _module_preset=\u00bbdefault\u00bb custom_button=\u00bbon\u00bb button_text_size=\u00bb16px\u00bb button_font=\u00bb|700|||||||\u00bb button_use_icon=\u00bboff\u00bb custom_margin=\u00bb||||false|false\u00bb custom_margin_tablet=\u00bb||2%||false|false\u00bb custom_margin_phone=\u00bb||4%||false|false\u00bb custom_margin_last_edited=\u00bbon|desktop\u00bb global_colors_info=\u00bb{%22gcid-primary-color%22:%91%22button_bg_color__hover%22,%22button_bg_color__hover%22,%22button_bg_color__hover%22,%22button_bg_color__hover%22,%22button_bg_color__hover%22,%22button_bg_color__hover%22%93}\u00bb button_bg_color__hover_enabled=\u00bbon|hover\u00bb button_bg_color__hover=\u00bb#1c2d59&#8243; button_bg_enable_color__hover=\u00bbon\u00bb button_text_color__hover_enabled=\u00bbon|hover\u00bb button_text_color__hover=\u00bb#FFFFFF\u00bb][\/et_pb_button][\/et_pb_column][et_pb_column type=\u00bb1_2&#8243; _builder_version=\u00bb4.27.5&#8243; _module_preset=\u00bbdefault\u00bb global_colors_info=\u00bb{}\u00bb][et_pb_text _builder_version=\u00bb4.27.5&#8243; _module_preset=\u00bbdefault\u00bb background_image=\u00bbhttps:\/\/theroamingstones.com\/wp-content\/uploads\/2026\/04\/pexels-Jo-kassis.-Estrellecs-scaled-1.jpg\u00bb height=\u00bb400px\u00bb locked=\u00bboff\u00bb global_colors_info=\u00bb{}\u00bb][\/et_pb_text][et_pb_text _builder_version=\u00bb4.27.5&#8243; _module_preset=\u00bbdefault\u00bb text_font_size=\u00bb12px\u00bb custom_margin=\u00bb-11px|||||\u00bb locked=\u00bboff\u00bb global_colors_info=\u00bb{}\u00bb]<\/p>\n<p><em>Image from Pexels<\/em><\/p>\n<p>[\/et_pb_text][et_pb_text _builder_version=\u00bb4.27.5&#8243; _module_preset=\u00bbdefault\u00bb background_image=\u00bbhttps:\/\/theroamingstones.com\/wp-content\/uploads\/2026\/04\/AdobeStock_cala-Mondrago.-Alexey-Oblov.-peg-980&#215;1123-1.jpg\u00bb height=\u00bb400px\u00bb locked=\u00bboff\u00bb global_colors_info=\u00bb{}\u00bb][\/et_pb_text][et_pb_text _builder_version=\u00bb4.27.5&#8243; _module_preset=\u00bbdefault\u00bb text_font_size=\u00bb12px\u00bb custom_margin=\u00bb-11px|||||\u00bb locked=\u00bboff\u00bb global_colors_info=\u00bb{}\u00bb]<\/p>\n<p><em>Image <span>\u00a9 Alexey Oblov \/Adobe Stock<\/span><\/em><\/p>\n<p>[\/et_pb_text][et_pb_text _builder_version=\u00bb4.27.5&#8243; _module_preset=\u00bbdefault\u00bb background_image=\u00bbhttps:\/\/theroamingstones.com\/wp-content\/uploads\/2026\/04\/AdobeStock_Cabrera-David-Brownjpeg-scaled-1.jpg\u00bb height=\u00bb400px\u00bb locked=\u00bboff\u00bb global_colors_info=\u00bb{}\u00bb][\/et_pb_text][et_pb_text _builder_version=\u00bb4.27.5&#8243; _module_preset=\u00bbdefault\u00bb text_font_size=\u00bb12px\u00bb custom_margin=\u00bb-11px|||||\u00bb locked=\u00bboff\u00bb global_colors_info=\u00bb{}\u00bb]<\/p>\n<p><em>Image <span>\u00a0\u00a9 David Brown\u00a0<\/span><span>\/Adobe Stock<\/span><\/em><\/p>\n<p>[\/et_pb_text][\/et_pb_column][\/et_pb_row][\/et_pb_section][et_pb_section fb_built=\u00bb1&#8243; module_id=\u00bbsip\u00bb _builder_version=\u00bb4.27.5&#8243; _module_preset=\u00bbdefault\u00bb background_color=\u00bbgcid-8854a55c-83cf-40c4-87a4-6eaddb37a687&#8243; custom_padding=\u00bb0px||0px|||\u00bb locked=\u00bboff\u00bb global_colors_info=\u00bb{%22gcid-8854a55c-83cf-40c4-87a4-6eaddb37a687%22:%91%22background_color%22%93}\u00bb][et_pb_row column_structure=\u00bb1_4,3_4&#8243; use_custom_gutter=\u00bbon\u00bb gutter_width=\u00bb2&#8243; make_equal=\u00bbon\u00bb _builder_version=\u00bb4.27.5&#8243; _module_preset=\u00bbdefault\u00bb background_enable_color=\u00bboff\u00bb custom_padding=\u00bb||||false|true\u00bb custom_css_main_element=\u00bbalign-items: center;\u00bb border_width_bottom=\u00bb1px\u00bb border_color_bottom=\u00bbgcid-primary-color\u00bb global_colors_info=\u00bb{%22gcid-primary-color%22:%91%22border_color_bottom%22,%22border_color_bottom%22,%22border_color_bottom%22,%22border_color_bottom%22%93,%22gcid-8854a55c-83cf-40c4-87a4-6eaddb37a687%22:%91%22background_color%22,%22background_color%22%93}\u00bb][et_pb_column type=\u00bb1_4&#8243; _builder_version=\u00bb4.27.5&#8243; _module_preset=\u00bbdefault\u00bb custom_padding=\u00bb|3%||3%|false|true\u00bb global_colors_info=\u00bb{}\u00bb][et_pb_image src=\u00bbhttps:\/\/theroamingstones.com\/wp-content\/uploads\/2026\/02\/logo_sip.png\u00bb title_text=\u00bblogo_sip\u00bb align=\u00bbcenter\u00bb _builder_version=\u00bb4.27.5&#8243; _module_preset=\u00bbdefault\u00bb global_colors_info=\u00bb{}\u00bb][\/et_pb_image][\/et_pb_column][et_pb_column type=\u00bb3_4&#8243; _builder_version=\u00bb4.27.5&#8243; _module_preset=\u00bbdefault\u00bb custom_padding=\u00bb|3%||3%|false|true\u00bb global_colors_info=\u00bb{}\u00bb][et_pb_text _builder_version=\u00bb4.27.5&#8243; _module_preset=\u00bbdefault\u00bb text_font_size=\u00bb18px\u00bb header_font=\u00bbppwoodland|700|||||||\u00bb header_text_align=\u00bbleft\u00bb header_text_color=\u00bb#FFFFFF\u00bb header_font_size=\u00bb60px\u00bb header_3_font=\u00bbppwoodland||||||||\u00bb header_3_text_align=\u00bbleft\u00bb header_3_text_color=\u00bb#FFFFFF\u00bb header_3_font_size=\u00bb40px\u00bb text_orientation=\u00bbright\u00bb custom_padding=\u00bb20px||||false|false\u00bb global_colors_info=\u00bb{}\u00bb header_text_align_tablet=\u00bbcenter\u00bb header_text_align_last_edited=\u00bbon|tablet\u00bb header_text_align_phone=\u00bbcenter\u00bb]<\/p>\n<h1>Sip &amp; Groove<\/h1>\n<p>[\/et_pb_text][\/et_pb_column][\/et_pb_row][\/et_pb_section][et_pb_section fb_built=\u00bb1&#8243; _builder_version=\u00bb4.27.5&#8243; _module_preset=\u00bbdefault\u00bb global_colors_info=\u00bb{}\u00bb][et_pb_row column_structure=\u00bb1_2,1_2&#8243; _builder_version=\u00bb4.27.5&#8243; _module_preset=\u00bbdefault\u00bb border_width_bottom=\u00bb1px\u00bb border_color_bottom=\u00bbgcid-8854a55c-83cf-40c4-87a4-6eaddb37a687&#8243; global_colors_info=\u00bb{%22gcid-8854a55c-83cf-40c4-87a4-6eaddb37a687%22:%91%22border_color_bottom%22%93}\u00bb][et_pb_column type=\u00bb1_2&#8243; _builder_version=\u00bb4.27.5&#8243; _module_preset=\u00bbdefault\u00bb global_colors_info=\u00bb{}\u00bb][et_pb_text _builder_version=\u00bb4.27.5&#8243; _module_preset=\u00bbdefault\u00bb text_font=\u00bb&#8211;et_global_body_font|700|||||||\u00bb text_text_color=\u00bbgcid-primary-color\u00bb text_font_size=\u00bb22px\u00bb header_font=\u00bb|700|||||||\u00bb header_text_align=\u00bbright\u00bb header_text_color=\u00bbgcid-primary-color\u00bb header_font_size=\u00bb40px\u00bb header_3_font=\u00bb&#8211;et_global_body_font|700|||||||\u00bb header_3_text_align=\u00bbright\u00bb header_3_text_color=\u00bbgcid-primary-color\u00bb text_orientation=\u00bbright\u00bb custom_padding=\u00bb||0px|||\u00bb custom_css_main_element=\u00bbtext-transform: uppercase\u00bb global_colors_info=\u00bb{%22gcid-primary-color%22:%91%22header_text_color%22,%22header_3_text_color%22,%22text_text_color%22,%22header_text_color%22,%22header_3_text_color%22%93}\u00bb]<\/p>\n<h1>Bar Abaco<\/h1>\n<h3><span>Located in old town of palma<\/span><\/h3>\n<p>[\/et_pb_text][et_pb_text _builder_version=\u00bb4.27.5&#8243; _module_preset=\u00bbdefault\u00bb text_font=\u00bb|700|||||||\u00bb text_text_color=\u00bbgcid-primary-color\u00bb text_font_size=\u00bb16px\u00bb header_font=\u00bb&#8211;et_global_heading_font|700|||||||\u00bb header_text_align=\u00bbright\u00bb header_text_color=\u00bbgcid-primary-color\u00bb header_font_size=\u00bb60px\u00bb header_3_font=\u00bbppwoodland||||||||\u00bb header_3_text_align=\u00bbright\u00bb header_3_text_color=\u00bbgcid-primary-color\u00bb header_3_font_size=\u00bb40px\u00bb text_orientation=\u00bbright\u00bb custom_padding=\u00bb20px||20px||true|false\u00bb global_colors_info=\u00bb{%22gcid-primary-color%22:%91%22header_text_color%22,%22header_3_text_color%22,%22text_text_color%22,%22header_text_color%22,%22header_3_text_color%22,%22header_text_color%22,%22header_text_color%22,%22header_text_color%22,%22header_3_text_color%22,%22text_text_color%22,%22header_text_color%22,%22header_3_text_color%22,%22header_text_color%22,%22header_text_color%22%93}\u00bb]<\/p>\n<p><span>Located in the charming old town of Palma, known as the \u00a8El Casco Antiguo\u00a8, this bar features a stunning courtyard and delicious cocktails.<\/span><\/p>\n<p>[\/et_pb_text][et_pb_button button_url=\u00bbhttps:\/\/bar-abaco.es\/\u00bb url_new_window=\u00bbon\u00bb button_text=\u00bbView website\u00bb button_alignment=\u00bbright\u00bb _builder_version=\u00bb4.27.5&#8243; _module_preset=\u00bbdefault\u00bb custom_button=\u00bbon\u00bb button_text_size=\u00bb16px\u00bb button_font=\u00bb|700|||||||\u00bb button_use_icon=\u00bboff\u00bb custom_margin=\u00bb||||false|false\u00bb custom_margin_tablet=\u00bb||2%||false|false\u00bb custom_margin_phone=\u00bb||4%||false|false\u00bb custom_margin_last_edited=\u00bbon|desktop\u00bb global_colors_info=\u00bb{%22gcid-primary-color%22:%91%22button_bg_color__hover%22,%22button_bg_color__hover%22,%22button_bg_color__hover%22,%22button_bg_color__hover%22,%22button_bg_color__hover%22,%22button_bg_color__hover%22%93}\u00bb button_bg_color__hover_enabled=\u00bbon|hover\u00bb button_bg_color__hover=\u00bb#1c2d59&#8243; button_bg_enable_color__hover=\u00bbon\u00bb button_text_color__hover_enabled=\u00bbon|hover\u00bb button_text_color__hover=\u00bb#FFFFFF\u00bb][\/et_pb_button][\/et_pb_column][et_pb_column type=\u00bb1_2&#8243; _builder_version=\u00bb4.27.5&#8243; _module_preset=\u00bbdefault\u00bb global_colors_info=\u00bb{}\u00bb][et_pb_text _builder_version=\u00bb4.27.5&#8243; _module_preset=\u00bbdefault\u00bb background_image=\u00bbhttps:\/\/theroamingstones.com\/wp-content\/uploads\/2026\/04\/ash-edmonds-fsI-_MRsic0-unsplash2-scaled-1.jpg\u00bb height=\u00bb400px\u00bb locked=\u00bboff\u00bb global_colors_info=\u00bb{}\u00bb][\/et_pb_text][et_pb_text _builder_version=\u00bb4.27.5&#8243; _module_preset=\u00bbdefault\u00bb text_font_size=\u00bb12px\u00bb custom_margin=\u00bb-11px|||||\u00bb locked=\u00bboff\u00bb global_colors_info=\u00bb{}\u00bb]<\/p>\n<p><em><i>Image from Unsplash<\/i><\/em><\/p>\n<p>[\/et_pb_text][\/et_pb_column][\/et_pb_row][\/et_pb_section][et_pb_section fb_built=\u00bb1&#8243; module_id=\u00bbcultural\u00bb _builder_version=\u00bb4.27.5&#8243; _module_preset=\u00bbdefault\u00bb background_color=\u00bbgcid-8854a55c-83cf-40c4-87a4-6eaddb37a687&#8243; custom_padding=\u00bb0px||0px|||\u00bb locked=\u00bboff\u00bb global_colors_info=\u00bb{%22gcid-8854a55c-83cf-40c4-87a4-6eaddb37a687%22:%91%22background_color%22%93}\u00bb][et_pb_row column_structure=\u00bb1_4,3_4&#8243; use_custom_gutter=\u00bbon\u00bb gutter_width=\u00bb2&#8243; make_equal=\u00bbon\u00bb _builder_version=\u00bb4.27.5&#8243; _module_preset=\u00bbdefault\u00bb background_enable_color=\u00bboff\u00bb custom_padding=\u00bb||||false|true\u00bb custom_css_main_element=\u00bbalign-items: center;\u00bb border_width_bottom=\u00bb1px\u00bb border_color_bottom=\u00bbgcid-primary-color\u00bb global_colors_info=\u00bb{%22gcid-primary-color%22:%91%22border_color_bottom%22,%22border_color_bottom%22,%22border_color_bottom%22,%22border_color_bottom%22%93,%22gcid-8854a55c-83cf-40c4-87a4-6eaddb37a687%22:%91%22background_color%22,%22background_color%22%93}\u00bb][et_pb_column type=\u00bb1_4&#8243; _builder_version=\u00bb4.27.5&#8243; _module_preset=\u00bbdefault\u00bb custom_padding=\u00bb|3%||3%|false|true\u00bb global_colors_info=\u00bb{}\u00bb][et_pb_image src=\u00bbhttps:\/\/theroamingstones.com\/wp-content\/uploads\/2026\/02\/logo_cultural.png\u00bb title_text=\u00bblogo_cultural\u00bb align=\u00bbcenter\u00bb _builder_version=\u00bb4.27.5&#8243; _module_preset=\u00bbdefault\u00bb global_colors_info=\u00bb{}\u00bb][\/et_pb_image][\/et_pb_column][et_pb_column type=\u00bb3_4&#8243; _builder_version=\u00bb4.27.5&#8243; _module_preset=\u00bbdefault\u00bb custom_padding=\u00bb|3%||3%|false|true\u00bb global_colors_info=\u00bb{}\u00bb][et_pb_text _builder_version=\u00bb4.27.5&#8243; _module_preset=\u00bbdefault\u00bb text_font_size=\u00bb18px\u00bb header_font=\u00bbppwoodland|700|||||||\u00bb header_text_align=\u00bbleft\u00bb header_text_color=\u00bb#FFFFFF\u00bb header_font_size=\u00bb60px\u00bb header_3_font=\u00bbppwoodland||||||||\u00bb header_3_text_align=\u00bbleft\u00bb header_3_text_color=\u00bb#FFFFFF\u00bb header_3_font_size=\u00bb40px\u00bb text_orientation=\u00bbright\u00bb custom_padding=\u00bb20px||||false|false\u00bb global_colors_info=\u00bb{}\u00bb header_text_align_tablet=\u00bbcenter\u00bb header_text_align_last_edited=\u00bbon|tablet\u00bb header_text_align_phone=\u00bbcenter\u00bb]<\/p>\n<h1>Cultural Wander<\/h1>\n<p>[\/et_pb_text][\/et_pb_column][\/et_pb_row][\/et_pb_section][et_pb_section fb_built=\u00bb1&#8243; _builder_version=\u00bb4.27.5&#8243; _module_preset=\u00bbdefault\u00bb global_colors_info=\u00bb{}\u00bb][et_pb_row column_structure=\u00bb1_2,1_2&#8243; _builder_version=\u00bb4.27.5&#8243; _module_preset=\u00bbdefault\u00bb border_width_bottom=\u00bb1px\u00bb border_color_bottom=\u00bbgcid-8854a55c-83cf-40c4-87a4-6eaddb37a687&#8243; global_colors_info=\u00bb{%22gcid-8854a55c-83cf-40c4-87a4-6eaddb37a687%22:%91%22border_color_bottom%22%93}\u00bb][et_pb_column type=\u00bb1_2&#8243; _builder_version=\u00bb4.27.5&#8243; _module_preset=\u00bbdefault\u00bb global_colors_info=\u00bb{}\u00bb][et_pb_text _builder_version=\u00bb4.27.5&#8243; _module_preset=\u00bbdefault\u00bb text_font=\u00bb&#8211;et_global_body_font|700|||||||\u00bb text_text_color=\u00bbgcid-primary-color\u00bb text_font_size=\u00bb22px\u00bb header_font=\u00bb|700|||||||\u00bb header_text_align=\u00bbright\u00bb header_text_color=\u00bbgcid-primary-color\u00bb header_font_size=\u00bb40px\u00bb header_3_font=\u00bb&#8211;et_global_body_font|700|||||||\u00bb header_3_text_align=\u00bbright\u00bb header_3_text_color=\u00bbgcid-primary-color\u00bb text_orientation=\u00bbright\u00bb custom_padding=\u00bb||0px|||\u00bb custom_css_main_element=\u00bbtext-transform: uppercase\u00bb global_colors_info=\u00bb{%22gcid-primary-color%22:%91%22header_text_color%22,%22header_3_text_color%22,%22text_text_color%22,%22header_text_color%22,%22header_3_text_color%22%93}\u00bb]<\/p>\n<h1>CAtedral-Bas\u00edlica<\/h1>\n<h3><span>Gothic Roman Catholic cathedral located in Palma<\/span><\/h3>\n<p>[\/et_pb_text][et_pb_text _builder_version=\u00bb4.27.5&#8243; _module_preset=\u00bbdefault\u00bb text_font=\u00bb|700|||||||\u00bb text_text_color=\u00bbgcid-primary-color\u00bb text_font_size=\u00bb16px\u00bb header_font=\u00bb&#8211;et_global_heading_font|700|||||||\u00bb header_text_align=\u00bbright\u00bb header_text_color=\u00bbgcid-primary-color\u00bb header_font_size=\u00bb60px\u00bb header_3_font=\u00bbppwoodland||||||||\u00bb header_3_text_align=\u00bbright\u00bb header_3_text_color=\u00bbgcid-primary-color\u00bb header_3_font_size=\u00bb40px\u00bb text_orientation=\u00bbright\u00bb custom_padding=\u00bb20px||20px||true|false\u00bb global_colors_info=\u00bb{%22gcid-primary-color%22:%91%22header_text_color%22,%22header_3_text_color%22,%22text_text_color%22,%22header_text_color%22,%22header_3_text_color%22,%22header_text_color%22,%22header_text_color%22,%22header_text_color%22,%22header_3_text_color%22,%22text_text_color%22,%22header_text_color%22,%22header_3_text_color%22,%22header_text_color%22,%22header_text_color%22%93}\u00bb]<\/p>\n<p><span>An important landmark and a must-visit. The Cathedral offers incredible views of the bay of Palma, the port of Palma and the sea. Known as the \u2018Catherdral of Light\u2019, there are 61 stained glass windows which allow the sun to shine in at all hours of the day.<\/span><\/p>\n<p>[\/et_pb_text][et_pb_button button_url=\u00bbhttps:\/\/catedraldemallorca.org\/\u00bb url_new_window=\u00bbon\u00bb button_text=\u00bbView website\u00bb button_alignment=\u00bbright\u00bb _builder_version=\u00bb4.27.5&#8243; _module_preset=\u00bbdefault\u00bb custom_button=\u00bbon\u00bb button_text_size=\u00bb16px\u00bb button_font=\u00bb|700|||||||\u00bb button_use_icon=\u00bboff\u00bb custom_margin=\u00bb||||false|false\u00bb custom_margin_tablet=\u00bb||2%||false|false\u00bb custom_margin_phone=\u00bb||4%||false|false\u00bb custom_margin_last_edited=\u00bbon|desktop\u00bb global_colors_info=\u00bb{%22gcid-primary-color%22:%91%22button_bg_color__hover%22,%22button_bg_color__hover%22,%22button_bg_color__hover%22,%22button_bg_color__hover%22,%22button_bg_color__hover%22,%22button_bg_color__hover%22%93}\u00bb button_bg_color__hover_enabled=\u00bbon|hover\u00bb button_bg_color__hover=\u00bb#1c2d59&#8243; button_bg_enable_color__hover=\u00bbon\u00bb button_text_color__hover_enabled=\u00bbon|hover\u00bb button_text_color__hover=\u00bb#FFFFFF\u00bb][\/et_pb_button][\/et_pb_column][et_pb_column type=\u00bb1_2&#8243; _builder_version=\u00bb4.27.5&#8243; _module_preset=\u00bbdefault\u00bb global_colors_info=\u00bb{}\u00bb][et_pb_text _builder_version=\u00bb4.27.5&#8243; _module_preset=\u00bbdefault\u00bb background_image=\u00bbhttps:\/\/theroamingstones.com\/wp-content\/uploads\/2026\/04\/pexels-david-vives-Catedral.-scaled-1.jpg\u00bb height=\u00bb400px\u00bb locked=\u00bboff\u00bb global_colors_info=\u00bb{}\u00bb][\/et_pb_text][et_pb_text _builder_version=\u00bb4.27.5&#8243; _module_preset=\u00bbdefault\u00bb text_font_size=\u00bb12px\u00bb custom_margin=\u00bb-11px|||||\u00bb locked=\u00bboff\u00bb global_colors_info=\u00bb{}\u00bb]<\/p>\n<p><em>Image<span>\u00a0<\/span><span>\u00a9<\/span><span>\u00a0<\/span>David Vives \/ Pexels<\/em><\/p>\n<p>[\/et_pb_text][\/et_pb_column][\/et_pb_row][et_pb_row column_structure=\u00bb1_2,1_2&#8243; _builder_version=\u00bb4.27.5&#8243; _module_preset=\u00bbdefault\u00bb border_width_bottom=\u00bb1px\u00bb border_color_bottom=\u00bbgcid-8854a55c-83cf-40c4-87a4-6eaddb37a687&#8243; global_colors_info=\u00bb{%22gcid-8854a55c-83cf-40c4-87a4-6eaddb37a687%22:%91%22border_color_bottom%22%93}\u00bb][et_pb_column type=\u00bb1_2&#8243; _builder_version=\u00bb4.27.5&#8243; _module_preset=\u00bbdefault\u00bb global_colors_info=\u00bb{}\u00bb][et_pb_text _builder_version=\u00bb4.27.5&#8243; _module_preset=\u00bbdefault\u00bb text_font=\u00bb&#8211;et_global_body_font|700|||||||\u00bb text_text_color=\u00bbgcid-primary-color\u00bb text_font_size=\u00bb22px\u00bb header_font=\u00bb|700|||||||\u00bb header_text_align=\u00bbright\u00bb header_text_color=\u00bbgcid-primary-color\u00bb header_font_size=\u00bb40px\u00bb header_3_font=\u00bb&#8211;et_global_body_font|700|||||||\u00bb header_3_text_align=\u00bbright\u00bb header_3_text_color=\u00bbgcid-primary-color\u00bb text_orientation=\u00bbright\u00bb custom_padding=\u00bb||0px|||\u00bb custom_css_main_element=\u00bbtext-transform: uppercase\u00bb global_colors_info=\u00bb{%22gcid-primary-color%22:%91%22header_text_color%22,%22header_3_text_color%22,%22text_text_color%22,%22header_text_color%22,%22header_3_text_color%22%93}\u00bb]<\/p>\n<h1>Joan Mir\u00f3 Foundation<\/h1>\n<h3><span>preserving and celebrating the work of Joan Mir\u00f3<\/span><\/h3>\n<p>[\/et_pb_text][et_pb_text _builder_version=\u00bb4.27.5&#8243; _module_preset=\u00bbdefault\u00bb text_font=\u00bb|700|||||||\u00bb text_text_color=\u00bbgcid-primary-color\u00bb text_font_size=\u00bb16px\u00bb header_font=\u00bb&#8211;et_global_heading_font|700|||||||\u00bb header_text_align=\u00bbright\u00bb header_text_color=\u00bbgcid-primary-color\u00bb header_font_size=\u00bb60px\u00bb header_3_font=\u00bbppwoodland||||||||\u00bb header_3_text_align=\u00bbright\u00bb header_3_text_color=\u00bbgcid-primary-color\u00bb header_3_font_size=\u00bb40px\u00bb text_orientation=\u00bbright\u00bb custom_padding=\u00bb20px||20px||true|false\u00bb global_colors_info=\u00bb{%22gcid-primary-color%22:%91%22header_text_color%22,%22header_3_text_color%22,%22text_text_color%22,%22header_text_color%22,%22header_3_text_color%22,%22header_text_color%22,%22header_text_color%22,%22header_text_color%22,%22header_3_text_color%22,%22text_text_color%22,%22header_text_color%22,%22header_3_text_color%22,%22header_text_color%22,%22header_text_color%22%93}\u00bb]<\/p>\n<p>Fundaci\u00f3 Mir\u00f3 Mallorca, also known as the Joan Mir\u00f3 Foundation in Mallorca, is an art museum and cultural institution.<\/p>\n<p>It is dedicated to the renowned Catalan artist Joan Mir\u00f3, one of the most influential artists of the 20th century. The foundation is housed in a beautiful modernist building designed by architect Josep Llu\u00eds Sert, a close friend of Mir\u00f3. The building itself is a work of art \u2013 modernist architecture and lush gardens, it offers a serene setting.<\/p>\n<p>[\/et_pb_text][et_pb_button button_url=\u00bbhttps:\/\/miromallorca.com\/en\/\u00bb url_new_window=\u00bbon\u00bb button_text=\u00bbView website\u00bb button_alignment=\u00bbright\u00bb _builder_version=\u00bb4.27.5&#8243; _module_preset=\u00bbdefault\u00bb custom_button=\u00bbon\u00bb button_text_size=\u00bb16px\u00bb button_font=\u00bb|700|||||||\u00bb button_use_icon=\u00bboff\u00bb custom_margin=\u00bb||||false|false\u00bb custom_margin_tablet=\u00bb||2%||false|false\u00bb custom_margin_phone=\u00bb||4%||false|false\u00bb custom_margin_last_edited=\u00bbon|desktop\u00bb global_colors_info=\u00bb{%22gcid-primary-color%22:%91%22button_bg_color__hover%22,%22button_bg_color__hover%22,%22button_bg_color__hover%22,%22button_bg_color__hover%22,%22button_bg_color__hover%22,%22button_bg_color__hover%22%93}\u00bb button_bg_color__hover_enabled=\u00bbon|hover\u00bb button_bg_color__hover=\u00bb#1c2d59&#8243; button_bg_enable_color__hover=\u00bbon\u00bb button_text_color__hover_enabled=\u00bbon|hover\u00bb button_text_color__hover=\u00bb#FFFFFF\u00bb][\/et_pb_button][\/et_pb_column][et_pb_column type=\u00bb1_2&#8243; _builder_version=\u00bb4.27.5&#8243; _module_preset=\u00bbdefault\u00bb global_colors_info=\u00bb{}\u00bb][et_pb_text _builder_version=\u00bb4.27.5&#8243; _module_preset=\u00bbdefault\u00bb background_image=\u00bbhttps:\/\/theroamingstones.com\/wp-content\/uploads\/2026\/04\/Fundacion-Miro-insta-elaenamaeybe.jpg\u00bb height=\u00bb400px\u00bb locked=\u00bboff\u00bb global_colors_info=\u00bb{}\u00bb][\/et_pb_text][et_pb_text _builder_version=\u00bb4.27.5&#8243; _module_preset=\u00bbdefault\u00bb text_font_size=\u00bb12px\u00bb custom_margin=\u00bb-11px|||||\u00bb locked=\u00bboff\u00bb global_colors_info=\u00bb{}\u00bb]<\/p>\n<p><em>Image by<span>\u00a0<\/span><span style=\"text-decoration: underline;\"><a href=\"https:\/\/www.instagram.com\/p\/Ct1zAvJAXZ-\/\" target=\"_blank\" rel=\"noopener\">@elaenamaeybe<\/a><\/span><\/em><\/p>\n<p>[\/et_pb_text][\/et_pb_column][\/et_pb_row][et_pb_row column_structure=\u00bb1_2,1_2&#8243; _builder_version=\u00bb4.27.5&#8243; _module_preset=\u00bbdefault\u00bb border_width_bottom=\u00bb1px\u00bb border_color_bottom=\u00bbgcid-8854a55c-83cf-40c4-87a4-6eaddb37a687&#8243; global_colors_info=\u00bb{%22gcid-8854a55c-83cf-40c4-87a4-6eaddb37a687%22:%91%22border_color_bottom%22%93}\u00bb][et_pb_column type=\u00bb1_2&#8243; _builder_version=\u00bb4.27.5&#8243; _module_preset=\u00bbdefault\u00bb global_colors_info=\u00bb{}\u00bb][et_pb_text _builder_version=\u00bb4.27.5&#8243; _module_preset=\u00bbdefault\u00bb text_font=\u00bb&#8211;et_global_body_font|700|||||||\u00bb text_text_color=\u00bbgcid-primary-color\u00bb text_font_size=\u00bb22px\u00bb header_font=\u00bb|700|||||||\u00bb header_text_align=\u00bbright\u00bb header_text_color=\u00bbgcid-primary-color\u00bb header_font_size=\u00bb40px\u00bb header_3_font=\u00bb&#8211;et_global_body_font|700|||||||\u00bb header_3_text_align=\u00bbright\u00bb header_3_text_color=\u00bbgcid-primary-color\u00bb text_orientation=\u00bbright\u00bb custom_padding=\u00bb||0px|||\u00bb custom_css_main_element=\u00bbtext-transform: uppercase\u00bb global_colors_info=\u00bb{%22gcid-primary-color%22:%91%22header_text_color%22,%22header_3_text_color%22,%22text_text_color%22,%22header_text_color%22,%22header_3_text_color%22%93}\u00bb]<\/p>\n<h1>Pollen\u00e7a<\/h1>\n<h3><span>Family friendly port<\/span><\/h3>\n<p>[\/et_pb_text][et_pb_text _builder_version=\u00bb4.27.5&#8243; _module_preset=\u00bbdefault\u00bb text_font=\u00bb|700|||||||\u00bb text_text_color=\u00bbgcid-primary-color\u00bb text_font_size=\u00bb16px\u00bb header_font=\u00bb&#8211;et_global_heading_font|700|||||||\u00bb header_text_align=\u00bbright\u00bb header_text_color=\u00bbgcid-primary-color\u00bb header_font_size=\u00bb60px\u00bb header_3_font=\u00bbppwoodland||||||||\u00bb header_3_text_align=\u00bbright\u00bb header_3_text_color=\u00bbgcid-primary-color\u00bb header_3_font_size=\u00bb40px\u00bb text_orientation=\u00bbright\u00bb custom_padding=\u00bb20px||20px||true|false\u00bb global_colors_info=\u00bb{%22gcid-primary-color%22:%91%22header_text_color%22,%22header_3_text_color%22,%22text_text_color%22,%22header_text_color%22,%22header_3_text_color%22,%22header_text_color%22,%22header_text_color%22,%22header_text_color%22,%22header_3_text_color%22,%22text_text_color%22,%22header_text_color%22,%22header_3_text_color%22,%22header_text_color%22,%22header_text_color%22%93}\u00bb]<\/p>\n<p>For those in search of a family friendly vacation in Mallorca, consider Pollen\u00e7a located in the northeast of the island. In Pollen\u00e7a you will find a wide range of home rentals, as well as water sports from sailing and water skiing, to paddle boarding and kayaking.<\/p>\n<p>A Four Seasons Hotel will be opening in 2024 on Cap Formentor, a beautiful peninsula just beyond the port of Pollen\u00e7a.<\/p>\n<p>[\/et_pb_text][et_pb_button button_url=\u00bbhttps:\/\/www.google.co.uk\/maps\/place\/07460+Pollen%C3%A7a,+Balearic+Islands,+Spain\/@39.8763472,3.0053248,15z\/data=!4m11!3m10!1s0x1297d6a0db5e5103:0x2aec5ed1cb734537!5m4!1s2023-06-30!2i2!4m1!1i2!8m2!3d39.8771939!4d3.0162026!16zL20vMDV5cW5j?entry=tts&#038;shorturl=1&#8243; url_new_window=\u00bbon\u00bb button_text=\u00bbView ROAMING STONES map\u00bb button_alignment=\u00bbright\u00bb _builder_version=\u00bb4.27.5&#8243; _module_preset=\u00bbdefault\u00bb custom_button=\u00bbon\u00bb button_text_size=\u00bb16px\u00bb button_font=\u00bb|700|||||||\u00bb button_use_icon=\u00bboff\u00bb custom_margin=\u00bb||||false|false\u00bb custom_margin_tablet=\u00bb||2%||false|false\u00bb custom_margin_phone=\u00bb||4%||false|false\u00bb custom_margin_last_edited=\u00bbon|desktop\u00bb global_colors_info=\u00bb{%22gcid-primary-color%22:%91%22button_bg_color__hover%22,%22button_bg_color__hover%22,%22button_bg_color__hover%22,%22button_bg_color__hover%22,%22button_bg_color__hover%22,%22button_bg_color__hover%22%93}\u00bb button_bg_color__hover_enabled=\u00bbon|hover\u00bb button_bg_color__hover=\u00bb#1c2d59&#8243; button_bg_enable_color__hover=\u00bbon\u00bb button_text_color__hover_enabled=\u00bbon|hover\u00bb button_text_color__hover=\u00bb#FFFFFF\u00bb][\/et_pb_button][\/et_pb_column][et_pb_column type=\u00bb1_2&#8243; _builder_version=\u00bb4.27.5&#8243; _module_preset=\u00bbdefault\u00bb global_colors_info=\u00bb{}\u00bb][et_pb_text _builder_version=\u00bb4.27.5&#8243; _module_preset=\u00bbdefault\u00bb background_image=\u00bbhttps:\/\/theroamingstones.com\/wp-content\/uploads\/2026\/04\/Pollenca-Tolo-AdobeStock_375922295.jpg\u00bb height=\u00bb400px\u00bb locked=\u00bboff\u00bb global_colors_info=\u00bb{}\u00bb][\/et_pb_text][et_pb_text _builder_version=\u00bb4.27.5&#8243; _module_preset=\u00bbdefault\u00bb text_font_size=\u00bb12px\u00bb custom_margin=\u00bb-11px|||||\u00bb locked=\u00bboff\u00bb global_colors_info=\u00bb{}\u00bb]<\/p>\n<p><em>Image by<span>\u00a0<\/span><span style=\"text-decoration: underline;\"><a href=\"https:\/\/www.instagram.com\/p\/Ct1zAvJAXZ-\/\" target=\"_blank\" rel=\"noopener\">@elaenamaeybe<\/a><\/span><\/em><\/p>\n<p>[\/et_pb_text][\/et_pb_column][\/et_pb_row][\/et_pb_section][et_pb_section fb_built=\u00bb1&#8243; module_id=\u00bburban\u00bb _builder_version=\u00bb4.27.5&#8243; _module_preset=\u00bbdefault\u00bb background_color=\u00bbgcid-8854a55c-83cf-40c4-87a4-6eaddb37a687&#8243; custom_padding=\u00bb0px||0px|||\u00bb locked=\u00bboff\u00bb global_colors_info=\u00bb{%22gcid-8854a55c-83cf-40c4-87a4-6eaddb37a687%22:%91%22background_color%22%93}\u00bb][et_pb_row column_structure=\u00bb1_4,3_4&#8243; use_custom_gutter=\u00bbon\u00bb gutter_width=\u00bb2&#8243; make_equal=\u00bbon\u00bb _builder_version=\u00bb4.27.5&#8243; _module_preset=\u00bbdefault\u00bb background_enable_color=\u00bboff\u00bb custom_padding=\u00bb||||false|true\u00bb custom_css_main_element=\u00bbalign-items: center;\u00bb border_width_bottom=\u00bb1px\u00bb border_color_bottom=\u00bbgcid-primary-color\u00bb global_colors_info=\u00bb{%22gcid-primary-color%22:%91%22border_color_bottom%22,%22border_color_bottom%22,%22border_color_bottom%22,%22border_color_bottom%22%93,%22gcid-8854a55c-83cf-40c4-87a4-6eaddb37a687%22:%91%22background_color%22,%22background_color%22%93}\u00bb][et_pb_column type=\u00bb1_4&#8243; _builder_version=\u00bb4.27.5&#8243; _module_preset=\u00bbdefault\u00bb custom_padding=\u00bb|3%||3%|false|true\u00bb global_colors_info=\u00bb{}\u00bb][et_pb_image src=\u00bbhttps:\/\/theroamingstones.com\/wp-content\/uploads\/2026\/02\/logo_urban.png\u00bb title_text=\u00bblogo_urban\u00bb align=\u00bbcenter\u00bb _builder_version=\u00bb4.27.5&#8243; _module_preset=\u00bbdefault\u00bb global_colors_info=\u00bb{}\u00bb][\/et_pb_image][\/et_pb_column][et_pb_column type=\u00bb3_4&#8243; _builder_version=\u00bb4.27.5&#8243; _module_preset=\u00bbdefault\u00bb custom_padding=\u00bb|3%||3%|false|true\u00bb global_colors_info=\u00bb{}\u00bb][et_pb_text _builder_version=\u00bb4.27.5&#8243; _module_preset=\u00bbdefault\u00bb text_font_size=\u00bb18px\u00bb header_font=\u00bbppwoodland|700|||||||\u00bb header_text_align=\u00bbleft\u00bb header_text_color=\u00bb#FFFFFF\u00bb header_font_size=\u00bb60px\u00bb header_3_font=\u00bbppwoodland||||||||\u00bb header_3_text_align=\u00bbleft\u00bb header_3_text_color=\u00bb#FFFFFF\u00bb header_3_font_size=\u00bb40px\u00bb text_orientation=\u00bbright\u00bb custom_padding=\u00bb20px||||false|false\u00bb global_colors_info=\u00bb{}\u00bb header_text_align_tablet=\u00bbcenter\u00bb header_text_align_last_edited=\u00bbon|tablet\u00bb header_text_align_phone=\u00bbcenter\u00bb]<\/p>\n<h1>Urban Experience<\/h1>\n<p>[\/et_pb_text][\/et_pb_column][\/et_pb_row][\/et_pb_section][et_pb_section fb_built=\u00bb1&#8243; _builder_version=\u00bb4.27.5&#8243; _module_preset=\u00bbdefault\u00bb global_colors_info=\u00bb{}\u00bb][et_pb_row column_structure=\u00bb1_2,1_2&#8243; _builder_version=\u00bb4.27.5&#8243; _module_preset=\u00bbdefault\u00bb border_width_bottom=\u00bb1px\u00bb border_color_bottom=\u00bbgcid-8854a55c-83cf-40c4-87a4-6eaddb37a687&#8243; global_colors_info=\u00bb{%22gcid-8854a55c-83cf-40c4-87a4-6eaddb37a687%22:%91%22border_color_bottom%22%93}\u00bb][et_pb_column type=\u00bb1_2&#8243; _builder_version=\u00bb4.27.5&#8243; _module_preset=\u00bbdefault\u00bb global_colors_info=\u00bb{}\u00bb][et_pb_text _builder_version=\u00bb4.27.5&#8243; _module_preset=\u00bbdefault\u00bb text_font=\u00bb&#8211;et_global_body_font|700|||||||\u00bb text_text_color=\u00bbgcid-primary-color\u00bb text_font_size=\u00bb22px\u00bb header_font=\u00bb|700|||||||\u00bb header_text_align=\u00bbright\u00bb header_text_color=\u00bbgcid-primary-color\u00bb header_font_size=\u00bb40px\u00bb header_3_font=\u00bb&#8211;et_global_body_font|700|||||||\u00bb header_3_text_align=\u00bbright\u00bb header_3_text_color=\u00bbgcid-primary-color\u00bb text_orientation=\u00bbright\u00bb custom_padding=\u00bb||0px|||\u00bb custom_css_main_element=\u00bbtext-transform: uppercase\u00bb global_colors_info=\u00bb{%22gcid-primary-color%22:%91%22header_text_color%22,%22header_3_text_color%22,%22text_text_color%22,%22header_text_color%22,%22header_3_text_color%22%93}\u00bb]<\/p>\n<h1>Piluca osaba<\/h1>\n<h3><span>Located in the HEART OF the old Town of palma<\/span><\/h3>\n<p>[\/et_pb_text][et_pb_text _builder_version=\u00bb4.27.5&#8243; _module_preset=\u00bbdefault\u00bb text_font=\u00bb|700|||||||\u00bb text_text_color=\u00bbgcid-primary-color\u00bb text_font_size=\u00bb16px\u00bb header_font=\u00bb&#8211;et_global_heading_font|700|||||||\u00bb header_text_align=\u00bbright\u00bb header_text_color=\u00bbgcid-primary-color\u00bb header_font_size=\u00bb60px\u00bb header_3_font=\u00bbppwoodland||||||||\u00bb header_3_text_align=\u00bbright\u00bb header_3_text_color=\u00bbgcid-primary-color\u00bb header_3_font_size=\u00bb40px\u00bb text_orientation=\u00bbright\u00bb custom_padding=\u00bb20px||20px||true|false\u00bb global_colors_info=\u00bb{%22gcid-primary-color%22:%91%22header_text_color%22,%22header_3_text_color%22,%22text_text_color%22,%22header_text_color%22,%22header_3_text_color%22,%22header_text_color%22,%22header_text_color%22,%22header_text_color%22,%22header_3_text_color%22,%22text_text_color%22,%22header_text_color%22,%22header_3_text_color%22,%22header_text_color%22,%22header_text_color%22%93}\u00bb]<\/p>\n<p><span>We have loved to shop at this eclectic boutique over the years, located in the old town of Palma, on\u00a0<\/span><span class=\"w8qArf\"><\/span><span class=\"LrzXr\">San Nicol\u00e1s, 16, just m<\/span><span>inutes from the magnificent Cathedral. Piluca, the store owner, curates a wonderful collection of clothes and accessories from far-reaching corners of the world.<\/span><\/p>\n<p>[\/et_pb_text][et_pb_button button_url=\u00bbhttps:\/\/pilucaosaba.com\/\u00bb url_new_window=\u00bbon\u00bb button_text=\u00bbView website\u00bb button_alignment=\u00bbright\u00bb _builder_version=\u00bb4.27.5&#8243; _module_preset=\u00bbdefault\u00bb custom_button=\u00bbon\u00bb button_text_size=\u00bb16px\u00bb button_font=\u00bb|700|||||||\u00bb button_use_icon=\u00bboff\u00bb custom_margin=\u00bb||||false|false\u00bb custom_margin_tablet=\u00bb||2%||false|false\u00bb custom_margin_phone=\u00bb||4%||false|false\u00bb custom_margin_last_edited=\u00bbon|desktop\u00bb global_colors_info=\u00bb{%22gcid-primary-color%22:%91%22button_bg_color__hover%22,%22button_bg_color__hover%22,%22button_bg_color__hover%22,%22button_bg_color__hover%22,%22button_bg_color__hover%22,%22button_bg_color__hover%22%93}\u00bb button_bg_color__hover_enabled=\u00bbon|hover\u00bb button_bg_color__hover=\u00bb#1c2d59&#8243; button_bg_enable_color__hover=\u00bbon\u00bb button_text_color__hover_enabled=\u00bbon|hover\u00bb button_text_color__hover=\u00bb#FFFFFF\u00bb][\/et_pb_button][\/et_pb_column][et_pb_column type=\u00bb1_2&#8243; _builder_version=\u00bb4.27.5&#8243; _module_preset=\u00bbdefault\u00bb global_colors_info=\u00bb{}\u00bb][et_pb_text _builder_version=\u00bb4.27.5&#8243; _module_preset=\u00bbdefault\u00bb background_image=\u00bbhttps:\/\/theroamingstones.com\/wp-content\/uploads\/2026\/04\/pilucaOsaba-FB-Page.jpg\u00bb height=\u00bb400px\u00bb locked=\u00bboff\u00bb global_colors_info=\u00bb{}\u00bb][\/et_pb_text][et_pb_text _builder_version=\u00bb4.27.5&#8243; _module_preset=\u00bbdefault\u00bb text_font_size=\u00bb12px\u00bb custom_margin=\u00bb-11px|||||\u00bb locked=\u00bboff\u00bb global_colors_info=\u00bb{}\u00bb]<\/p>\n<p><em>Image from Piluca Osaba\u2019s official website<\/em><\/p>\n<p>[\/et_pb_text][\/et_pb_column][\/et_pb_row][\/et_pb_section][et_pb_section fb_built=\u00bb1&#8243; disabled_on=\u00bbon|on|on\u00bb module_id=\u00bbimpact\u00bb _builder_version=\u00bb4.27.5&#8243; _module_preset=\u00bbdefault\u00bb background_color=\u00bbgcid-8854a55c-83cf-40c4-87a4-6eaddb37a687&#8243; custom_padding=\u00bb0px||0px|||\u00bb disabled=\u00bbon\u00bb locked=\u00bboff\u00bb global_colors_info=\u00bb{%22gcid-8854a55c-83cf-40c4-87a4-6eaddb37a687%22:%91%22background_color%22%93}\u00bb][et_pb_row column_structure=\u00bb1_4,3_4&#8243; use_custom_gutter=\u00bbon\u00bb gutter_width=\u00bb2&#8243; make_equal=\u00bbon\u00bb _builder_version=\u00bb4.27.5&#8243; _module_preset=\u00bbdefault\u00bb background_enable_color=\u00bboff\u00bb custom_padding=\u00bb||||false|true\u00bb custom_css_main_element=\u00bbalign-items: center;\u00bb border_color_bottom=\u00bbgcid-primary-color\u00bb global_colors_info=\u00bb{%22gcid-primary-color%22:%91%22border_color_bottom%22,%22border_color_bottom%22,%22border_color_bottom%22%93,%22gcid-8854a55c-83cf-40c4-87a4-6eaddb37a687%22:%91%22background_color%22,%22background_color%22%93}\u00bb][et_pb_column type=\u00bb1_4&#8243; _builder_version=\u00bb4.27.5&#8243; _module_preset=\u00bbdefault\u00bb custom_padding=\u00bb|3%||3%|false|true\u00bb global_colors_info=\u00bb{}\u00bb][et_pb_image src=\u00bbhttps:\/\/theroamingstones.com\/wp-content\/uploads\/2026\/02\/logo_impact.png\u00bb title_text=\u00bblogo_impact\u00bb align=\u00bbcenter\u00bb _builder_version=\u00bb4.27.5&#8243; _module_preset=\u00bbdefault\u00bb global_colors_info=\u00bb{}\u00bb][\/et_pb_image][\/et_pb_column][et_pb_column type=\u00bb3_4&#8243; _builder_version=\u00bb4.27.5&#8243; _module_preset=\u00bbdefault\u00bb custom_padding=\u00bb|3%||3%|false|true\u00bb global_colors_info=\u00bb{}\u00bb][et_pb_text _builder_version=\u00bb4.27.5&#8243; _module_preset=\u00bbdefault\u00bb text_font_size=\u00bb18px\u00bb header_font=\u00bbppwoodland|700|||||||\u00bb header_text_align=\u00bbleft\u00bb header_text_color=\u00bb#FFFFFF\u00bb header_font_size=\u00bb60px\u00bb header_3_font=\u00bbppwoodland||||||||\u00bb header_3_text_align=\u00bbleft\u00bb header_3_text_color=\u00bb#FFFFFF\u00bb header_3_font_size=\u00bb40px\u00bb text_orientation=\u00bbright\u00bb custom_padding=\u00bb20px||||false|false\u00bb global_colors_info=\u00bb{}\u00bb]<\/p>\n<h1>Impact<\/h1>\n<p>[\/et_pb_text][\/et_pb_column][\/et_pb_row][\/et_pb_section][et_pb_section fb_built=\u00bb1&#8243; disabled_on=\u00bbon|on|on\u00bb _builder_version=\u00bb4.27.5&#8243; _module_preset=\u00bbdefault\u00bb disabled=\u00bbon\u00bb global_colors_info=\u00bb{}\u00bb][et_pb_row column_structure=\u00bb1_2,1_2&#8243; _builder_version=\u00bb4.27.5&#8243; _module_preset=\u00bbdefault\u00bb border_width_bottom=\u00bb1px\u00bb border_color_bottom=\u00bbgcid-8854a55c-83cf-40c4-87a4-6eaddb37a687&#8243; global_colors_info=\u00bb{%22gcid-8854a55c-83cf-40c4-87a4-6eaddb37a687%22:%91%22border_color_bottom%22%93}\u00bb][et_pb_column type=\u00bb1_2&#8243; _builder_version=\u00bb4.27.5&#8243; _module_preset=\u00bbdefault\u00bb global_colors_info=\u00bb{}\u00bb][et_pb_text _builder_version=\u00bb4.27.5&#8243; _module_preset=\u00bbdefault\u00bb text_font=\u00bb&#8211;et_global_body_font|700|||||||\u00bb text_text_color=\u00bbgcid-primary-color\u00bb text_font_size=\u00bb22px\u00bb header_font=\u00bb|700|||||||\u00bb header_text_align=\u00bbright\u00bb header_text_color=\u00bbgcid-primary-color\u00bb header_font_size=\u00bb40px\u00bb header_3_font=\u00bb&#8211;et_global_body_font|700|||||||\u00bb header_3_text_align=\u00bbright\u00bb header_3_text_color=\u00bbgcid-primary-color\u00bb text_orientation=\u00bbright\u00bb custom_padding=\u00bb||0px|||\u00bb custom_css_main_element=\u00bbtext-transform: uppercase\u00bb global_colors_info=\u00bb{%22gcid-primary-color%22:%91%22header_text_color%22,%22header_3_text_color%22,%22text_text_color%22,%22header_text_color%22,%22header_3_text_color%22%93}\u00bb]<\/p>\n<h1>IMPACT 1<\/h1>\n<h3>\u00a0Something about the PLACE<\/h3>\n<p>[\/et_pb_text][et_pb_text _builder_version=\u00bb4.27.5&#8243; _module_preset=\u00bbdefault\u00bb text_font=\u00bb|700|||||||\u00bb text_text_color=\u00bbgcid-primary-color\u00bb text_font_size=\u00bb16px\u00bb header_font=\u00bb&#8211;et_global_heading_font|700|||||||\u00bb header_text_align=\u00bbright\u00bb header_text_color=\u00bbgcid-primary-color\u00bb header_font_size=\u00bb60px\u00bb header_3_font=\u00bbppwoodland||||||||\u00bb header_3_text_align=\u00bbright\u00bb header_3_text_color=\u00bbgcid-primary-color\u00bb header_3_font_size=\u00bb40px\u00bb text_orientation=\u00bbright\u00bb custom_padding=\u00bb20px||20px||true|false\u00bb global_colors_info=\u00bb{%22gcid-primary-color%22:%91%22header_text_color%22,%22header_3_text_color%22,%22text_text_color%22,%22header_text_color%22,%22header_3_text_color%22,%22header_text_color%22,%22header_text_color%22%93}\u00bb]WRITE SOMETHING ABOUT THE PLACE\/PLACES YOU ARE RECOMENDING<br \/>\n[\/et_pb_text][et_pb_button button_url=\u00bb#\u00bb url_new_window=\u00bbon\u00bb button_text=\u00bbView website\u00bb button_alignment=\u00bbright\u00bb _builder_version=\u00bb4.27.5&#8243; _module_preset=\u00bbdefault\u00bb custom_button=\u00bbon\u00bb button_text_size=\u00bb16px\u00bb button_font=\u00bb|700|||||||\u00bb button_use_icon=\u00bboff\u00bb custom_margin=\u00bb||||false|false\u00bb custom_margin_tablet=\u00bb||2%||false|false\u00bb custom_margin_phone=\u00bb||4%||false|false\u00bb custom_margin_last_edited=\u00bbon|desktop\u00bb global_colors_info=\u00bb{%22gcid-primary-color%22:%91%22button_bg_color__hover%22,%22button_bg_color__hover%22,%22button_bg_color__hover%22,%22button_bg_color__hover%22,%22button_bg_color__hover%22,%22button_bg_color__hover%22%93}\u00bb button_bg_color__hover_enabled=\u00bbon|hover\u00bb button_bg_color__hover=\u00bb#1c2d59&#8243; button_bg_enable_color__hover=\u00bbon\u00bb button_text_color__hover_enabled=\u00bbon|hover\u00bb button_text_color__hover=\u00bb#FFFFFF\u00bb][\/et_pb_button][\/et_pb_column][et_pb_column type=\u00bb1_2&#8243; _builder_version=\u00bb4.27.5&#8243; _module_preset=\u00bbdefault\u00bb global_colors_info=\u00bb{}\u00bb][et_pb_text _builder_version=\u00bb4.27.5&#8243; _module_preset=\u00bbdefault\u00bb background_image=\u00bbhttps:\/\/theroamingstones.com\/wp-content\/uploads\/2026\/02\/Captura-de-pantalla-2026-02-13-a-las-13.25.14.png\u00bb height=\u00bb400px\u00bb locked=\u00bboff\u00bb global_colors_info=\u00bb{}\u00bb][\/et_pb_text][et_pb_text _builder_version=\u00bb4.27.5&#8243; _module_preset=\u00bbdefault\u00bb text_font_size=\u00bb12px\u00bb custom_margin=\u00bb-11px|||||\u00bb locked=\u00bboff\u00bb global_colors_info=\u00bb{}\u00bb]<em><i>Image from &#8230;<\/i><\/em><br \/>\n[\/et_pb_text][\/et_pb_column][\/et_pb_row][\/et_pb_section][et_pb_section fb_built=\u00bb1&#8243; _builder_version=\u00bb4.27.5&#8243; _module_preset=\u00bbdefault\u00bb background_color=\u00bbgcid-04193499-ca86-45f6-9887-92860cc82655&#8243; custom_padding=\u00bb0px||0px|||\u00bb locked=\u00bboff\u00bb global_colors_info=\u00bb{%22gcid-04193499-ca86-45f6-9887-92860cc82655%22:%91%22background_color%22%93}\u00bb][et_pb_row _builder_version=\u00bb4.27.5&#8243; _module_preset=\u00bbdefault\u00bb global_colors_info=\u00bb{}\u00bb][et_pb_column type=\u00bb4_4&#8243; _builder_version=\u00bb4.27.5&#8243; _module_preset=\u00bbdefault\u00bb global_colors_info=\u00bb{}\u00bb][et_pb_text _builder_version=\u00bb4.27.5&#8243; _module_preset=\u00bbdefault\u00bb text_text_color=\u00bb#FFFFFF\u00bb header_font=\u00bbexcalibur nouveau||||||||\u00bb header_text_align=\u00bbcenter\u00bb header_text_color=\u00bb#FFFFFF\u00bb header_font_size=\u00bb40px\u00bb custom_css_main_element=\u00bbtext-transform: uppercase\u00bb global_colors_info=\u00bb{}\u00bb]<\/p>\n<h1>Roam With Us<\/h1>\n<p>[\/et_pb_text][et_pb_social_media_follow _builder_version=\u00bb4.27.5&#8243; _module_preset=\u00bbdefault\u00bb text_orientation=\u00bbcenter\u00bb global_colors_info=\u00bb{}\u00bb][et_pb_social_media_follow_network social_network=\u00bbinstagram\u00bb url=\u00bbhttps:\/\/www.instagram.com\/roaming.stones\/\u00bb icon_color=\u00bb#FFFFFF\u00bb use_icon_font_size=\u00bbon\u00bb icon_font_size=\u00bb37px\u00bb _builder_version=\u00bb4.27.5&#8243; _module_preset=\u00bbdefault\u00bb background_color=\u00bbgcid-04193499-ca86-45f6-9887-92860cc82655&#8243; background_enable_color=\u00bbon\u00bb custom_button=\u00bbon\u00bb global_colors_info=\u00bb{%22gcid-04193499-ca86-45f6-9887-92860cc82655%22:%91%22background_color%22%93}\u00bb follow_button=\u00bboff\u00bb url_new_window=\u00bbon\u00bb]instagram[\/et_pb_social_media_follow_network][\/et_pb_social_media_follow][et_pb_text _builder_version=\u00bb4.27.5&#8243; _module_preset=\u00bbdefault\u00bb text_font=\u00bbppwoodland||||||||\u00bb text_text_color=\u00bb#FFFFFF\u00bb link_font=\u00bbppwoodland|700|||||||\u00bb link_text_color=\u00bb#FFFFFF\u00bb header_font=\u00bbAveria Gruesa Libre||||||||\u00bb header_text_align=\u00bbcenter\u00bb header_text_color=\u00bbgcid-primary-color\u00bb header_font_size=\u00bb60px\u00bb header_4_font=\u00bbAveria Gruesa Libre||||||||\u00bb header_4_text_align=\u00bbcenter\u00bb header_4_text_color=\u00bbgcid-primary-color\u00bb global_colors_info=\u00bb{%22gcid-primary-color%22:%91%22header_text_color%22,%22header_4_text_color%22%93}\u00bb]<\/p>\n<h4><a href=\"mailto:%20info@theroamingstones.com\">Info@theroamingstones.com<\/a><\/h4>\n<p>[\/et_pb_text][\/et_pb_column][\/et_pb_row][\/et_pb_section]<\/p>\n","protected":false},"excerpt":{"rendered":"<p>The Roaming Stones have been summering in Mallorca for 20 years. From the majestic Tramuntana mountain range, to the stunning coves and olive groves, not to mention the latest design hotspot of Palma, this island is truly special and has so much to offer. Mallorca takes a little time and focus to figure out and [&hellip;]<\/p>\n","protected":false},"author":1,"featured_media":1087,"comment_status":"closed","ping_status":"closed","template":"","meta":{"_et_pb_use_builder":"on","_et_pb_old_content":"","_et_gb_content_width":"","footnotes":""},"project_category":[44],"project_tag":[],"class_list":["post-1086","project","type-project","status-publish","has-post-thumbnail","hentry","project_category-spain"],"_links":{"self":[{"href":"https:\/\/theroamingstones.com\/index.php?rest_route=\/wp\/v2\/project\/1086","targetHints":{"allow":["GET"]}}],"collection":[{"href":"https:\/\/theroamingstones.com\/index.php?rest_route=\/wp\/v2\/project"}],"about":[{"href":"https:\/\/theroamingstones.com\/index.php?rest_route=\/wp\/v2\/types\/project"}],"author":[{"embeddable":true,"href":"https:\/\/theroamingstones.com\/index.php?rest_route=\/wp\/v2\/users\/1"}],"replies":[{"embeddable":true,"href":"https:\/\/theroamingstones.com\/index.php?rest_route=%2Fwp%2Fv2%2Fcomments&post=1086"}],"version-history":[{"count":29,"href":"https:\/\/theroamingstones.com\/index.php?rest_route=\/wp\/v2\/project\/1086\/revisions"}],"predecessor-version":[{"id":1646,"href":"https:\/\/theroamingstones.com\/index.php?rest_route=\/wp\/v2\/project\/1086\/revisions\/1646"}],"wp:featuredmedia":[{"embeddable":true,"href":"https:\/\/theroamingstones.com\/index.php?rest_route=\/wp\/v2\/media\/1087"}],"wp:attachment":[{"href":"https:\/\/theroamingstones.com\/index.php?rest_route=%2Fwp%2Fv2%2Fmedia&parent=1086"}],"wp:term":[{"taxonomy":"project_category","embeddable":true,"href":"https:\/\/theroamingstones.com\/index.php?rest_route=%2Fwp%2Fv2%2Fproject_category&post=1086"},{"taxonomy":"project_tag","embeddable":true,"href":"https:\/\/theroamingstones.com\/index.php?rest_route=%2Fwp%2Fv2%2Fproject_tag&post=1086"}],"curies":[{"name":"wp","href":"https:\/\/api.w.org\/{rel}","templated":true}]}}